{"id":110,"date":"2025-01-28T14:25:19","date_gmt":"2025-01-28T14:25:19","guid":{"rendered":"https:\/\/outletmeblowyrawa.pl\/?page_id=110"},"modified":"2025-01-31T10:02:23","modified_gmt":"2025-01-31T10:02:23","slug":"meble-outlet-rawa-mazowiecka","status":"publish","type":"page","link":"https:\/\/outletmeblowyrawa.pl\/index.php\/meble-outlet-rawa-mazowiecka\/","title":{"rendered":"Ca\u0142y Asortyment"},"content":{"rendered":"\n<style id=\"bwg-style-0\">    #bwg_container1_0 #bwg_container2_0 .bwg-container-0.bwg-standard-thumbnails {      width: 3204px;              justify-content: center;        margin:0 auto !important;              background-color: rgba(255, 255, 255, 0.00);            padding-left: 4px;      padding-top: 4px;      max-width: 100%;            }        #bwg_container1_0 #bwg_container2_0 .bwg-container-0.bwg-standard-thumbnails .bwg-item {    justify-content: flex-start;      max-width: 640px;          }    #bwg_container1_0 #bwg_container2_0 .bwg-container-0.bwg-standard-thumbnails .bwg-item a {       margin-right: 4px;       margin-bottom: 4px;    }    #bwg_container1_0 #bwg_container2_0 .bwg-container-0.bwg-standard-thumbnails .bwg-item0 {      padding: 0px;            background-color:rgba(0,0,0, 0.30);      border: 0px none #CCCCCC;      opacity: 1.00;      border-radius: 0;      box-shadow: ;    }    #bwg_container1_0 #bwg_container2_0 .bwg-container-0.bwg-standard-thumbnails .bwg-item1 img {      max-height: none;      max-width: none;      padding: 0 !important;    }         @media only screen and (min-width: 480px) {\t\t#bwg_container1_0 #bwg_container2_0 .bwg-container-0.bwg-standard-thumbnails .bwg-item1 img {\t\t\t-webkit-transition: all .3s; transition: all .3s;\t\t}\t\t#bwg_container1_0 #bwg_container2_0 .bwg-container-0.bwg-standard-thumbnails .bwg-item1 img:hover {\t\t\t-ms-transform: scale(1.08);\t\t\t-webkit-transform: scale(1.08);\t\t\ttransform: scale(1.08);\t\t}\t\t      }\t    #bwg_container1_0 #bwg_container2_0 .bwg-container-0.bwg-standard-thumbnails .bwg-item1 {      padding-top: 100%;    }        #bwg_container1_0 #bwg_container2_0 .bwg-container-0.bwg-standard-thumbnails .bwg-title2,    #bwg_container1_0 #bwg_container2_0 .bwg-container-0.bwg-standard-thumbnails .bwg-ecommerce2 {      color: #323A45;      font-family: Ubuntu;      font-size: 16px;      font-weight: bold;      padding: 2px;      text-shadow: ;      max-height: 100%;    }    #bwg_container1_0 #bwg_container2_0 .bwg-container-0.bwg-standard-thumbnails .bwg-thumb-description span {    color: #323A45;    font-family: Ubuntu;    font-size: 12px;    max-height: 100%;    word-wrap: break-word;    }    #bwg_container1_0 #bwg_container2_0 .bwg-container-0.bwg-standard-thumbnails .bwg-play-icon2 {      font-size: 32px;    }    #bwg_container1_0 #bwg_container2_0 .bwg-container-0.bwg-standard-thumbnails .bwg-ecommerce2 {      font-size: 19.2px;      color: #323A45;    }    <\/style>    <div id=\"bwg_container1_0\"         class=\"bwg_container bwg_thumbnail bwg_thumbnails \"         data-right-click-protection=\"0\"         data-bwg=\"0\"         data-scroll=\"0\"         data-gallery-type=\"thumbnails\"         data-gallery-view-type=\"thumbnails\"         data-current-url=\"\/index.php\/wp-json\/wp\/v2\/pages\/110\"         data-lightbox-url=\"https:\/\/outletmeblowyrawa.pl\/wp-admin\/admin-ajax.php?action=GalleryBox&#038;current_view=0&#038;gallery_id=0&#038;tag=0&#038;theme_id=1&#038;shortcode_id=10&#038;sort_by=order&#038;order_by=asc&#038;current_url=%2Findex.php%2Fwp-json%2Fwp%2Fv2%2Fpages%2F110\"         data-gallery-id=\"0\"         data-popup-width=\"800\"         data-popup-height=\"500\"         data-is-album=\"gallery\"         data-buttons-position=\"bottom\">      <div id=\"bwg_container2_0\">             <div id=\"ajax_loading_0\" class=\"bwg_loading_div_1\">      <div class=\"bwg_loading_div_2\">        <div class=\"bwg_loading_div_3\">          <div id=\"loading_div_0\" class=\"bwg_spider_ajax_loading\">          <\/div>        <\/div>      <\/div>    <\/div>            <form id=\"gal_front_form_0\"              class=\"bwg-hidden\"              method=\"post\"              action=\"#\"              data-current=\"0\"              data-shortcode-id=\"10\"              data-gallery-type=\"thumbnails\"              data-gallery-id=\"0\"              data-tag=\"0\"              data-album-id=\"0\"              data-theme-id=\"1\"              data-ajax-url=\"https:\/\/outletmeblowyrawa.pl\/wp-admin\/admin-ajax.php?action=bwg_frontend_data\">          <div id=\"bwg_container3_0\" class=\"bwg-background bwg-background-0\">                <div data-max-count=\"5\"         data-thumbnail-width=\"640\"         data-bwg=\"0\"         data-gallery-id=\"0\"         data-lightbox-url=\"https:\/\/outletmeblowyrawa.pl\/wp-admin\/admin-ajax.php?action=GalleryBox&amp;current_view=0&amp;gallery_id=0&amp;tag=0&amp;theme_id=1&amp;shortcode_id=10&amp;sort_by=order&amp;order_by=asc&amp;current_url=%2Findex.php%2Fwp-json%2Fwp%2Fv2%2Fpages%2F110\"         id=\"bwg_thumbnails_0\"         class=\"bwg-container-0 bwg-thumbnails bwg-standard-thumbnails bwg-container bwg-border-box\">            <div class=\"bwg-item\">        <a class=\"bwg-a  bwg_lightbox\"  data-image-id=\"128\" href=\"https:\/\/outletmeblowyrawa.pl\/wp-content\/uploads\/photo-gallery\/277730f5-b2e9-4fae-ba1c-c114f8fe9095.jpg?bwg=1762597046\" data-elementor-open-lightbox=\"no\">                <div class=\"bwg-item0 \">          <div class=\"bwg-item1 \">            <div class=\"bwg-item2\">              <img decoding=\"async\" class=\"skip-lazy bwg_standart_thumb_img_0 \"                   data-id=\"128\"                   data-width=\"419.00\"                   data-height=\"800.00\"                   data-src=\"https:\/\/outletmeblowyrawa.pl\/wp-content\/uploads\/photo-gallery\/thumb\/277730f5-b2e9-4fae-ba1c-c114f8fe9095.jpg?bwg=1762597046\"                   src=\"https:\/\/outletmeblowyrawa.pl\/wp-content\/uploads\/photo-gallery\/thumb\/277730f5-b2e9-4fae-ba1c-c114f8fe9095.jpg?bwg=1762597046\"                   alt=\"\"                   title=\"\" \/>            <\/div>            <div class=\"\">                                                      <\/div>          <\/div>        <\/div>                        <\/a>        <div class=\"bwg-thumb-description bwg_thumb_description_0\"><span>CENA:600Z\u0141<br \/>WYMIARY:<br \/>G\u0142\u0119boko\u015b\u0107: 50 cm<br \/>Szeroko\u015b\u0107: 90 cm<br \/>Wysoko\u015b\u0107: 180 cm<br \/><\/span><\/div>      <\/div>            <div class=\"bwg-item\">        <a class=\"bwg-a  bwg_lightbox\"  data-image-id=\"132\" href=\"https:\/\/outletmeblowyrawa.pl\/wp-content\/uploads\/photo-gallery\/7f61d2f5-01f9-4951-97a2-62a8ff46e38a.jpg?bwg=1762597503\" data-elementor-open-lightbox=\"no\">                <div class=\"bwg-item0 \">          <div class=\"bwg-item1 \">            <div class=\"bwg-item2\">              <img decoding=\"async\" class=\"skip-lazy bwg_standart_thumb_img_0 \"                   data-id=\"132\"                   data-width=\"702\"                   data-height=\"1149\"                   data-src=\"https:\/\/outletmeblowyrawa.pl\/wp-content\/uploads\/photo-gallery\/thumb\/7f61d2f5-01f9-4951-97a2-62a8ff46e38a.jpg?bwg=1762597503\"                   src=\"https:\/\/outletmeblowyrawa.pl\/wp-content\/uploads\/photo-gallery\/thumb\/7f61d2f5-01f9-4951-97a2-62a8ff46e38a.jpg?bwg=1762597503\"                   alt=\"\"                   title=\"\" \/>            <\/div>            <div class=\"\">                                                      <\/div>          <\/div>        <\/div>                        <\/a>        <div class=\"bwg-thumb-description bwg_thumb_description_0\"><span>CENA:280Z\u0141<br \/>WYMIARY:<br \/>G\u0142\u0119boko\u015b\u0107: 40 cm<br \/>Szeroko\u015b\u0107: 50 cm<br \/>Wysoko\u015b\u0107: 119 cm<br \/><\/span><\/div>      <\/div>            <div class=\"bwg-item\">        <a class=\"bwg-a  bwg_lightbox\"  data-image-id=\"135\" href=\"https:\/\/outletmeblowyrawa.pl\/wp-content\/uploads\/photo-gallery\/620e547d-fa8c-40b1-8537-daab28ab6f03.jpg?bwg=1768556839\" data-elementor-open-lightbox=\"no\">                <div class=\"bwg-item0 \">          <div class=\"bwg-item1 \">            <div class=\"bwg-item2\">              <img decoding=\"async\" class=\"skip-lazy bwg_standart_thumb_img_0 \"                   data-id=\"135\"                   data-width=\"1200.00\"                   data-height=\"694.00\"                   data-src=\"https:\/\/outletmeblowyrawa.pl\/wp-content\/uploads\/photo-gallery\/thumb\/620e547d-fa8c-40b1-8537-daab28ab6f03.jpg?bwg=1768556839\"                   src=\"https:\/\/outletmeblowyrawa.pl\/wp-content\/uploads\/photo-gallery\/thumb\/620e547d-fa8c-40b1-8537-daab28ab6f03.jpg?bwg=1768556839\"                   alt=\"\"                   title=\"\" \/>            <\/div>            <div class=\"\">                                                      <\/div>          <\/div>        <\/div>                        <\/a>        <div class=\"bwg-thumb-description bwg_thumb_description_0\"><span>CENA:350Z\u0141<br \/>WYMIARY BIURKA:<br \/>G\u0142\u0119boko\u015b\u0107: 50 cm<br \/>Szeroko\u015b\u0107: 120 cm<br \/>Wysoko\u015b\u0107: 76 cm<br \/><br \/>WYMIARY KOMODY:<br \/>G\u0142\u0119boko\u015b\u0107: 30 cm<br \/>Szeroko\u015b\u0107: 120 cm<br \/>Wysoko\u015b\u0107: 75 cm<br \/><\/span><\/div>      <\/div>            <div class=\"bwg-item\">        <a class=\"bwg-a  bwg_lightbox\"  data-image-id=\"126\" href=\"https:\/\/outletmeblowyrawa.pl\/wp-content\/uploads\/photo-gallery\/m6-140-biel-1.jpg?bwg=1762595679\" data-elementor-open-lightbox=\"no\">                <div class=\"bwg-item0 \">          <div class=\"bwg-item1 \">            <div class=\"bwg-item2\">              <img decoding=\"async\" class=\"skip-lazy bwg_standart_thumb_img_0 \"                   data-id=\"126\"                   data-width=\"800.00\"                   data-height=\"450.00\"                   data-src=\"https:\/\/outletmeblowyrawa.pl\/wp-content\/uploads\/photo-gallery\/thumb\/m6-140-biel-1.jpg?bwg=1762595679\"                   src=\"https:\/\/outletmeblowyrawa.pl\/wp-content\/uploads\/photo-gallery\/thumb\/m6-140-biel-1.jpg?bwg=1762595679\"                   alt=\"\"                   title=\"\" \/>            <\/div>            <div class=\"\">                                                      <\/div>          <\/div>        <\/div>                        <\/a>        <div class=\"bwg-thumb-description bwg_thumb_description_0\"><span>CENA:380Z\u0141<br \/>WYMIARY:<br \/>G\u0142\u0119boko\u015b\u0107: 40 cm<br \/>Szeroko\u015b\u0107: 138 cm<br \/>Wysoko\u015b\u0107: 75 cm<\/span><\/div>      <\/div>            <div class=\"bwg-item\">        <a class=\"bwg-a  bwg_lightbox\"  data-image-id=\"129\" href=\"https:\/\/outletmeblowyrawa.pl\/wp-content\/uploads\/photo-gallery\/6453287a-7e50-4710-80f1-34418a598322.jpg?bwg=1762597046\" data-elementor-open-lightbox=\"no\">                <div class=\"bwg-item0 \">          <div class=\"bwg-item1 \">            <div class=\"bwg-item2\">              <img decoding=\"async\" class=\"skip-lazy bwg_standart_thumb_img_0 \"                   data-id=\"129\"                   data-width=\"351.00\"                   data-height=\"800.00\"                   data-src=\"https:\/\/outletmeblowyrawa.pl\/wp-content\/uploads\/photo-gallery\/thumb\/6453287a-7e50-4710-80f1-34418a598322.jpg?bwg=1762597046\"                   src=\"https:\/\/outletmeblowyrawa.pl\/wp-content\/uploads\/photo-gallery\/thumb\/6453287a-7e50-4710-80f1-34418a598322.jpg?bwg=1762597046\"                   alt=\"6453287a-7e50-4710-80f1-34418a598322\"                   title=\"6453287a-7e50-4710-80f1-34418a598322\" \/>            <\/div>            <div class=\"\">                                                      <\/div>          <\/div>        <\/div>                        <\/a>        <div class=\"bwg-thumb-description bwg_thumb_description_0\"><span>CENA:550Z\u0141<br \/>WYMIARY:<br \/>G\u0142\u0119boko\u015b\u0107: 50 cm<br \/>Szeroko\u015b\u0107: 90 cm<br \/>Wysoko\u015b\u0107: 180 cm<\/span><\/div>      <\/div>            <div class=\"bwg-item\">        <a class=\"bwg-a  bwg_lightbox\"  data-image-id=\"133\" href=\"https:\/\/outletmeblowyrawa.pl\/wp-content\/uploads\/photo-gallery\/be6e0963-b990-4586-85a0-e468a44cef13.jpg?bwg=1762601367\" data-elementor-open-lightbox=\"no\">                <div class=\"bwg-item0 \">          <div class=\"bwg-item1 \">            <div class=\"bwg-item2\">              <img decoding=\"async\" class=\"skip-lazy bwg_standart_thumb_img_0 \"                   data-id=\"133\"                   data-width=\"648.00\"                   data-height=\"800.00\"                   data-src=\"https:\/\/outletmeblowyrawa.pl\/wp-content\/uploads\/photo-gallery\/thumb\/be6e0963-b990-4586-85a0-e468a44cef13.jpg?bwg=1762601367\"                   src=\"https:\/\/outletmeblowyrawa.pl\/wp-content\/uploads\/photo-gallery\/thumb\/be6e0963-b990-4586-85a0-e468a44cef13.jpg?bwg=1762601367\"                   alt=\"\"                   title=\"\" \/>            <\/div>            <div class=\"\">                                                      <\/div>          <\/div>        <\/div>                        <\/a>        <div class=\"bwg-thumb-description bwg_thumb_description_0\"><span>CENA:470Z\u0141<br \/>WYMIARY BIURKA<br \/>G\u0142\u0119boko\u015b\u0107: 51 cm<br \/>Szeroko\u015b\u0107: 130 cm<br \/>Wysoko\u015b\u0107: 76 cm<br \/>WYMIARY NADSTAWKI<br \/>Szeroko\u015b\u0107: 128 cm<br \/>Wysoko\u015b\u0107: 70 cm<br \/>G\u0142\u0119boko\u015b\u0107: 18 cm<\/span><\/div>      <\/div>            <div class=\"bwg-item\">        <a class=\"bwg-a  bwg_lightbox\"  data-image-id=\"99\" href=\"https:\/\/outletmeblowyrawa.pl\/wp-content\/uploads\/photo-gallery\/m5-czern.jpg?bwg=1750673764\" data-elementor-open-lightbox=\"no\">                <div class=\"bwg-item0 \">          <div class=\"bwg-item1 \">            <div class=\"bwg-item2\">              <img decoding=\"async\" class=\"skip-lazy bwg_standart_thumb_img_0 \"                   data-id=\"99\"                   data-width=\"600.00\"                   data-height=\"800.00\"                   data-src=\"https:\/\/outletmeblowyrawa.pl\/wp-content\/uploads\/photo-gallery\/thumb\/m5-czern.jpg?bwg=1750673764\"                   src=\"https:\/\/outletmeblowyrawa.pl\/wp-content\/uploads\/photo-gallery\/thumb\/m5-czern.jpg?bwg=1750673764\"                   alt=\"\"                   title=\"\" \/>            <\/div>            <div class=\"\">                                                      <\/div>          <\/div>        <\/div>                        <\/a>        <div class=\"bwg-thumb-description bwg_thumb_description_0\"><span>CENA 300Z\u0141<br \/>WYMIARY:<br \/>G\u0142\u0119boko\u015b\u0107: 40 cm<br \/>Szeroko\u015b\u0107: 70 cm<br \/>Wysoko\u015b\u0107: 109,5 cm<\/span><\/div>      <\/div>            <div class=\"bwg-item\">        <a class=\"bwg-a  bwg_lightbox\"  data-image-id=\"112\" href=\"https:\/\/outletmeblowyrawa.pl\/wp-content\/uploads\/photo-gallery\/ss90-dab-wotan.jpg?bwg=1750674548\" data-elementor-open-lightbox=\"no\">                <div class=\"bwg-item0 \">          <div class=\"bwg-item1 \">            <div class=\"bwg-item2\">              <img decoding=\"async\" class=\"skip-lazy bwg_standart_thumb_img_0 \"                   data-id=\"112\"                   data-width=\"600.00\"                   data-height=\"800.00\"                   data-src=\"https:\/\/outletmeblowyrawa.pl\/wp-content\/uploads\/photo-gallery\/thumb\/ss90-dab-wotan.jpg?bwg=1750674548\"                   src=\"https:\/\/outletmeblowyrawa.pl\/wp-content\/uploads\/photo-gallery\/thumb\/ss90-dab-wotan.jpg?bwg=1750674548\"                   alt=\"\"                   title=\"\" \/>            <\/div>            <div class=\"\">                                                      <\/div>          <\/div>        <\/div>                        <\/a>        <div class=\"bwg-thumb-description bwg_thumb_description_0\"><span>CENA: 550Z\u0141<br \/>WYMIARY:<br \/>G\u0142\u0119boko\u015b\u0107: 50 cm<br \/>Szeroko\u015b\u0107: 90 cm<br \/>Wysoko\u015b\u0107: 180 cm<\/span><\/div>      <\/div>            <div class=\"bwg-item\">        <a class=\"bwg-a  bwg_lightbox\"  data-image-id=\"18\" href=\"https:\/\/outletmeblowyrawa.pl\/wp-content\/uploads\/photo-gallery\/biurka.jpg?bwg=1737992641\" data-elementor-open-lightbox=\"no\">                <div class=\"bwg-item0 \">          <div class=\"bwg-item1 \">            <div class=\"bwg-item2\">              <img decoding=\"async\" class=\"skip-lazy bwg_standart_thumb_img_0 \"                   data-id=\"18\"                   data-width=\"600.00\"                   data-height=\"800.00\"                   data-src=\"https:\/\/outletmeblowyrawa.pl\/wp-content\/uploads\/photo-gallery\/thumb\/biurka.jpg?bwg=1737992641\"                   src=\"https:\/\/outletmeblowyrawa.pl\/wp-content\/uploads\/photo-gallery\/thumb\/biurka.jpg?bwg=1737992641\"                   alt=\"\"                   title=\"\" \/>            <\/div>            <div class=\"\">                                                      <\/div>          <\/div>        <\/div>                        <\/a>        <div class=\"bwg-thumb-description bwg_thumb_description_0\"><span><\/span><\/div>      <\/div>            <div class=\"bwg-item\">        <a class=\"bwg-a  bwg_lightbox\"  data-image-id=\"100\" href=\"https:\/\/outletmeblowyrawa.pl\/wp-content\/uploads\/photo-gallery\/1d3s-ant-art.jpg?bwg=1750673764\" data-elementor-open-lightbox=\"no\">                <div class=\"bwg-item0 \">          <div class=\"bwg-item1 \">            <div class=\"bwg-item2\">              <img decoding=\"async\" class=\"skip-lazy bwg_standart_thumb_img_0 \"                   data-id=\"100\"                   data-width=\"600.00\"                   data-height=\"800.00\"                   data-src=\"https:\/\/outletmeblowyrawa.pl\/wp-content\/uploads\/photo-gallery\/thumb\/1d3s-ant-art.jpg?bwg=1750673764\"                   src=\"https:\/\/outletmeblowyrawa.pl\/wp-content\/uploads\/photo-gallery\/thumb\/1d3s-ant-art.jpg?bwg=1750673764\"                   alt=\"\"                   title=\"\" \/>            <\/div>            <div class=\"\">                                                      <\/div>          <\/div>        <\/div>                        <\/a>        <div class=\"bwg-thumb-description bwg_thumb_description_0\"><span>CENA:280Z\u0141<br \/>WYMIARY:<br \/>G\u0142\u0119boko\u015b\u0107: 40 cm<br \/>Szeroko\u015b\u0107: 80 cm<br \/>Wysoko\u015b\u0107: 75 cm<\/span><\/div>      <\/div>            <div class=\"bwg-item\">        <a class=\"bwg-a  bwg_lightbox\"  data-image-id=\"109\" href=\"https:\/\/outletmeblowyrawa.pl\/wp-content\/uploads\/photo-gallery\/sd90-biel-1.jpg?bwg=1750674548\" data-elementor-open-lightbox=\"no\">                <div class=\"bwg-item0 \">          <div class=\"bwg-item1 \">            <div class=\"bwg-item2\">              <img decoding=\"async\" class=\"skip-lazy bwg_standart_thumb_img_0 \"                   data-id=\"109\"                   data-width=\"450.00\"                   data-height=\"800.00\"                   data-src=\"https:\/\/outletmeblowyrawa.pl\/wp-content\/uploads\/photo-gallery\/thumb\/sd90-biel-1.jpg?bwg=1750674548\"                   src=\"https:\/\/outletmeblowyrawa.pl\/wp-content\/uploads\/photo-gallery\/thumb\/sd90-biel-1.jpg?bwg=1750674548\"                   alt=\"\"                   title=\"\" \/>            <\/div>            <div class=\"\">                                                      <\/div>          <\/div>        <\/div>                        <\/a>        <div class=\"bwg-thumb-description bwg_thumb_description_0\"><span>CENA: 500Z\u0141<br \/>WYMIARY:<br \/>G\u0142\u0119boko\u015b\u0107: 50 cm<br \/>Szeroko\u015b\u0107: 90 cm<br \/>Wysoko\u015b\u0107: 180 cm<\/span><\/div>      <\/div>            <div class=\"bwg-item\">        <a class=\"bwg-a  bwg_lightbox\"  data-image-id=\"121\" href=\"https:\/\/outletmeblowyrawa.pl\/wp-content\/uploads\/photo-gallery\/nocne.jpg?bwg=1750771837\" data-elementor-open-lightbox=\"no\">                <div class=\"bwg-item0 \">          <div class=\"bwg-item1 \">            <div class=\"bwg-item2\">              <img decoding=\"async\" class=\"skip-lazy bwg_standart_thumb_img_0 \"                   data-id=\"121\"                   data-width=\"800.00\"                   data-height=\"600.00\"                   data-src=\"https:\/\/outletmeblowyrawa.pl\/wp-content\/uploads\/photo-gallery\/thumb\/nocne.jpg?bwg=1750771837\"                   src=\"https:\/\/outletmeblowyrawa.pl\/wp-content\/uploads\/photo-gallery\/thumb\/nocne.jpg?bwg=1750771837\"                   alt=\"\"                   title=\"\" \/>            <\/div>            <div class=\"\">                                                      <\/div>          <\/div>        <\/div>                        <\/a>        <div class=\"bwg-thumb-description bwg_thumb_description_0\"><span><\/span><\/div>      <\/div>            <div class=\"bwg-item\">        <a class=\"bwg-a  bwg_lightbox\"  data-image-id=\"11\" href=\"https:\/\/outletmeblowyrawa.pl\/wp-content\/uploads\/photo-gallery\/ss-90-art-1.jpg?bwg=1737992561\" data-elementor-open-lightbox=\"no\">                <div class=\"bwg-item0 \">          <div class=\"bwg-item1 \">            <div class=\"bwg-item2\">              <img decoding=\"async\" class=\"skip-lazy bwg_standart_thumb_img_0 \"                   data-id=\"11\"                   data-width=\"600.00\"                   data-height=\"800.00\"                   data-src=\"https:\/\/outletmeblowyrawa.pl\/wp-content\/uploads\/photo-gallery\/thumb\/ss-90-art-1.jpg?bwg=1737992561\"                   src=\"https:\/\/outletmeblowyrawa.pl\/wp-content\/uploads\/photo-gallery\/thumb\/ss-90-art-1.jpg?bwg=1737992561\"                   alt=\"\"                   title=\"\" \/>            <\/div>            <div class=\"\">                                                      <\/div>          <\/div>        <\/div>                        <\/a>        <div class=\"bwg-thumb-description bwg_thumb_description_0\"><span>CENA: 550Z\u0141<br \/>WYMIARY:<br \/>G\u0142\u0119boko\u015b\u0107: 50 cm<br \/>Szeroko\u015b\u0107: 90 cm<br \/>Wysoko\u015b\u0107: 180 cm<\/span><\/div>      <\/div>            <div class=\"bwg-item\">        <a class=\"bwg-a  bwg_lightbox\"  data-image-id=\"80\" href=\"https:\/\/outletmeblowyrawa.pl\/wp-content\/uploads\/photo-gallery\/m1-czern.jpg?bwg=1742830152\" data-elementor-open-lightbox=\"no\">                <div class=\"bwg-item0 \">          <div class=\"bwg-item1 \">            <div class=\"bwg-item2\">              <img decoding=\"async\" class=\"skip-lazy bwg_standart_thumb_img_0 \"                   data-id=\"80\"                   data-width=\"450.00\"                   data-height=\"800.00\"                   data-src=\"https:\/\/outletmeblowyrawa.pl\/wp-content\/uploads\/photo-gallery\/thumb\/m1-czern.jpg?bwg=1742830152\"                   src=\"https:\/\/outletmeblowyrawa.pl\/wp-content\/uploads\/photo-gallery\/thumb\/m1-czern.jpg?bwg=1742830152\"                   alt=\"\"                   title=\"\" \/>            <\/div>            <div class=\"\">                                                      <\/div>          <\/div>        <\/div>                        <\/a>        <div class=\"bwg-thumb-description bwg_thumb_description_0\"><span>CENA:120Z\u0141<br \/>WYMIARY:<br \/>G\u0142\u0119boko\u015b\u0107: 32 cm<br \/>Szeroko\u015b\u0107: 40 cm<br \/>Wysoko\u015b\u0107: 59 cm<\/span><\/div>      <\/div>            <div class=\"bwg-item\">        <a class=\"bwg-a  bwg_lightbox\"  data-image-id=\"101\" href=\"https:\/\/outletmeblowyrawa.pl\/wp-content\/uploads\/photo-gallery\/m6-140-ant-art.jpg?bwg=1750673764\" data-elementor-open-lightbox=\"no\">                <div class=\"bwg-item0 \">          <div class=\"bwg-item1 \">            <div class=\"bwg-item2\">              <img decoding=\"async\" class=\"skip-lazy bwg_standart_thumb_img_0 \"                   data-id=\"101\"                   data-width=\"800.00\"                   data-height=\"600.00\"                   data-src=\"https:\/\/outletmeblowyrawa.pl\/wp-content\/uploads\/photo-gallery\/thumb\/m6-140-ant-art.jpg?bwg=1750673764\"                   src=\"https:\/\/outletmeblowyrawa.pl\/wp-content\/uploads\/photo-gallery\/thumb\/m6-140-ant-art.jpg?bwg=1750673764\"                   alt=\"\"                   title=\"\" \/>            <\/div>            <div class=\"\">                                                      <\/div>          <\/div>        <\/div>                        <\/a>        <div class=\"bwg-thumb-description bwg_thumb_description_0\"><span>CENA:380Z\u0141<br \/>WYMIARY:<br \/>G\u0142\u0119boko\u015b\u0107: 40 cm<br \/>Szeroko\u015b\u0107: 138 cm<br \/>Wysoko\u015b\u0107: 75 cm<\/span><\/div>      <\/div>            <div class=\"bwg-item\">        <a class=\"bwg-a  bwg_lightbox\"  data-image-id=\"123\" href=\"https:\/\/outletmeblowyrawa.pl\/wp-content\/uploads\/photo-gallery\/5f7aefe2-9619-4d6f-80a5-e3c6668a2ebb.jpg?bwg=1756123480\" data-elementor-open-lightbox=\"no\">                <div class=\"bwg-item0 \">          <div class=\"bwg-item1 \">            <div class=\"bwg-item2\">              <img decoding=\"async\" class=\"skip-lazy bwg_standart_thumb_img_0 \"                   data-id=\"123\"                   data-width=\"800.00\"                   data-height=\"450.00\"                   data-src=\"https:\/\/outletmeblowyrawa.pl\/wp-content\/uploads\/photo-gallery\/thumb\/5f7aefe2-9619-4d6f-80a5-e3c6668a2ebb.jpg?bwg=1756123480\"                   src=\"https:\/\/outletmeblowyrawa.pl\/wp-content\/uploads\/photo-gallery\/thumb\/5f7aefe2-9619-4d6f-80a5-e3c6668a2ebb.jpg?bwg=1756123480\"                   alt=\"\"                   title=\"\" \/>            <\/div>            <div class=\"\">                                                      <\/div>          <\/div>        <\/div>                        <\/a>        <div class=\"bwg-thumb-description bwg_thumb_description_0\"><span>SZEROKO\u015a\u0106:120CM<br \/>WYSYOKO\u015a\u0106:50CM<\/span><\/div>      <\/div>            <div class=\"bwg-item\">        <a class=\"bwg-a  bwg_lightbox\"  data-image-id=\"31\" href=\"https:\/\/outletmeblowyrawa.pl\/wp-content\/uploads\/photo-gallery\/474841380_940660244838548_4462517021161855672_n.jpg?bwg=1737992882\" data-elementor-open-lightbox=\"no\">                <div class=\"bwg-item0 \">          <div class=\"bwg-item1 \">            <div class=\"bwg-item2\">              <img decoding=\"async\" class=\"skip-lazy bwg_standart_thumb_img_0 \"                   data-id=\"31\"                   data-width=\"600.00\"                   data-height=\"800.00\"                   data-src=\"https:\/\/outletmeblowyrawa.pl\/wp-content\/uploads\/photo-gallery\/thumb\/474841380_940660244838548_4462517021161855672_n.jpg?bwg=1737992882\"                   src=\"https:\/\/outletmeblowyrawa.pl\/wp-content\/uploads\/photo-gallery\/thumb\/474841380_940660244838548_4462517021161855672_n.jpg?bwg=1737992882\"                   alt=\"\"                   title=\"\" \/>            <\/div>            <div class=\"\">                                                      <\/div>          <\/div>        <\/div>                        <\/a>        <div class=\"bwg-thumb-description bwg_thumb_description_0\"><span>CENA:100Z\u0141<br \/>WYMIARY:<br \/>G\u0142\u0119boko\u015b\u0107: 30 cm<br \/>Szeroko\u015b\u0107: 30 cm<br \/>Wysoko\u015b\u0107: 40 cm<\/span><\/div>      <\/div>            <div class=\"bwg-item\">        <a class=\"bwg-a  bwg_lightbox\"  data-image-id=\"105\" href=\"https:\/\/outletmeblowyrawa.pl\/wp-content\/uploads\/photo-gallery\/m3-kaszmir.jpg?bwg=1750673764\" data-elementor-open-lightbox=\"no\">                <div class=\"bwg-item0 \">          <div class=\"bwg-item1 \">            <div class=\"bwg-item2\">              <img decoding=\"async\" class=\"skip-lazy bwg_standart_thumb_img_0 \"                   data-id=\"105\"                   data-width=\"600.00\"                   data-height=\"800.00\"                   data-src=\"https:\/\/outletmeblowyrawa.pl\/wp-content\/uploads\/photo-gallery\/thumb\/m3-kaszmir.jpg?bwg=1750673764\"                   src=\"https:\/\/outletmeblowyrawa.pl\/wp-content\/uploads\/photo-gallery\/thumb\/m3-kaszmir.jpg?bwg=1750673764\"                   alt=\"\"                   title=\"\" \/>            <\/div>            <div class=\"\">                                                      <\/div>          <\/div>        <\/div>                        <\/a>        <div class=\"bwg-thumb-description bwg_thumb_description_0\"><span>CENA:200Z\u0141<br \/>WYMIARY:<br \/>G\u0142\u0119boko\u015b\u0107: 40 cm<br \/>Szeroko\u015b\u0107: 70 cm<br \/>Wysoko\u015b\u0107: 75 cm<\/span><\/div>      <\/div>            <div class=\"bwg-item\">        <a class=\"bwg-a  bwg_lightbox\"  data-image-id=\"124\" href=\"https:\/\/outletmeblowyrawa.pl\/wp-content\/uploads\/photo-gallery\/262acbdb-e378-4f81-9b66-56a16e7bae94.jpg?bwg=1756123480\" data-elementor-open-lightbox=\"no\">                <div class=\"bwg-item0 \">          <div class=\"bwg-item1 \">            <div class=\"bwg-item2\">              <img decoding=\"async\" class=\"skip-lazy bwg_standart_thumb_img_0 \"                   data-id=\"124\"                   data-width=\"800.00\"                   data-height=\"450.00\"                   data-src=\"https:\/\/outletmeblowyrawa.pl\/wp-content\/uploads\/photo-gallery\/thumb\/262acbdb-e378-4f81-9b66-56a16e7bae94.jpg?bwg=1756123480\"                   src=\"https:\/\/outletmeblowyrawa.pl\/wp-content\/uploads\/photo-gallery\/thumb\/262acbdb-e378-4f81-9b66-56a16e7bae94.jpg?bwg=1756123480\"                   alt=\"\"                   title=\"\" \/>            <\/div>            <div class=\"\">                                                      <\/div>          <\/div>        <\/div>                        <\/a>        <div class=\"bwg-thumb-description bwg_thumb_description_0\"><span>SZEROKO\u015a\u0106:120CM<br \/>WYSYOKO\u015a\u0106:50CM<\/span><\/div>      <\/div>            <div class=\"bwg-item\">        <a class=\"bwg-a  bwg_lightbox\"  data-image-id=\"130\" href=\"https:\/\/outletmeblowyrawa.pl\/wp-content\/uploads\/photo-gallery\/f8a0d48c-2413-43b9-b314-f1fca9d143b8.jpg?bwg=1762597046\" data-elementor-open-lightbox=\"no\">                <div class=\"bwg-item0 \">          <div class=\"bwg-item1 \">            <div class=\"bwg-item2\">              <img decoding=\"async\" class=\"skip-lazy bwg_standart_thumb_img_0 \"                   data-id=\"130\"                   data-width=\"451.00\"                   data-height=\"800.00\"                   data-src=\"https:\/\/outletmeblowyrawa.pl\/wp-content\/uploads\/photo-gallery\/thumb\/f8a0d48c-2413-43b9-b314-f1fca9d143b8.jpg?bwg=1762597046\"                   src=\"https:\/\/outletmeblowyrawa.pl\/wp-content\/uploads\/photo-gallery\/thumb\/f8a0d48c-2413-43b9-b314-f1fca9d143b8.jpg?bwg=1762597046\"                   alt=\"f8a0d48c-2413-43b9-b314-f1fca9d143b8\"                   title=\"f8a0d48c-2413-43b9-b314-f1fca9d143b8\" \/>            <\/div>            <div class=\"\">                                                      <\/div>          <\/div>        <\/div>                        <\/a>        <div class=\"bwg-thumb-description bwg_thumb_description_0\"><span>CENA:1350Z\u0141<br \/>WYMIARY:<br \/>G\u0142\u0119boko\u015b\u0107: 52 cm<br \/>Wysoko\u015b\u0107: 205 cm<br \/>Szeroko\u015b\u0107: 160 cm<br \/><\/span><\/div>      <\/div>            <div class=\"bwg-item\">        <a class=\"bwg-a  bwg_lightbox\"  data-image-id=\"24\" href=\"https:\/\/outletmeblowyrawa.pl\/wp-content\/uploads\/photo-gallery\/szafki-nocne.jpg?bwg=1737992734\" data-elementor-open-lightbox=\"no\">                <div class=\"bwg-item0 \">          <div class=\"bwg-item1 \">            <div class=\"bwg-item2\">              <img decoding=\"async\" class=\"skip-lazy bwg_standart_thumb_img_0 \"                   data-id=\"24\"                   data-width=\"800.00\"                   data-height=\"600.00\"                   data-src=\"https:\/\/outletmeblowyrawa.pl\/wp-content\/uploads\/photo-gallery\/thumb\/szafki-nocne.jpg?bwg=1737992734\"                   src=\"https:\/\/outletmeblowyrawa.pl\/wp-content\/uploads\/photo-gallery\/thumb\/szafki-nocne.jpg?bwg=1737992734\"                   alt=\"\"                   title=\"\" \/>            <\/div>            <div class=\"\">                                                      <\/div>          <\/div>        <\/div>                        <\/a>        <div class=\"bwg-thumb-description bwg_thumb_description_0\"><span>CENA:100Z\u0141\/SZT<br \/>WYMIARY:<br \/>G\u0142\u0119boko\u015b\u0107: 30 cm<br \/>Szeroko\u015b\u0107: 30 cm<br \/>Wysoko\u015b\u0107: 40 cm<\/span><\/div>      <\/div>            <div class=\"bwg-item\">        <a class=\"bwg-a  bwg_lightbox\"  data-image-id=\"106\" href=\"https:\/\/outletmeblowyrawa.pl\/wp-content\/uploads\/photo-gallery\/m6-140-biel-son.jpg?bwg=1750673764\" data-elementor-open-lightbox=\"no\">                <div class=\"bwg-item0 \">          <div class=\"bwg-item1 \">            <div class=\"bwg-item2\">              <img decoding=\"async\" class=\"skip-lazy bwg_standart_thumb_img_0 \"                   data-id=\"106\"                   data-width=\"800.00\"                   data-height=\"600.00\"                   data-src=\"https:\/\/outletmeblowyrawa.pl\/wp-content\/uploads\/photo-gallery\/thumb\/m6-140-biel-son.jpg?bwg=1750673764\"                   src=\"https:\/\/outletmeblowyrawa.pl\/wp-content\/uploads\/photo-gallery\/thumb\/m6-140-biel-son.jpg?bwg=1750673764\"                   alt=\"\"                   title=\"\" \/>            <\/div>            <div class=\"\">                                                      <\/div>          <\/div>        <\/div>                        <\/a>        <div class=\"bwg-thumb-description bwg_thumb_description_0\"><span>CENA:380Z\u0141<br \/>WYMIARY:<br \/>G\u0142\u0119boko\u015b\u0107: 40 cm<br \/>Szeroko\u015b\u0107: 138 cm<br \/>Wysoko\u015b\u0107: 75 cm<\/span><\/div>      <\/div>            <div class=\"bwg-item\">        <a class=\"bwg-a  bwg_lightbox\"  data-image-id=\"110\" href=\"https:\/\/outletmeblowyrawa.pl\/wp-content\/uploads\/photo-gallery\/bilbao-4p.jpg?bwg=1750674548\" data-elementor-open-lightbox=\"no\">                <div class=\"bwg-item0 \">          <div class=\"bwg-item1 \">            <div class=\"bwg-item2\">              <img decoding=\"async\" class=\"skip-lazy bwg_standart_thumb_img_0 \"                   data-id=\"110\"                   data-width=\"800.00\"                   data-height=\"600.00\"                   data-src=\"https:\/\/outletmeblowyrawa.pl\/wp-content\/uploads\/photo-gallery\/thumb\/bilbao-4p.jpg?bwg=1750674548\"                   src=\"https:\/\/outletmeblowyrawa.pl\/wp-content\/uploads\/photo-gallery\/thumb\/bilbao-4p.jpg?bwg=1750674548\"                   alt=\"\"                   title=\"\" \/>            <\/div>            <div class=\"\">                                                      <\/div>          <\/div>        <\/div>                        <\/a>        <div class=\"bwg-thumb-description bwg_thumb_description_0\"><span>CENA:80Z\u0141<br \/>WYMIARY:<br \/>Szeroko\u015b\u0107: 100 cm<br \/>Wysoko\u015b\u0107: 60 cm<br \/>G\u0142\u0119boko\u015b\u0107: 16 cm<\/span><\/div>      <\/div>            <div class=\"bwg-item\">        <a class=\"bwg-a  bwg_lightbox\"  data-image-id=\"125\" href=\"https:\/\/outletmeblowyrawa.pl\/wp-content\/uploads\/photo-gallery\/a9682934-fdcc-4d74-91cc-66b21e249e31.jpg?bwg=1756123480\" data-elementor-open-lightbox=\"no\">                <div class=\"bwg-item0 \">          <div class=\"bwg-item1 \">            <div class=\"bwg-item2\">              <img decoding=\"async\" class=\"skip-lazy bwg_standart_thumb_img_0 \"                   data-id=\"125\"                   data-width=\"800.00\"                   data-height=\"450.00\"                   data-src=\"https:\/\/outletmeblowyrawa.pl\/wp-content\/uploads\/photo-gallery\/thumb\/a9682934-fdcc-4d74-91cc-66b21e249e31.jpg?bwg=1756123480\"                   src=\"https:\/\/outletmeblowyrawa.pl\/wp-content\/uploads\/photo-gallery\/thumb\/a9682934-fdcc-4d74-91cc-66b21e249e31.jpg?bwg=1756123480\"                   alt=\"\"                   title=\"\" \/>            <\/div>            <div class=\"\">                                                      <\/div>          <\/div>        <\/div>                        <\/a>        <div class=\"bwg-thumb-description bwg_thumb_description_0\"><span>SZEROKO\u015a\u0106:120CM<br \/>WYSYOKO\u015a\u0106:50CM<\/span><\/div>      <\/div>            <div class=\"bwg-item\">        <a class=\"bwg-a  bwg_lightbox\"  data-image-id=\"22\" href=\"https:\/\/outletmeblowyrawa.pl\/wp-content\/uploads\/photo-gallery\/m1-ant-art.jpg?bwg=1737992734\" data-elementor-open-lightbox=\"no\">                <div class=\"bwg-item0 \">          <div class=\"bwg-item1 \">            <div class=\"bwg-item2\">              <img decoding=\"async\" class=\"skip-lazy bwg_standart_thumb_img_0 \"                   data-id=\"22\"                   data-width=\"600.00\"                   data-height=\"800.00\"                   data-src=\"https:\/\/outletmeblowyrawa.pl\/wp-content\/uploads\/photo-gallery\/thumb\/m1-ant-art.jpg?bwg=1737992734\"                   src=\"https:\/\/outletmeblowyrawa.pl\/wp-content\/uploads\/photo-gallery\/thumb\/m1-ant-art.jpg?bwg=1737992734\"                   alt=\"\"                   title=\"\" \/>            <\/div>            <div class=\"\">                                                      <\/div>          <\/div>        <\/div>                        <\/a>        <div class=\"bwg-thumb-description bwg_thumb_description_0\"><span>CENA:120Z\u0141<br \/>WYMIARY:<br \/>G\u0142\u0119boko\u015b\u0107: 32 cm<br \/>Szeroko\u015b\u0107: 40 cm<br \/>Wysoko\u015b\u0107: 59 cm<\/span><\/div>      <\/div>            <div class=\"bwg-item\">        <a class=\"bwg-a  bwg_lightbox\"  data-image-id=\"86\" href=\"https:\/\/outletmeblowyrawa.pl\/wp-content\/uploads\/photo-gallery\/M3-CZERN.jpg?bwg=1742983690\" data-elementor-open-lightbox=\"no\">                <div class=\"bwg-item0 \">          <div class=\"bwg-item1 \">            <div class=\"bwg-item2\">              <img decoding=\"async\" class=\"skip-lazy bwg_standart_thumb_img_0 \"                   data-id=\"86\"                   data-width=\"800.00\"                   data-height=\"571.00\"                   data-src=\"https:\/\/outletmeblowyrawa.pl\/wp-content\/uploads\/photo-gallery\/thumb\/M3-CZERN.jpg?bwg=1742983690\"                   src=\"https:\/\/outletmeblowyrawa.pl\/wp-content\/uploads\/photo-gallery\/thumb\/M3-CZERN.jpg?bwg=1742983690\"                   alt=\"\"                   title=\"\" \/>            <\/div>            <div class=\"\">                                                      <\/div>          <\/div>        <\/div>                        <\/a>        <div class=\"bwg-thumb-description bwg_thumb_description_0\"><span>CENA:200Z\u0141<br \/>WYMIARY:<br \/>G\u0142\u0119boko\u015b\u0107: 40 cm<br \/>Szeroko\u015b\u0107: 70 cm<br \/>Wysoko\u015b\u0107: 75 cm<\/span><\/div>      <\/div>            <div class=\"bwg-item\">        <a class=\"bwg-a  bwg_lightbox\"  data-image-id=\"111\" href=\"https:\/\/outletmeblowyrawa.pl\/wp-content\/uploads\/photo-gallery\/malax-2x4.jpg?bwg=1750674548\" data-elementor-open-lightbox=\"no\">                <div class=\"bwg-item0 \">          <div class=\"bwg-item1 \">            <div class=\"bwg-item2\">              <img decoding=\"async\" class=\"skip-lazy bwg_standart_thumb_img_0 \"                   data-id=\"111\"                   data-width=\"600.00\"                   data-height=\"800.00\"                   data-src=\"https:\/\/outletmeblowyrawa.pl\/wp-content\/uploads\/photo-gallery\/thumb\/malax-2x4.jpg?bwg=1750674548\"                   src=\"https:\/\/outletmeblowyrawa.pl\/wp-content\/uploads\/photo-gallery\/thumb\/malax-2x4.jpg?bwg=1750674548\"                   alt=\"\"                   title=\"\" \/>            <\/div>            <div class=\"\">                                                      <\/div>          <\/div>        <\/div>                        <\/a>        <div class=\"bwg-thumb-description bwg_thumb_description_0\"><span>CENA:200Z\u0141<br \/>WYMIARY:<br \/>G\u0142\u0119boko\u015b\u0107: 30 cm<br \/>Szeroko\u015b\u0107: 147 cm<br \/>Wysoko\u015b\u0107: 75 cm<\/span><\/div>      <\/div>            <div class=\"bwg-item\">        <a class=\"bwg-a  bwg_lightbox\"  data-image-id=\"75\" href=\"https:\/\/outletmeblowyrawa.pl\/wp-content\/uploads\/photo-gallery\/480139808_676356781381022_3034087739301873423_n.jpg?bwg=1740221639\" data-elementor-open-lightbox=\"no\">                <div class=\"bwg-item0 \">          <div class=\"bwg-item1 \">            <div class=\"bwg-item2\">              <img decoding=\"async\" class=\"skip-lazy bwg_standart_thumb_img_0 \"                   data-id=\"75\"                   data-width=\"800.00\"                   data-height=\"600.00\"                   data-src=\"https:\/\/outletmeblowyrawa.pl\/wp-content\/uploads\/photo-gallery\/thumb\/480139808_676356781381022_3034087739301873423_n.jpg?bwg=1740221639\"                   src=\"https:\/\/outletmeblowyrawa.pl\/wp-content\/uploads\/photo-gallery\/thumb\/480139808_676356781381022_3034087739301873423_n.jpg?bwg=1740221639\"                   alt=\"\"                   title=\"\" \/>            <\/div>            <div class=\"\">                                                      <\/div>          <\/div>        <\/div>                        <\/a>        <div class=\"bwg-thumb-description bwg_thumb_description_0\"><span>CENA:300Z\u0141<br \/>WYMIARY:<br \/>G\u0142\u0119boko\u015b\u0107: 51 cm<br \/>Szeroko\u015b\u0107: 98 cm<br \/>Wysoko\u015b\u0107: 76 cm<\/span><\/div>      <\/div>            <div class=\"bwg-item\">        <a class=\"bwg-a  bwg_lightbox\"  data-image-id=\"82\" href=\"https:\/\/outletmeblowyrawa.pl\/wp-content\/uploads\/photo-gallery\/2d3s-ant-art.jpg?bwg=1742830744\" data-elementor-open-lightbox=\"no\">                <div class=\"bwg-item0 \">          <div class=\"bwg-item1 \">            <div class=\"bwg-item2\">              <img decoding=\"async\" class=\"skip-lazy bwg_standart_thumb_img_0 \"                   data-id=\"82\"                   data-width=\"800.00\"                   data-height=\"450.00\"                   data-src=\"https:\/\/outletmeblowyrawa.pl\/wp-content\/uploads\/photo-gallery\/thumb\/2d3s-ant-art.jpg?bwg=1742830744\"                   src=\"https:\/\/outletmeblowyrawa.pl\/wp-content\/uploads\/photo-gallery\/thumb\/2d3s-ant-art.jpg?bwg=1742830744\"                   alt=\"\"                   title=\"\" \/>            <\/div>            <div class=\"\">                                                      <\/div>          <\/div>        <\/div>                        <\/a>        <div class=\"bwg-thumb-description bwg_thumb_description_0\"><span>CENA:360Z\u0141<br \/>WYMIARY:<br \/>G\u0142\u0119boko\u015b\u0107: 40 cm<br \/>Szeroko\u015b\u0107: 120 cm<br \/>Wysoko\u015b\u0107: 75 cm<\/span><\/div>      <\/div>            <div class=\"bwg-item\">        <a class=\"bwg-a  bwg_lightbox\"  data-image-id=\"95\" href=\"https:\/\/outletmeblowyrawa.pl\/wp-content\/uploads\/photo-gallery\/4x4-art.jpg?bwg=1744969608\" data-elementor-open-lightbox=\"no\">                <div class=\"bwg-item0 \">          <div class=\"bwg-item1 \">            <div class=\"bwg-item2\">              <img decoding=\"async\" class=\"skip-lazy bwg_standart_thumb_img_0 \"                   data-id=\"95\"                   data-width=\"603.00\"                   data-height=\"800.00\"                   data-src=\"https:\/\/outletmeblowyrawa.pl\/wp-content\/uploads\/photo-gallery\/thumb\/4x4-art.jpg?bwg=1744969608\"                   src=\"https:\/\/outletmeblowyrawa.pl\/wp-content\/uploads\/photo-gallery\/thumb\/4x4-art.jpg?bwg=1744969608\"                   alt=\"\"                   title=\"\" \/>            <\/div>            <div class=\"\">                                                      <\/div>          <\/div>        <\/div>                        <\/a>        <div class=\"bwg-thumb-description bwg_thumb_description_0\"><span>CENA:300Z\u0141<br \/>WYMIARY:<br \/>Wysoko\u015b\u0107: 153 cm<br \/>Szeroko\u015b\u0107: 153 cm<br \/>G\u0142\u0119boko\u015b\u0107: 30 cm<br \/>OKIENKO: 36 cm x 36 cm<\/span><\/div>      <\/div>            <div class=\"bwg-item\">        <a class=\"bwg-a  bwg_lightbox\"  data-image-id=\"122\" href=\"https:\/\/outletmeblowyrawa.pl\/wp-content\/uploads\/photo-gallery\/s33-i-43.jpg?bwg=1750771837\" data-elementor-open-lightbox=\"no\">                <div class=\"bwg-item0 \">          <div class=\"bwg-item1 \">            <div class=\"bwg-item2\">              <img decoding=\"async\" class=\"skip-lazy bwg_standart_thumb_img_0 \"                   data-id=\"122\"                   data-width=\"600.00\"                   data-height=\"800.00\"                   data-src=\"https:\/\/outletmeblowyrawa.pl\/wp-content\/uploads\/photo-gallery\/thumb\/s33-i-43.jpg?bwg=1750771837\"                   src=\"https:\/\/outletmeblowyrawa.pl\/wp-content\/uploads\/photo-gallery\/thumb\/s33-i-43.jpg?bwg=1750771837\"                   alt=\"\"                   title=\"\" \/>            <\/div>            <div class=\"\">                                                      <\/div>          <\/div>        <\/div>                        <\/a>        <div class=\"bwg-thumb-description bwg_thumb_description_0\"><span><\/span><\/div>      <\/div>            <div class=\"bwg-item\">        <a class=\"bwg-a  bwg_lightbox\"  data-image-id=\"41\" href=\"https:\/\/outletmeblowyrawa.pl\/wp-content\/uploads\/photo-gallery\/s43-biel-2.jpg?bwg=1738153610\" data-elementor-open-lightbox=\"no\">                <div class=\"bwg-item0 \">          <div class=\"bwg-item1 \">            <div class=\"bwg-item2\">              <img decoding=\"async\" class=\"skip-lazy bwg_standart_thumb_img_0 \"                   data-id=\"41\"                   data-width=\"413.00\"                   data-height=\"800.00\"                   data-src=\"https:\/\/outletmeblowyrawa.pl\/wp-content\/uploads\/photo-gallery\/thumb\/s43-biel-2.jpg?bwg=1738153610\"                   src=\"https:\/\/outletmeblowyrawa.pl\/wp-content\/uploads\/photo-gallery\/thumb\/s43-biel-2.jpg?bwg=1738153610\"                   alt=\"\"                   title=\"\" \/>            <\/div>            <div class=\"\">                                                      <\/div>          <\/div>        <\/div>                        <\/a>        <div class=\"bwg-thumb-description bwg_thumb_description_0\"><span>CENA:220Z\u0141<br \/>WYMIARY:<br \/>G\u0142\u0119boko\u015b\u0107: 30 cm<br \/>Szeroko\u015b\u0107: 40 cm<br \/>Wysoko\u015b\u0107: 170 cm<\/span><\/div>      <\/div>            <div class=\"bwg-item\">        <a class=\"bwg-a  bwg_lightbox\"  data-image-id=\"77\" href=\"https:\/\/outletmeblowyrawa.pl\/wp-content\/uploads\/photo-gallery\/481092959_1417541652564409_6298111630461631884_n.jpg?bwg=1740221639\" data-elementor-open-lightbox=\"no\">                <div class=\"bwg-item0 \">          <div class=\"bwg-item1 \">            <div class=\"bwg-item2\">              <img decoding=\"async\" class=\"skip-lazy bwg_standart_thumb_img_0 \"                   data-id=\"77\"                   data-width=\"800.00\"                   data-height=\"600.00\"                   data-src=\"https:\/\/outletmeblowyrawa.pl\/wp-content\/uploads\/photo-gallery\/thumb\/481092959_1417541652564409_6298111630461631884_n.jpg?bwg=1740221639\"                   src=\"https:\/\/outletmeblowyrawa.pl\/wp-content\/uploads\/photo-gallery\/thumb\/481092959_1417541652564409_6298111630461631884_n.jpg?bwg=1740221639\"                   alt=\"\"                   title=\"\" \/>            <\/div>            <div class=\"\">                                                      <\/div>          <\/div>        <\/div>                        <\/a>        <div class=\"bwg-thumb-description bwg_thumb_description_0\"><span>CENA:120<br \/>Blat: 90 x 51 cm<br \/>Wysoko\u015b\u0107: 43 cm<br \/>Grubo\u015b\u0107 blatu: 16 mm<\/span><\/div>      <\/div>            <div class=\"bwg-item\">        <a class=\"bwg-a  bwg_lightbox\"  data-image-id=\"83\" href=\"https:\/\/outletmeblowyrawa.pl\/wp-content\/uploads\/photo-gallery\/m6-son.jpg?bwg=1742830744\" data-elementor-open-lightbox=\"no\">                <div class=\"bwg-item0 \">          <div class=\"bwg-item1 \">            <div class=\"bwg-item2\">              <img decoding=\"async\" class=\"skip-lazy bwg_standart_thumb_img_0 \"                   data-id=\"83\"                   data-width=\"800.00\"                   data-height=\"450.00\"                   data-src=\"https:\/\/outletmeblowyrawa.pl\/wp-content\/uploads\/photo-gallery\/thumb\/m6-son.jpg?bwg=1742830744\"                   src=\"https:\/\/outletmeblowyrawa.pl\/wp-content\/uploads\/photo-gallery\/thumb\/m6-son.jpg?bwg=1742830744\"                   alt=\"\"                   title=\"\" \/>            <\/div>            <div class=\"\">                                                      <\/div>          <\/div>        <\/div>                        <\/a>        <div class=\"bwg-thumb-description bwg_thumb_description_0\"><span>CENA:300Z\u0141<br \/>G\u0142\u0119boko\u015b\u0107: 30 cm<br \/>Szeroko\u015b\u0107: 120 cm<br \/>Wysoko\u015b\u0107: 75 cm<\/span><\/div>      <\/div>            <div class=\"bwg-item\">        <a class=\"bwg-a  bwg_lightbox\"  data-image-id=\"96\" href=\"https:\/\/outletmeblowyrawa.pl\/wp-content\/uploads\/photo-gallery\/2x2-son.jpg?bwg=1744969608\" data-elementor-open-lightbox=\"no\">                <div class=\"bwg-item0 \">          <div class=\"bwg-item1 \">            <div class=\"bwg-item2\">              <img decoding=\"async\" class=\"skip-lazy bwg_standart_thumb_img_0 \"                   data-id=\"96\"                   data-width=\"782.00\"                   data-height=\"800.00\"                   data-src=\"https:\/\/outletmeblowyrawa.pl\/wp-content\/uploads\/photo-gallery\/thumb\/2x2-son.jpg?bwg=1744969608\"                   src=\"https:\/\/outletmeblowyrawa.pl\/wp-content\/uploads\/photo-gallery\/thumb\/2x2-son.jpg?bwg=1744969608\"                   alt=\"\"                   title=\"\" \/>            <\/div>            <div class=\"\">                                                      <\/div>          <\/div>        <\/div>                        <\/a>        <div class=\"bwg-thumb-description bwg_thumb_description_0\"><span>CENA:100Z\u0141<br \/>WYMIARY:<br \/>G\u0142\u0119boko\u015b\u0107: 30 cm<br \/>Szeroko\u015b\u0107: 74 cm<br \/>Wysoko\u015b\u0107: 75 cm<br \/><\/span><\/div>      <\/div>            <div class=\"bwg-item\">        <a class=\"bwg-a  bwg_lightbox\"  data-image-id=\"65\" href=\"https:\/\/outletmeblowyrawa.pl\/wp-content\/uploads\/photo-gallery\/344557670_628519208821074_4625413744935453169_n-\u2014-kopia.jpg?bwg=1738245296\" data-elementor-open-lightbox=\"no\">                <div class=\"bwg-item0 \">          <div class=\"bwg-item1 \">            <div class=\"bwg-item2\">              <img decoding=\"async\" class=\"skip-lazy bwg_standart_thumb_img_0 \"                   data-id=\"65\"                   data-width=\"800.00\"                   data-height=\"600.00\"                   data-src=\"https:\/\/outletmeblowyrawa.pl\/wp-content\/uploads\/photo-gallery\/thumb\/344557670_628519208821074_4625413744935453169_n-\u2014-kopia.jpg?bwg=1738245296\"                   src=\"https:\/\/outletmeblowyrawa.pl\/wp-content\/uploads\/photo-gallery\/thumb\/344557670_628519208821074_4625413744935453169_n-\u2014-kopia.jpg?bwg=1738245296\"                   alt=\"\"                   title=\"\" \/>            <\/div>            <div class=\"\">                                                      <\/div>          <\/div>        <\/div>                        <\/a>        <div class=\"bwg-thumb-description bwg_thumb_description_0\"><span>CENA:120Z\u0141<br \/>WYMIARY:<br \/>G\u0142\u0119boko\u015b\u0107: 58 cm<br \/>Szeroko\u015b\u0107: 90 cm<br \/>Wysoko\u015b\u0107: 50 cm<\/span><\/div>      <\/div>            <div class=\"bwg-item\">        <a class=\"bwg-a  bwg_lightbox\"  data-image-id=\"72\" href=\"https:\/\/outletmeblowyrawa.pl\/wp-content\/uploads\/photo-gallery\/478225124_28919183384339424_3267699356779829443_n.jpg?bwg=1740219265\" data-elementor-open-lightbox=\"no\">                <div class=\"bwg-item0 \">          <div class=\"bwg-item1 \">            <div class=\"bwg-item2\">              <img decoding=\"async\" class=\"skip-lazy bwg_standart_thumb_img_0 \"                   data-id=\"72\"                   data-width=\"800.00\"                   data-height=\"600.00\"                   data-src=\"https:\/\/outletmeblowyrawa.pl\/wp-content\/uploads\/photo-gallery\/thumb\/478225124_28919183384339424_3267699356779829443_n.jpg?bwg=1740219265\"                   src=\"https:\/\/outletmeblowyrawa.pl\/wp-content\/uploads\/photo-gallery\/thumb\/478225124_28919183384339424_3267699356779829443_n.jpg?bwg=1740219265\"                   alt=\"\"                   title=\"\" \/>            <\/div>            <div class=\"\">                                                      <\/div>          <\/div>        <\/div>                        <\/a>        <div class=\"bwg-thumb-description bwg_thumb_description_0\"><span>CENA:300Z\u0141<br \/>G\u0142\u0119boko\u015b\u0107: 30 cm<br \/>Szeroko\u015b\u0107: 120 cm<br \/>Wysoko\u015b\u0107: 75 cm<\/span><\/div>      <\/div>            <div class=\"bwg-item\">        <a class=\"bwg-a  bwg_lightbox\"  data-image-id=\"91\" href=\"https:\/\/outletmeblowyrawa.pl\/wp-content\/uploads\/photo-gallery\/nel-v-biel.jpg?bwg=1742987781\" data-elementor-open-lightbox=\"no\">                <div class=\"bwg-item0 \">          <div class=\"bwg-item1 \">            <div class=\"bwg-item2\">              <img decoding=\"async\" class=\"skip-lazy bwg_standart_thumb_img_0 \"                   data-id=\"91\"                   data-width=\"449.00\"                   data-height=\"800.00\"                   data-src=\"https:\/\/outletmeblowyrawa.pl\/wp-content\/uploads\/photo-gallery\/thumb\/nel-v-biel.jpg?bwg=1742987781\"                   src=\"https:\/\/outletmeblowyrawa.pl\/wp-content\/uploads\/photo-gallery\/thumb\/nel-v-biel.jpg?bwg=1742987781\"                   alt=\"\"                   title=\"\" \/>            <\/div>            <div class=\"\">                                                      <\/div>          <\/div>        <\/div>                        <\/a>        <div class=\"bwg-thumb-description bwg_thumb_description_0\"><span>CENA:120Z\u0141<br \/>WYMIARY:<br \/>G\u0142\u0119boko\u015b\u0107: 30 cm<br \/>Szeroko\u015b\u0107: 30 cm<br \/>Wysoko\u015b\u0107: 85 cm<\/span><\/div>      <\/div>            <div class=\"bwg-item\">        <a class=\"bwg-a  bwg_lightbox\"  data-image-id=\"97\" href=\"https:\/\/outletmeblowyrawa.pl\/wp-content\/uploads\/photo-gallery\/fiesta-4p-art.jpg?bwg=1744969608\" data-elementor-open-lightbox=\"no\">                <div class=\"bwg-item0 \">          <div class=\"bwg-item1 \">            <div class=\"bwg-item2\">              <img decoding=\"async\" class=\"skip-lazy bwg_standart_thumb_img_0 \"                   data-id=\"97\"                   data-width=\"555.00\"                   data-height=\"800.00\"                   data-src=\"https:\/\/outletmeblowyrawa.pl\/wp-content\/uploads\/photo-gallery\/thumb\/fiesta-4p-art.jpg?bwg=1744969608\"                   src=\"https:\/\/outletmeblowyrawa.pl\/wp-content\/uploads\/photo-gallery\/thumb\/fiesta-4p-art.jpg?bwg=1744969608\"                   alt=\"\"                   title=\"\" \/>            <\/div>            <div class=\"\">                                                      <\/div>          <\/div>        <\/div>                        <\/a>        <div class=\"bwg-thumb-description bwg_thumb_description_0\"><span>CENA:180<br \/>WYMIARY:<br \/>G\u0142\u0119boko\u015b\u0107: 30 cm<br \/>Szeroko\u015b\u0107: 59,5 cm<br \/>Wysoko\u015b\u0107: 140 cm<\/span><\/div>      <\/div>            <div class=\"bwg-item\">        <a class=\"bwg-a  bwg_lightbox\"  data-image-id=\"23\" href=\"https:\/\/outletmeblowyrawa.pl\/wp-content\/uploads\/photo-gallery\/nel-5-1.jpg?bwg=1737992734\" data-elementor-open-lightbox=\"no\">                <div class=\"bwg-item0 \">          <div class=\"bwg-item1 \">            <div class=\"bwg-item2\">              <img decoding=\"async\" class=\"skip-lazy bwg_standart_thumb_img_0 \"                   data-id=\"23\"                   data-width=\"409.00\"                   data-height=\"800.00\"                   data-src=\"https:\/\/outletmeblowyrawa.pl\/wp-content\/uploads\/photo-gallery\/thumb\/nel-5-1.jpg?bwg=1737992734\"                   src=\"https:\/\/outletmeblowyrawa.pl\/wp-content\/uploads\/photo-gallery\/thumb\/nel-5-1.jpg?bwg=1737992734\"                   alt=\"\"                   title=\"\" \/>            <\/div>            <div class=\"\">                                                      <\/div>          <\/div>        <\/div>                        <\/a>        <div class=\"bwg-thumb-description bwg_thumb_description_0\"><span>CENA:120Z\u0141<br \/>WYMIARY:<br \/>G\u0142\u0119boko\u015b\u0107: 30 cm<br \/>Szeroko\u015b\u0107: 30 cm<br \/>Wysoko\u015b\u0107: 85 cm<\/span><\/div>      <\/div>            <div class=\"bwg-item\">        <a class=\"bwg-a  bwg_lightbox\"  data-image-id=\"49\" href=\"https:\/\/outletmeblowyrawa.pl\/wp-content\/uploads\/photo-gallery\/d458f207-66ce-4000-be90-fe0befc8a2b5.jpg?bwg=1738155074\" data-elementor-open-lightbox=\"no\">                <div class=\"bwg-item0 \">          <div class=\"bwg-item1 \">            <div class=\"bwg-item2\">              <img decoding=\"async\" class=\"skip-lazy bwg_standart_thumb_img_0 \"                   data-id=\"49\"                   data-width=\"800.00\"                   data-height=\"703.00\"                   data-src=\"https:\/\/outletmeblowyrawa.pl\/wp-content\/uploads\/photo-gallery\/thumb\/d458f207-66ce-4000-be90-fe0befc8a2b5.jpg?bwg=1738155074\"                   src=\"https:\/\/outletmeblowyrawa.pl\/wp-content\/uploads\/photo-gallery\/thumb\/d458f207-66ce-4000-be90-fe0befc8a2b5.jpg?bwg=1738155074\"                   alt=\"\"                   title=\"\" \/>            <\/div>            <div class=\"\">                                                      <\/div>          <\/div>        <\/div>                        <\/a>        <div class=\"bwg-thumb-description bwg_thumb_description_0\"><span>CENA:200Z\u0141<br \/>WYMIARY:<br \/>Wysoko\u015b\u0107: 115 cm<br \/>Szeroko\u015b\u0107: 115 cm<br \/>G\u0142\u0119boko\u015b\u0107: 30 cm<br \/>OKIENKO: 36cm x 36cm<\/span><\/div>      <\/div>            <div class=\"bwg-item\">        <a class=\"bwg-a  bwg_lightbox\"  data-image-id=\"61\" href=\"https:\/\/outletmeblowyrawa.pl\/wp-content\/uploads\/photo-gallery\/m4-czern-1.jpg?bwg=1738243888\" data-elementor-open-lightbox=\"no\">                <div class=\"bwg-item0 \">          <div class=\"bwg-item1 \">            <div class=\"bwg-item2\">              <img decoding=\"async\" class=\"skip-lazy bwg_standart_thumb_img_0 \"                   data-id=\"61\"                   data-width=\"600.00\"                   data-height=\"800.00\"                   data-src=\"https:\/\/outletmeblowyrawa.pl\/wp-content\/uploads\/photo-gallery\/thumb\/m4-czern-1.jpg?bwg=1738243888\"                   src=\"https:\/\/outletmeblowyrawa.pl\/wp-content\/uploads\/photo-gallery\/thumb\/m4-czern-1.jpg?bwg=1738243888\"                   alt=\"\"                   title=\"\" \/>            <\/div>            <div class=\"\">                                                      <\/div>          <\/div>        <\/div>                        <\/a>        <div class=\"bwg-thumb-description bwg_thumb_description_0\"><span>CENA:280Z\u0141<br \/>WYMIARY:<br \/>G\u0142\u0119boko\u015b\u0107: 40 cm<br \/>Szeroko\u015b\u0107: 70 cm<br \/>Wysoko\u015b\u0107: 97 cm<\/span><\/div>      <\/div>            <div class=\"bwg-item\">        <a class=\"bwg-a  bwg_lightbox\"  data-image-id=\"63\" href=\"https:\/\/outletmeblowyrawa.pl\/wp-content\/uploads\/photo-gallery\/modern-mini-art-cz.jpg?bwg=1738245024\" data-elementor-open-lightbox=\"no\">                <div class=\"bwg-item0 \">          <div class=\"bwg-item1 \">            <div class=\"bwg-item2\">              <img decoding=\"async\" class=\"skip-lazy bwg_standart_thumb_img_0 \"                   data-id=\"63\"                   data-width=\"359.00\"                   data-height=\"800.00\"                   data-src=\"https:\/\/outletmeblowyrawa.pl\/wp-content\/uploads\/photo-gallery\/thumb\/modern-mini-art-cz.jpg?bwg=1738245024\"                   src=\"https:\/\/outletmeblowyrawa.pl\/wp-content\/uploads\/photo-gallery\/thumb\/modern-mini-art-cz.jpg?bwg=1738245024\"                   alt=\"\"                   title=\"\" \/>            <\/div>            <div class=\"\">                                                      <\/div>          <\/div>        <\/div>                        <\/a>        <div class=\"bwg-thumb-description bwg_thumb_description_0\"><span>CENA:90Z\u0141<br \/>WYMIARY:<br \/>G\u0142\u0119boko\u015b\u0107: 67 cm<br \/>Szeroko\u015b\u0107: 67 cm<br \/>Wysoko\u015b\u0107: 40 cm<\/span><\/div>      <\/div>            <div class=\"bwg-item\">        <a class=\"bwg-a  bwg_lightbox\"  data-image-id=\"37\" href=\"https:\/\/outletmeblowyrawa.pl\/wp-content\/uploads\/photo-gallery\/regal-2x4-ant-art.jpg?bwg=1738152737\" data-elementor-open-lightbox=\"no\">                <div class=\"bwg-item0 \">          <div class=\"bwg-item1 \">            <div class=\"bwg-item2\">              <img decoding=\"async\" class=\"skip-lazy bwg_standart_thumb_img_0 \"                   data-id=\"37\"                   data-width=\"413.00\"                   data-height=\"800.00\"                   data-src=\"https:\/\/outletmeblowyrawa.pl\/wp-content\/uploads\/photo-gallery\/thumb\/regal-2x4-ant-art.jpg?bwg=1738152737\"                   src=\"https:\/\/outletmeblowyrawa.pl\/wp-content\/uploads\/photo-gallery\/thumb\/regal-2x4-ant-art.jpg?bwg=1738152737\"                   alt=\"\"                   title=\"\" \/>            <\/div>            <div class=\"\">                                                      <\/div>          <\/div>        <\/div>                        <\/a>        <div class=\"bwg-thumb-description bwg_thumb_description_0\"><span>CENA:200Z\u0141<br \/>WYMIARY:<br \/>G\u0142\u0119boko\u015b\u0107: 30 cm<br \/>Szeroko\u015b\u0107: 147 cm<br \/>Wysoko\u015b\u0107: 75 cm<\/span><\/div>      <\/div>            <div class=\"bwg-item\">        <a class=\"bwg-a  bwg_lightbox\"  data-image-id=\"59\" href=\"https:\/\/outletmeblowyrawa.pl\/wp-content\/uploads\/photo-gallery\/m6-czern.jpg?bwg=1738243750\" data-elementor-open-lightbox=\"no\">                <div class=\"bwg-item0 \">          <div class=\"bwg-item1 \">            <div class=\"bwg-item2\">              <img decoding=\"async\" class=\"skip-lazy bwg_standart_thumb_img_0 \"                   data-id=\"59\"                   data-width=\"800.00\"                   data-height=\"600.00\"                   data-src=\"https:\/\/outletmeblowyrawa.pl\/wp-content\/uploads\/photo-gallery\/thumb\/m6-czern.jpg?bwg=1738243750\"                   src=\"https:\/\/outletmeblowyrawa.pl\/wp-content\/uploads\/photo-gallery\/thumb\/m6-czern.jpg?bwg=1738243750\"                   alt=\"\"                   title=\"\" \/>            <\/div>            <div class=\"\">                                                      <\/div>          <\/div>        <\/div>                        <\/a>        <div class=\"bwg-thumb-description bwg_thumb_description_0\"><span>CENA:380Z\u0141<br \/>WYMIARY:<br \/>G\u0142\u0119boko\u015b\u0107: 40 cm<br \/>Szeroko\u015b\u0107: 138 cm<br \/>Wysoko\u015b\u0107: 75 cm<\/span><\/div>      <\/div>            <div class=\"bwg-item\">        <a class=\"bwg-a  bwg_lightbox\"  data-image-id=\"88\" href=\"https:\/\/outletmeblowyrawa.pl\/wp-content\/uploads\/photo-gallery\/moderna.jpg?bwg=1742987561\" data-elementor-open-lightbox=\"no\">                <div class=\"bwg-item0 \">          <div class=\"bwg-item1 \">            <div class=\"bwg-item2\">              <img decoding=\"async\" class=\"skip-lazy bwg_standart_thumb_img_0 \"                   data-id=\"88\"                   data-width=\"800.00\"                   data-height=\"624.00\"                   data-src=\"https:\/\/outletmeblowyrawa.pl\/wp-content\/uploads\/photo-gallery\/thumb\/moderna.jpg?bwg=1742987561\"                   src=\"https:\/\/outletmeblowyrawa.pl\/wp-content\/uploads\/photo-gallery\/thumb\/moderna.jpg?bwg=1742987561\"                   alt=\"\"                   title=\"\" \/>            <\/div>            <div class=\"\">                                                      <\/div>          <\/div>        <\/div>                        <\/a>        <div class=\"bwg-thumb-description bwg_thumb_description_0\"><span>CENA:100Z\u0141<br \/>WYMIARY:<br \/>G\u0142\u0119boko\u015b\u0107: 60 cm<br \/>Szeroko\u015b\u0107: 60 cm<br \/>Wysoko\u015b\u0107: 45 cm<br \/><\/span><\/div>      <\/div>            <div class=\"bwg-item\">        <a class=\"bwg-a  bwg_lightbox\"  data-image-id=\"90\" href=\"https:\/\/outletmeblowyrawa.pl\/wp-content\/uploads\/photo-gallery\/pola-2dl.jpg?bwg=1742987706\" data-elementor-open-lightbox=\"no\">                <div class=\"bwg-item0 \">          <div class=\"bwg-item1 \">            <div class=\"bwg-item2\">              <img decoding=\"async\" class=\"skip-lazy bwg_standart_thumb_img_0 \"                   data-id=\"90\"                   data-width=\"707.00\"                   data-height=\"800.00\"                   data-src=\"https:\/\/outletmeblowyrawa.pl\/wp-content\/uploads\/photo-gallery\/thumb\/pola-2dl.jpg?bwg=1742987706\"                   src=\"https:\/\/outletmeblowyrawa.pl\/wp-content\/uploads\/photo-gallery\/thumb\/pola-2dl.jpg?bwg=1742987706\"                   alt=\"\"                   title=\"\" \/>            <\/div>            <div class=\"\">                                                      <\/div>          <\/div>        <\/div>                        <\/a>        <div class=\"bwg-thumb-description bwg_thumb_description_0\"><span>CENA:150Z\u0141<br \/>WYMIARY:<br \/>Szeroko\u015b\u0107: 60 cm<br \/>Wysoko\u015b\u0107: 60 cm<br \/>G\u0142\u0119boko\u015b\u0107: 22 cm<br \/><\/span><\/div>      <\/div>            <div class=\"bwg-item\">        <a class=\"bwg-a  bwg_lightbox\"  data-image-id=\"7\" href=\"https:\/\/outletmeblowyrawa.pl\/wp-content\/uploads\/photo-gallery\/m3-biel.jpg?bwg=1737992098\" data-elementor-open-lightbox=\"no\">                <div class=\"bwg-item0 \">          <div class=\"bwg-item1 \">            <div class=\"bwg-item2\">              <img decoding=\"async\" class=\"skip-lazy bwg_standart_thumb_img_0 \"                   data-id=\"7\"                   data-width=\"600.00\"                   data-height=\"800.00\"                   data-src=\"https:\/\/outletmeblowyrawa.pl\/wp-content\/uploads\/photo-gallery\/thumb\/m3-biel.jpg?bwg=1737992098\"                   src=\"https:\/\/outletmeblowyrawa.pl\/wp-content\/uploads\/photo-gallery\/thumb\/m3-biel.jpg?bwg=1737992098\"                   alt=\"\"                   title=\"\" \/>            <\/div>            <div class=\"\">                                                      <\/div>          <\/div>        <\/div>                        <\/a>        <div class=\"bwg-thumb-description bwg_thumb_description_0\"><span>CENA:200Z\u0141<br \/>WYMIARY:<br \/>G\u0142\u0119boko\u015b\u0107: 40 cm<br \/>Szeroko\u015b\u0107: 70 cm<br \/>Wysoko\u015b\u0107: 75 cm<\/span><\/div>      <\/div>            <div class=\"bwg-item\">        <a class=\"bwg-a  bwg_lightbox\"  data-image-id=\"13\" href=\"https:\/\/outletmeblowyrawa.pl\/wp-content\/uploads\/photo-gallery\/regal-2x4.jpg?bwg=1737992561\" data-elementor-open-lightbox=\"no\">                <div class=\"bwg-item0 \">          <div class=\"bwg-item1 \">            <div class=\"bwg-item2\">              <img decoding=\"async\" class=\"skip-lazy bwg_standart_thumb_img_0 \"                   data-id=\"13\"                   data-width=\"800.00\"                   data-height=\"600.00\"                   data-src=\"https:\/\/outletmeblowyrawa.pl\/wp-content\/uploads\/photo-gallery\/thumb\/regal-2x4.jpg?bwg=1737992561\"                   src=\"https:\/\/outletmeblowyrawa.pl\/wp-content\/uploads\/photo-gallery\/thumb\/regal-2x4.jpg?bwg=1737992561\"                   alt=\"\"                   title=\"\" \/>            <\/div>            <div class=\"\">                                                      <\/div>          <\/div>        <\/div>                        <\/a>        <div class=\"bwg-thumb-description bwg_thumb_description_0\"><span>CENA: 200Z\u0141<br \/>WYMIARY:<br \/>G\u0142\u0119boko\u015b\u0107: 30 cm<br \/>Szeroko\u015b\u0107: 147 cm<br \/>Wysoko\u015b\u0107: 75 cm<\/span><\/div>      <\/div>            <div class=\"bwg-item\">        <a class=\"bwg-a  bwg_lightbox\"  data-image-id=\"55\" href=\"https:\/\/outletmeblowyrawa.pl\/wp-content\/uploads\/photo-gallery\/d1179420-725e-4b20-a1a2-e093759f2c28.jpg?bwg=1738226931\" data-elementor-open-lightbox=\"no\">                <div class=\"bwg-item0 \">          <div class=\"bwg-item1 \">            <div class=\"bwg-item2\">              <img decoding=\"async\" class=\"skip-lazy bwg_standart_thumb_img_0 \"                   data-id=\"55\"                   data-width=\"600.00\"                   data-height=\"800.00\"                   data-src=\"https:\/\/outletmeblowyrawa.pl\/wp-content\/uploads\/photo-gallery\/thumb\/d1179420-725e-4b20-a1a2-e093759f2c28.jpg?bwg=1738226931\"                   src=\"https:\/\/outletmeblowyrawa.pl\/wp-content\/uploads\/photo-gallery\/thumb\/d1179420-725e-4b20-a1a2-e093759f2c28.jpg?bwg=1738226931\"                   alt=\"Szafka \u0142azienkowa wisz\u0105ca\"                   title=\"Szafka \u0142azienkowa wisz\u0105ca\" \/>            <\/div>            <div class=\"\">                                                      <\/div>          <\/div>        <\/div>                        <\/a>        <div class=\"bwg-thumb-description bwg_thumb_description_0\"><span>CENA:180Z\u0141<br \/>WYMIARY:<br \/>Szeroko\u015b\u0107: 64 cm<br \/>Wysoko\u015b\u0107: 90 cm<br \/>G\u0142\u0119boko\u015b\u0107: 30 cm<\/span><\/div>      <\/div>            <div class=\"bwg-item\">        <a class=\"bwg-a  bwg_lightbox\"  data-image-id=\"64\" href=\"https:\/\/outletmeblowyrawa.pl\/wp-content\/uploads\/photo-gallery\/modern-mini-biel-cz.jpg?bwg=1738245091\" data-elementor-open-lightbox=\"no\">                <div class=\"bwg-item0 \">          <div class=\"bwg-item1 \">            <div class=\"bwg-item2\">              <img decoding=\"async\" class=\"skip-lazy bwg_standart_thumb_img_0 \"                   data-id=\"64\"                   data-width=\"359.00\"                   data-height=\"800.00\"                   data-src=\"https:\/\/outletmeblowyrawa.pl\/wp-content\/uploads\/photo-gallery\/thumb\/modern-mini-biel-cz.jpg?bwg=1738245091\"                   src=\"https:\/\/outletmeblowyrawa.pl\/wp-content\/uploads\/photo-gallery\/thumb\/modern-mini-biel-cz.jpg?bwg=1738245091\"                   alt=\"\"                   title=\"\" \/>            <\/div>            <div class=\"\">                                                      <\/div>          <\/div>        <\/div>                        <\/a>        <div class=\"bwg-thumb-description bwg_thumb_description_0\"><span>CENA:70Z\u0141<br \/>WYMIARY:<br \/>G\u0142\u0119boko\u015b\u0107: 67 cm<br \/>Szeroko\u015b\u0107: 67 cm<br \/>Wysoko\u015b\u0107: 40 cm<\/span><\/div>      <\/div>            <div class=\"bwg-item\">        <a class=\"bwg-a  bwg_lightbox\"  data-image-id=\"19\" href=\"https:\/\/outletmeblowyrawa.pl\/wp-content\/uploads\/photo-gallery\/modern.jpg?bwg=1737992641\" data-elementor-open-lightbox=\"no\">                <div class=\"bwg-item0 \">          <div class=\"bwg-item1 \">            <div class=\"bwg-item2\">              <img decoding=\"async\" class=\"skip-lazy bwg_standart_thumb_img_0 \"                   data-id=\"19\"                   data-width=\"800.00\"                   data-height=\"600.00\"                   data-src=\"https:\/\/outletmeblowyrawa.pl\/wp-content\/uploads\/photo-gallery\/thumb\/modern.jpg?bwg=1737992641\"                   src=\"https:\/\/outletmeblowyrawa.pl\/wp-content\/uploads\/photo-gallery\/thumb\/modern.jpg?bwg=1737992641\"                   alt=\"\"                   title=\"\" \/>            <\/div>            <div class=\"\">                                                      <\/div>          <\/div>        <\/div>                        <\/a>        <div class=\"bwg-thumb-description bwg_thumb_description_0\"><span>CENA:90Z\u0141<br \/>WYMIARY:<br \/>G\u0142\u0119boko\u015b\u0107: 58 cm<br \/>Szeroko\u015b\u0107: 90 cm<br \/>Wysoko\u015b\u0107: 50 cm<\/span><\/div>      <\/div>            <div class=\"bwg-item\">        <a class=\"bwg-a  bwg_lightbox\"  data-image-id=\"36\" href=\"https:\/\/outletmeblowyrawa.pl\/wp-content\/uploads\/photo-gallery\/1d3s-son.jpg?bwg=1738152547\" data-elementor-open-lightbox=\"no\">                <div class=\"bwg-item0 \">          <div class=\"bwg-item1 \">            <div class=\"bwg-item2\">              <img decoding=\"async\" class=\"skip-lazy bwg_standart_thumb_img_0 \"                   data-id=\"36\"                   data-width=\"800.00\"                   data-height=\"413.00\"                   data-src=\"https:\/\/outletmeblowyrawa.pl\/wp-content\/uploads\/photo-gallery\/thumb\/1d3s-son.jpg?bwg=1738152547\"                   src=\"https:\/\/outletmeblowyrawa.pl\/wp-content\/uploads\/photo-gallery\/thumb\/1d3s-son.jpg?bwg=1738152547\"                   alt=\"\"                   title=\"\" \/>            <\/div>            <div class=\"\">                                                      <\/div>          <\/div>        <\/div>                        <\/a>        <div class=\"bwg-thumb-description bwg_thumb_description_0\"><span>CENA:260Z\u0141<br \/>WYMIARY:<br \/>G\u0142\u0119boko\u015b\u0107: 40 cm<br \/>Szeroko\u015b\u0107: 80 cm<br \/>Wysoko\u015b\u0107: 75 cm<\/span><\/div>      <\/div>            <div class=\"bwg-item\">        <a class=\"bwg-a  bwg_lightbox\"  data-image-id=\"40\" href=\"https:\/\/outletmeblowyrawa.pl\/wp-content\/uploads\/photo-gallery\/pola-son.jpg?bwg=1738153610\" data-elementor-open-lightbox=\"no\">                <div class=\"bwg-item0 \">          <div class=\"bwg-item1 \">            <div class=\"bwg-item2\">              <img decoding=\"async\" class=\"skip-lazy bwg_standart_thumb_img_0 \"                   data-id=\"40\"                   data-width=\"413.00\"                   data-height=\"800.00\"                   data-src=\"https:\/\/outletmeblowyrawa.pl\/wp-content\/uploads\/photo-gallery\/thumb\/pola-son.jpg?bwg=1738153610\"                   src=\"https:\/\/outletmeblowyrawa.pl\/wp-content\/uploads\/photo-gallery\/thumb\/pola-son.jpg?bwg=1738153610\"                   alt=\"\"                   title=\"\" \/>            <\/div>            <div class=\"\">                                                      <\/div>          <\/div>        <\/div>                        <\/a>        <div class=\"bwg-thumb-description bwg_thumb_description_0\"><span>CENA:200Z\u0141<br \/>WYMIARY:<br \/>Szeroko\u015b\u0107: 64 cm<br \/>Wysoko\u015b\u0107: 180 cm<br \/>G\u0142\u0119boko\u015b\u0107: 30 cm<\/span><\/div>      <\/div>            <div class=\"bwg-item\">        <a class=\"bwg-a  bwg_lightbox\"  data-image-id=\"47\" href=\"https:\/\/outletmeblowyrawa.pl\/wp-content\/uploads\/photo-gallery\/rd80-ant-art.jpg?bwg=1738154142\" data-elementor-open-lightbox=\"no\">                <div class=\"bwg-item0 \">          <div class=\"bwg-item1 \">            <div class=\"bwg-item2\">              <img decoding=\"async\" class=\"skip-lazy bwg_standart_thumb_img_0 \"                   data-id=\"47\"                   data-width=\"413.00\"                   data-height=\"800.00\"                   data-src=\"https:\/\/outletmeblowyrawa.pl\/wp-content\/uploads\/photo-gallery\/thumb\/rd80-ant-art.jpg?bwg=1738154142\"                   src=\"https:\/\/outletmeblowyrawa.pl\/wp-content\/uploads\/photo-gallery\/thumb\/rd80-ant-art.jpg?bwg=1738154142\"                   alt=\"\"                   title=\"\" \/>            <\/div>            <div class=\"\">                                                      <\/div>          <\/div>        <\/div>                        <\/a>        <div class=\"bwg-thumb-description bwg_thumb_description_0\"><span>CENA:350Z\u0141<br \/>WYMIARY:<br \/>G\u0142\u0119boko\u015b\u0107: 30 cm<br \/>Szeroko\u015b\u0107: 80 cm<br \/>Wysoko\u015b\u0107: 182 cm<\/span><\/div>      <\/div>            <div class=\"bwg-item\">        <a class=\"bwg-a  bwg_lightbox\"  data-image-id=\"3\" href=\"https:\/\/outletmeblowyrawa.pl\/wp-content\/uploads\/photo-gallery\/m8-czern-1.jpg?bwg=1737992038\" data-elementor-open-lightbox=\"no\">                <div class=\"bwg-item0 \">          <div class=\"bwg-item1 \">            <div class=\"bwg-item2\">              <img decoding=\"async\" class=\"skip-lazy bwg_standart_thumb_img_0 \"                   data-id=\"3\"                   data-width=\"800.00\"                   data-height=\"600.00\"                   data-src=\"https:\/\/outletmeblowyrawa.pl\/wp-content\/uploads\/photo-gallery\/thumb\/m8-czern-1.jpg?bwg=1737992038\"                   src=\"https:\/\/outletmeblowyrawa.pl\/wp-content\/uploads\/photo-gallery\/thumb\/m8-czern-1.jpg?bwg=1737992038\"                   alt=\"\"                   title=\"\" \/>            <\/div>            <div class=\"\">                                                      <\/div>          <\/div>        <\/div>                        <\/a>        <div class=\"bwg-thumb-description bwg_thumb_description_0\"><span>CENA:450Z\u0141<br \/>WYMIARY:<br \/>G\u0142\u0119boko\u015b\u0107: 40 cm<br \/>Szeroko\u015b\u0107: 120 cm<br \/>Wysoko\u015b\u0107: 97 cm<\/span><\/div>      <\/div>            <div class=\"bwg-item\">        <a class=\"bwg-a  bwg_lightbox\"  data-image-id=\"16\" href=\"https:\/\/outletmeblowyrawa.pl\/wp-content\/uploads\/photo-gallery\/rtv-biel-1.jpg?bwg=1737992641\" data-elementor-open-lightbox=\"no\">                <div class=\"bwg-item0 \">          <div class=\"bwg-item1 \">            <div class=\"bwg-item2\">              <img decoding=\"async\" class=\"skip-lazy bwg_standart_thumb_img_0 \"                   data-id=\"16\"                   data-width=\"800.00\"                   data-height=\"600.00\"                   data-src=\"https:\/\/outletmeblowyrawa.pl\/wp-content\/uploads\/photo-gallery\/thumb\/rtv-biel-1.jpg?bwg=1737992641\"                   src=\"https:\/\/outletmeblowyrawa.pl\/wp-content\/uploads\/photo-gallery\/thumb\/rtv-biel-1.jpg?bwg=1737992641\"                   alt=\"\"                   title=\"\" \/>            <\/div>            <div class=\"\">                                                      <\/div>          <\/div>        <\/div>                        <\/a>        <div class=\"bwg-thumb-description bwg_thumb_description_0\"><span>CENA:200Z\u0141<\/span><\/div>      <\/div>            <div class=\"bwg-item\">        <a class=\"bwg-a  bwg_lightbox\"  data-image-id=\"28\" href=\"https:\/\/outletmeblowyrawa.pl\/wp-content\/uploads\/photo-gallery\/IMG-20230523-WA0021.jpg?bwg=1737992800\" data-elementor-open-lightbox=\"no\">                <div class=\"bwg-item0 \">          <div class=\"bwg-item1 \">            <div class=\"bwg-item2\">              <img decoding=\"async\" class=\"skip-lazy bwg_standart_thumb_img_0 \"                   data-id=\"28\"                   data-width=\"369.00\"                   data-height=\"800.00\"                   data-src=\"https:\/\/outletmeblowyrawa.pl\/wp-content\/uploads\/photo-gallery\/thumb\/IMG-20230523-WA0021.jpg?bwg=1737992800\"                   src=\"https:\/\/outletmeblowyrawa.pl\/wp-content\/uploads\/photo-gallery\/thumb\/IMG-20230523-WA0021.jpg?bwg=1737992800\"                   alt=\"\"                   title=\"\" \/>            <\/div>            <div class=\"\">                                                      <\/div>          <\/div>        <\/div>                        <\/a>        <div class=\"bwg-thumb-description bwg_thumb_description_0\"><span>CENA:200Z\u0141<br \/>WYMIARY:<br \/>Szeroko\u015b\u0107 ca\u0142kowita: 64 cm<br \/>Wysoko\u015b\u0107 ca\u0142kowita: 180 cm<br \/>Szeroko\u015b\u0107 wn\u0119ki: 60,8 cm<br \/>Wysoko\u015b\u0107 wn\u0119ki: 90,5 cm<br \/>G\u0142\u0119boko\u015b\u0107: 30 cm<\/span><\/div>      <\/div>            <div class=\"bwg-item\">        <a class=\"bwg-a  bwg_lightbox\"  data-image-id=\"134\" href=\"https:\/\/outletmeblowyrawa.pl\/wp-content\/uploads\/photo-gallery\/82d76aab-2b7c-47b1-abf5-97aee7167c2e.jpg?bwg=1768491617\" data-elementor-open-lightbox=\"no\">                <div class=\"bwg-item0 \">          <div class=\"bwg-item1 \">            <div class=\"bwg-item2\">              <img decoding=\"async\" class=\"skip-lazy bwg_standart_thumb_img_0 \"                   data-id=\"134\"                   data-width=\"915.00\"                   data-height=\"1200.00\"                   data-src=\"https:\/\/outletmeblowyrawa.pl\/wp-content\/uploads\/photo-gallery\/thumb\/82d76aab-2b7c-47b1-abf5-97aee7167c2e.jpg?bwg=1768491617\"                   src=\"https:\/\/outletmeblowyrawa.pl\/wp-content\/uploads\/photo-gallery\/thumb\/82d76aab-2b7c-47b1-abf5-97aee7167c2e.jpg?bwg=1768491617\"                   alt=\"\"                   title=\"\" \/>            <\/div>            <div class=\"\">                                                      <\/div>          <\/div>        <\/div>                        <\/a>        <div class=\"bwg-thumb-description bwg_thumb_description_0\"><span>CENA:300Z\u0141<br \/>WYMIARY:<br \/>G\u0142\u0119boko\u015b\u0107: 35 cm<br \/>Wysoko\u015b\u0107: 180 cm<br \/>Szeroko\u015b\u0107 60 cm<br \/><\/span><\/div>      <\/div>            <div class=\"bwg-item\">        <a class=\"bwg-a  bwg_lightbox\"  data-image-id=\"26\" href=\"https:\/\/outletmeblowyrawa.pl\/wp-content\/uploads\/photo-gallery\/pola-np.jpg?bwg=1737992734\" data-elementor-open-lightbox=\"no\">                <div class=\"bwg-item0 \">          <div class=\"bwg-item1 \">            <div class=\"bwg-item2\">              <img decoding=\"async\" class=\"skip-lazy bwg_standart_thumb_img_0 \"                   data-id=\"26\"                   data-width=\"600.00\"                   data-height=\"800.00\"                   data-src=\"https:\/\/outletmeblowyrawa.pl\/wp-content\/uploads\/photo-gallery\/thumb\/pola-np.jpg?bwg=1737992734\"                   src=\"https:\/\/outletmeblowyrawa.pl\/wp-content\/uploads\/photo-gallery\/thumb\/pola-np.jpg?bwg=1737992734\"                   alt=\"\"                   title=\"\" \/>            <\/div>            <div class=\"\">                                                      <\/div>          <\/div>        <\/div>                        <\/a>        <div class=\"bwg-thumb-description bwg_thumb_description_0\"><span>CENA:80Z\u0141<br \/>WYMIARY:<br \/>Szeroko\u015b\u0107 ca\u0142kowita: 64 cm<br \/>Wysoko\u015b\u0107 ca\u0142kowita: 97,5 cm<br \/>G\u0142\u0119boko\u015b\u0107 ca\u0142kowita: 50 cm<\/span><\/div>      <\/div>            <div class=\"bwg-item\">        <a class=\"bwg-a  bwg_lightbox\"  data-image-id=\"48\" href=\"https:\/\/outletmeblowyrawa.pl\/wp-content\/uploads\/photo-gallery\/duo-son.jpg?bwg=1738154142\" data-elementor-open-lightbox=\"no\">                <div class=\"bwg-item0 \">          <div class=\"bwg-item1 \">            <div class=\"bwg-item2\">              <img decoding=\"async\" class=\"skip-lazy bwg_standart_thumb_img_0 \"                   data-id=\"48\"                   data-width=\"313.00\"                   data-height=\"800.00\"                   data-src=\"https:\/\/outletmeblowyrawa.pl\/wp-content\/uploads\/photo-gallery\/thumb\/duo-son.jpg?bwg=1738154142\"                   src=\"https:\/\/outletmeblowyrawa.pl\/wp-content\/uploads\/photo-gallery\/thumb\/duo-son.jpg?bwg=1738154142\"                   alt=\"\"                   title=\"\" \/>            <\/div>            <div class=\"\">                                                      <\/div>          <\/div>        <\/div>                        <\/a>        <div class=\"bwg-thumb-description bwg_thumb_description_0\"><span>CENA:280Z\u0141<br \/>WYMIARY:<br \/>G\u0142\u0119boko\u015b\u0107: 35 cm<br \/>Szeroko\u015b\u0107: 50 cm<br \/>Wysoko\u015b\u0107: 180 cm<\/span><\/div>      <\/div>            <div class=\"bwg-item\">        <a class=\"bwg-a  bwg_lightbox\"  data-image-id=\"89\" href=\"https:\/\/outletmeblowyrawa.pl\/wp-content\/uploads\/photo-gallery\/rtv-140-biel.jpg?bwg=1742987561\" data-elementor-open-lightbox=\"no\">                <div class=\"bwg-item0 \">          <div class=\"bwg-item1 \">            <div class=\"bwg-item2\">              <img decoding=\"async\" class=\"skip-lazy bwg_standart_thumb_img_0 \"                   data-id=\"89\"                   data-width=\"800.00\"                   data-height=\"450.00\"                   data-src=\"https:\/\/outletmeblowyrawa.pl\/wp-content\/uploads\/photo-gallery\/thumb\/rtv-140-biel.jpg?bwg=1742987561\"                   src=\"https:\/\/outletmeblowyrawa.pl\/wp-content\/uploads\/photo-gallery\/thumb\/rtv-140-biel.jpg?bwg=1742987561\"                   alt=\"\"                   title=\"\" \/>            <\/div>            <div class=\"\">                                                      <\/div>          <\/div>        <\/div>                        <\/a>        <div class=\"bwg-thumb-description bwg_thumb_description_0\"><span>CENA:240Z\u0141<br \/>WYMIARY:<br \/>G\u0142\u0119boko\u015b\u0107: 40 cm<br \/>Szeroko\u015b\u0107: 140 cm<br \/>Wysoko\u015b\u0107: 36 cm<\/span><\/div>      <\/div>            <div class=\"bwg-item\">        <a class=\"bwg-a  bwg_lightbox\"  data-image-id=\"131\" href=\"https:\/\/outletmeblowyrawa.pl\/wp-content\/uploads\/photo-gallery\/c13492e9-3c73-4788-b400-102852e9a5a2.jpg?bwg=1762602823\" data-elementor-open-lightbox=\"no\">                <div class=\"bwg-item0 \">          <div class=\"bwg-item1 \">            <div class=\"bwg-item2\">              <img decoding=\"async\" class=\"skip-lazy bwg_standart_thumb_img_0 \"                   data-id=\"131\"                   data-width=\"529.00\"                   data-height=\"1200.00\"                   data-src=\"https:\/\/outletmeblowyrawa.pl\/wp-content\/uploads\/photo-gallery\/thumb\/c13492e9-3c73-4788-b400-102852e9a5a2.jpg?bwg=1762602823\"                   src=\"https:\/\/outletmeblowyrawa.pl\/wp-content\/uploads\/photo-gallery\/thumb\/c13492e9-3c73-4788-b400-102852e9a5a2.jpg?bwg=1762602823\"                   alt=\"\"                   title=\"\" \/>            <\/div>            <div class=\"\">                                                      <\/div>          <\/div>        <\/div>                        <\/a>        <div class=\"bwg-thumb-description bwg_thumb_description_0\"><span>CENA:350Z\u0141<br \/>WYMIARY:<br \/>G\u0142\u0119boko\u015b\u0107: 35 cm<br \/>Szeroko\u015b\u0107: 85 cm<br \/>Wysoko\u015b\u0107: 180 cm<br \/><\/span><\/div>      <\/div>            <div class=\"bwg-item\">        <a class=\"bwg-a  bwg_lightbox\"  data-image-id=\"43\" href=\"https:\/\/outletmeblowyrawa.pl\/wp-content\/uploads\/photo-gallery\/nel-2.jpg?bwg=1738153610\" data-elementor-open-lightbox=\"no\">                <div class=\"bwg-item0 \">          <div class=\"bwg-item1 \">            <div class=\"bwg-item2\">              <img decoding=\"async\" class=\"skip-lazy bwg_standart_thumb_img_0 \"                   data-id=\"43\"                   data-width=\"413.00\"                   data-height=\"800.00\"                   data-src=\"https:\/\/outletmeblowyrawa.pl\/wp-content\/uploads\/photo-gallery\/thumb\/nel-2.jpg?bwg=1738153610\"                   src=\"https:\/\/outletmeblowyrawa.pl\/wp-content\/uploads\/photo-gallery\/thumb\/nel-2.jpg?bwg=1738153610\"                   alt=\"\"                   title=\"\" \/>            <\/div>            <div class=\"\">                                                      <\/div>          <\/div>        <\/div>                        <\/a>        <div class=\"bwg-thumb-description bwg_thumb_description_0\"><span>CENA:300Z\u0141<br \/>WYMIARY:<br \/>G\u0142\u0119boko\u015b\u0107: 30 cm<br \/>Szeroko\u015b\u0107: 60 cm<br \/>Wysoko\u015b\u0107: 174 cm<br \/><\/span><\/div>      <\/div>            <div class=\"bwg-item\">        <a class=\"bwg-a  bwg_lightbox\"  data-image-id=\"70\" href=\"https:\/\/outletmeblowyrawa.pl\/wp-content\/uploads\/photo-gallery\/475416302_586236027578771_4888571862432410154_n.jpg?bwg=1739368856\" data-elementor-open-lightbox=\"no\">                <div class=\"bwg-item0 \">          <div class=\"bwg-item1 \">            <div class=\"bwg-item2\">              <img decoding=\"async\" class=\"skip-lazy bwg_standart_thumb_img_0 \"                   data-id=\"70\"                   data-width=\"600.00\"                   data-height=\"800.00\"                   data-src=\"https:\/\/outletmeblowyrawa.pl\/wp-content\/uploads\/photo-gallery\/thumb\/475416302_586236027578771_4888571862432410154_n.jpg?bwg=1739368856\"                   src=\"https:\/\/outletmeblowyrawa.pl\/wp-content\/uploads\/photo-gallery\/thumb\/475416302_586236027578771_4888571862432410154_n.jpg?bwg=1739368856\"                   alt=\"\"                   title=\"\" \/>            <\/div>            <div class=\"\">                                                      <\/div>          <\/div>        <\/div>                        <\/a>        <div class=\"bwg-thumb-description bwg_thumb_description_0\"><span>CENA:350Z\u0141<br \/>WYMIARY:<br \/>G\u0142\u0119boko\u015b\u0107: 24 cm<br \/>Szeroko\u015b\u0107: 85 cm<br \/>Wysoko\u015b\u0107: 180 cm<\/span><\/div>      <\/div>            <div class=\"bwg-item\">        <a class=\"bwg-a  bwg_lightbox\"  data-image-id=\"127\" href=\"https:\/\/outletmeblowyrawa.pl\/wp-content\/uploads\/photo-gallery\/2d0cb4dc-e0d7-45f5-af31-f2986727bc63.jpg?bwg=1762596053\" data-elementor-open-lightbox=\"no\">                <div class=\"bwg-item0 \">          <div class=\"bwg-item1 \">            <div class=\"bwg-item2\">              <img decoding=\"async\" class=\"skip-lazy bwg_standart_thumb_img_0 \"                   data-id=\"127\"                   data-width=\"800.00\"                   data-height=\"559.00\"                   data-src=\"https:\/\/outletmeblowyrawa.pl\/wp-content\/uploads\/photo-gallery\/thumb\/2d0cb4dc-e0d7-45f5-af31-f2986727bc63.jpg?bwg=1762596053\"                   src=\"https:\/\/outletmeblowyrawa.pl\/wp-content\/uploads\/photo-gallery\/thumb\/2d0cb4dc-e0d7-45f5-af31-f2986727bc63.jpg?bwg=1762596053\"                   alt=\"\"                   title=\"\" \/>            <\/div>            <div class=\"\">                                                      <\/div>          <\/div>        <\/div>                        <\/a>        <div class=\"bwg-thumb-description bwg_thumb_description_0\"><span>CENA:120-200Z\u0141<br \/>WYMIARY:<br \/>G\u0142\u0119boko\u015b\u0107: 30 cm<br \/>Szeroko\u015b\u0107: 25, 40, 50, 60 oraz 80cm<br \/>Wysoko\u015b\u0107: 182 cm<br \/>Odleg\u0142o\u015b\u0107 mi\u0119dzy p\u00f3\u0142kami: 33 cm<br \/>D\u0105b sonoma, d\u0105b artisan, biel, czer\u0144<\/span><\/div>      <\/div>            <div class=\"bwg-item\">        <a class=\"bwg-a  bwg_lightbox\"  data-image-id=\"12\" href=\"https:\/\/outletmeblowyrawa.pl\/wp-content\/uploads\/photo-gallery\/r80-biel.jpg?bwg=1737992561\" data-elementor-open-lightbox=\"no\">                <div class=\"bwg-item0 \">          <div class=\"bwg-item1 \">            <div class=\"bwg-item2\">              <img decoding=\"async\" class=\"skip-lazy bwg_standart_thumb_img_0 \"                   data-id=\"12\"                   data-width=\"600.00\"                   data-height=\"800.00\"                   data-src=\"https:\/\/outletmeblowyrawa.pl\/wp-content\/uploads\/photo-gallery\/thumb\/r80-biel.jpg?bwg=1737992561\"                   src=\"https:\/\/outletmeblowyrawa.pl\/wp-content\/uploads\/photo-gallery\/thumb\/r80-biel.jpg?bwg=1737992561\"                   alt=\"\"                   title=\"\" \/>            <\/div>            <div class=\"\">                                                      <\/div>          <\/div>        <\/div>                        <\/a>        <div class=\"bwg-thumb-description bwg_thumb_description_0\"><span>CENA: 200Z\u0141<br \/>WYMIARY:<br \/>G\u0142\u0119boko\u015b\u0107: 30 cm<br \/>Szeroko\u015b\u0107: 80 cm<br \/>Wysoko\u015b\u0107: 182 cm<br \/>Odleg\u0142o\u015b\u0107 mi\u0119dzy p\u00f3\u0142kami: 33 cm<\/span><\/div>      <\/div>            <div class=\"bwg-item\">        <a class=\"bwg-a  bwg_lightbox\"  data-image-id=\"45\" href=\"https:\/\/outletmeblowyrawa.pl\/wp-content\/uploads\/photo-gallery\/nel-1-art-ant.jpg?bwg=1738153610\" data-elementor-open-lightbox=\"no\">                <div class=\"bwg-item0 \">          <div class=\"bwg-item1 \">            <div class=\"bwg-item2\">              <img decoding=\"async\" class=\"skip-lazy bwg_standart_thumb_img_0 \"                   data-id=\"45\"                   data-width=\"413.00\"                   data-height=\"800.00\"                   data-src=\"https:\/\/outletmeblowyrawa.pl\/wp-content\/uploads\/photo-gallery\/thumb\/nel-1-art-ant.jpg?bwg=1738153610\"                   src=\"https:\/\/outletmeblowyrawa.pl\/wp-content\/uploads\/photo-gallery\/thumb\/nel-1-art-ant.jpg?bwg=1738153610\"                   alt=\"\"                   title=\"\" \/>            <\/div>            <div class=\"\">                                                      <\/div>          <\/div>        <\/div>                        <\/a>        <div class=\"bwg-thumb-description bwg_thumb_description_0\"><span>CENA:190Z\u0141<br \/>WYMIARY:<br \/>G\u0142\u0119boko\u015b\u0107: 30 cm<br \/>Szeroko\u015b\u0107: 31 cm<br \/>Wysoko\u015b\u0107: 174 cm<\/span><\/div>      <\/div>            <div class=\"bwg-item\">        <a class=\"bwg-a  bwg_lightbox\"  data-image-id=\"30\" href=\"https:\/\/outletmeblowyrawa.pl\/wp-content\/uploads\/photo-gallery\/472580547_900491435488400_8791823360019343377_n.jpg?bwg=1762601576\" data-elementor-open-lightbox=\"no\">                <div class=\"bwg-item0 \">          <div class=\"bwg-item1 \">            <div class=\"bwg-item2\">              <img decoding=\"async\" class=\"skip-lazy bwg_standart_thumb_img_0 \"                   data-id=\"30\"                   data-width=\"104\"                   data-height=\"393\"                   data-src=\"https:\/\/outletmeblowyrawa.pl\/wp-content\/uploads\/photo-gallery\/thumb\/472580547_900491435488400_8791823360019343377_n.jpg?bwg=1762601576\"                   src=\"https:\/\/outletmeblowyrawa.pl\/wp-content\/uploads\/photo-gallery\/thumb\/472580547_900491435488400_8791823360019343377_n.jpg?bwg=1762601576\"                   alt=\"\"                   title=\"\" \/>            <\/div>            <div class=\"\">                                                      <\/div>          <\/div>        <\/div>                        <\/a>        <div class=\"bwg-thumb-description bwg_thumb_description_0\"><span>CENA:190Z\u0141<br \/>WYMIARY:<br \/>G\u0142\u0119boko\u015b\u0107: 30 cm<br \/>Szeroko\u015b\u0107: 31 cm<br \/>Wysoko\u015b\u0107: 174 cm<\/span><\/div>      <\/div>            <div class=\"bwg-item\">        <a class=\"bwg-a  bwg_lightbox\"  data-image-id=\"46\" href=\"https:\/\/outletmeblowyrawa.pl\/wp-content\/uploads\/photo-gallery\/r40-biel.jpg?bwg=1738153879\" data-elementor-open-lightbox=\"no\">                <div class=\"bwg-item0 \">          <div class=\"bwg-item1 \">            <div class=\"bwg-item2\">              <img decoding=\"async\" class=\"skip-lazy bwg_standart_thumb_img_0 \"                   data-id=\"46\"                   data-width=\"450.00\"                   data-height=\"800.00\"                   data-src=\"https:\/\/outletmeblowyrawa.pl\/wp-content\/uploads\/photo-gallery\/thumb\/r40-biel.jpg?bwg=1738153879\"                   src=\"https:\/\/outletmeblowyrawa.pl\/wp-content\/uploads\/photo-gallery\/thumb\/r40-biel.jpg?bwg=1738153879\"                   alt=\"\"                   title=\"\" \/>            <\/div>            <div class=\"\">                                                      <\/div>          <\/div>        <\/div>                        <\/a>        <div class=\"bwg-thumb-description bwg_thumb_description_0\"><span>CENA:140Z\u0141<br \/>WYMIARY:<br \/>G\u0142\u0119boko\u015b\u0107: 30 cm<br \/>Szeroko\u015b\u0107: 40 cm<br \/>Wysoko\u015b\u0107: 182 cm<br \/>Odleg\u0142o\u015b\u0107 mi\u0119dzy p\u00f3\u0142kami: 33 cm<\/span><\/div>      <\/div>            <div class=\"bwg-item\">        <a class=\"bwg-a  bwg_lightbox\"  data-image-id=\"15\" href=\"https:\/\/outletmeblowyrawa.pl\/wp-content\/uploads\/photo-gallery\/regal-czern.jpg?bwg=1737992561\" data-elementor-open-lightbox=\"no\">                <div class=\"bwg-item0 \">          <div class=\"bwg-item1 \">            <div class=\"bwg-item2\">              <img decoding=\"async\" class=\"skip-lazy bwg_standart_thumb_img_0 \"                   data-id=\"15\"                   data-width=\"600.00\"                   data-height=\"800.00\"                   data-src=\"https:\/\/outletmeblowyrawa.pl\/wp-content\/uploads\/photo-gallery\/thumb\/regal-czern.jpg?bwg=1737992561\"                   src=\"https:\/\/outletmeblowyrawa.pl\/wp-content\/uploads\/photo-gallery\/thumb\/regal-czern.jpg?bwg=1737992561\"                   alt=\"\"                   title=\"\" \/>            <\/div>            <div class=\"\">                                                      <\/div>          <\/div>        <\/div>                        <\/a>        <div class=\"bwg-thumb-description bwg_thumb_description_0\"><span>CENA: 160Z\u0141<br \/>WYMIARY:<br \/>G\u0142\u0119boko\u015b\u0107: 30 cm<br \/>Szeroko\u015b\u0107: 60 cm<br \/>Wysoko\u015b\u0107: 182 cm<br \/>Odleg\u0142o\u015b\u0107 mi\u0119dzy p\u00f3\u0142kami: 33 cm<\/span><\/div>      <\/div>            <div class=\"bwg-item\">        <a class=\"bwg-a  bwg_lightbox\"  data-image-id=\"14\" href=\"https:\/\/outletmeblowyrawa.pl\/wp-content\/uploads\/photo-gallery\/r50-art.jpg?bwg=1737992561\" data-elementor-open-lightbox=\"no\">                <div class=\"bwg-item0 \">          <div class=\"bwg-item1 \">            <div class=\"bwg-item2\">              <img decoding=\"async\" class=\"skip-lazy bwg_standart_thumb_img_0 \"                   data-id=\"14\"                   data-width=\"600.00\"                   data-height=\"800.00\"                   data-src=\"https:\/\/outletmeblowyrawa.pl\/wp-content\/uploads\/photo-gallery\/thumb\/r50-art.jpg?bwg=1737992561\"                   src=\"https:\/\/outletmeblowyrawa.pl\/wp-content\/uploads\/photo-gallery\/thumb\/r50-art.jpg?bwg=1737992561\"                   alt=\"\"                   title=\"\" \/>            <\/div>            <div class=\"\">                                                      <\/div>          <\/div>        <\/div>                        <\/a>        <div class=\"bwg-thumb-description bwg_thumb_description_0\"><span>CENA: 150Z\u0141<br \/>WYMIARY:<br \/>G\u0142\u0119boko\u015b\u0107: 30 cm<br \/>Szeroko\u015b\u0107: 50 cm<br \/>Wysoko\u015b\u0107: 182 cm<\/span><\/div>      <\/div>          <\/div>    <style>      \/*pagination styles*\/      #bwg_container1_0 #bwg_container2_0 .tablenav-pages_0 {\t\t\t\ttext-align: center;\t\t\t\tfont-size: 12px;\t\t\t\tfont-family: Ubuntu;\t\t\t\tfont-weight: bold;\t\t\t\tcolor: #666666;\t\t\t\tmargin: 6px 0 4px;\t\t\t\tdisplay: block;      }      @media only screen and (max-width : 320px) {      #bwg_container1_0 #bwg_container2_0 .displaying-num_0 {     \t display: none;      }      }      #bwg_container1_0 #bwg_container2_0 .displaying-num_0 {\t\t\t\tfont-size: 12px;\t\t\t\tfont-family: Ubuntu;\t\t\t\tfont-weight: bold;\t\t\t\tcolor: #666666;\t\t\t\tmargin-right: 10px;\t\t\t\tvertical-align: middle;      }      #bwg_container1_0 #bwg_container2_0 .paging-input_0 {\t\t\t\tfont-size: 12px;\t\t\t\tfont-family: Ubuntu;\t\t\t\tfont-weight: bold;\t\t\t\tcolor: #666666;\t\t\t\tvertical-align: middle;      }      #bwg_container1_0 #bwg_container2_0 .tablenav-pages_0 a.disabled,      #bwg_container1_0 #bwg_container2_0 .tablenav-pages_0 a.disabled:hover,      #bwg_container1_0 #bwg_container2_0 .tablenav-pages_0 a.disabled:focus,\t\t\t#bwg_container1_0 #bwg_container2_0 .tablenav-pages_0 input.bwg_current_page {\t\t\t\tcursor: default;\t\t\t\tcolor: rgba(102, 102, 102, 0.5);      }      #bwg_container1_0 #bwg_container2_0 .tablenav-pages_0 a,      #bwg_container1_0 #bwg_container2_0 .tablenav-pages_0 input.bwg_current_page {\t\t\t\tcursor: pointer;\t\t\t\ttext-align: center;\t\t\t\tfont-size: 12px;\t\t\t\tfont-family: Ubuntu;\t\t\t\tfont-weight: bold;\t\t\t\tcolor: #666666;\t\t\t\ttext-decoration: none;\t\t\t\tpadding: 3px 6px;\t\t\t\tmargin: 0;\t\t\t\tborder-radius: 0;\t\t\t\tborder-style: solid;\t\t\t\tborder-width: 1px;\t\t\t\tborder-color: #E3E3E3;\t\t\t\t\t\t\t\tbackground-color: rgba(255, 255, 255, 1.00);\t\t\t\tbox-shadow: 0;\t\t\t\ttransition: all 0.3s ease 0s;-webkit-transition: all 0.3s ease 0s;      }      <\/style>      <span class=\"bwg_nav_cont_0\">              <div class=\"tablenav-pages_0\">                  <\/div>                <input type=\"hidden\" id=\"page_number_0\" name=\"page_number_0\" value=\"1\" \/>      <script type=\"text\/javascript\">        if( jQuery('.bwg_nav_cont_0').length > 1 ) {          jQuery('.bwg_nav_cont_0').first().remove()        }        function spider_page_0(cur, x, y, load_more) {          if (typeof load_more == \"undefined\") {            var load_more = false;          }          if (jQuery(cur).hasClass('disabled')) {            return false;          }          var items_county_0 = 1;          switch (y) {            case 1:              if (x >= items_county_0) {                document.getElementById('page_number_0').value = items_county_0;              }              else {                document.getElementById('page_number_0').value = x + 1;              }              break;            case 2:              document.getElementById('page_number_0').value = items_county_0;              break;            case -1:              if (x == 1) {                document.getElementById('page_number_0').value = 1;              }              else {                document.getElementById('page_number_0').value = x - 1;              }              break;            case -2:              document.getElementById('page_number_0').value = 1;              break;\t\t\t\t\t\tcase 0:              document.getElementById('page_number_0').value = x;              break;            default:              document.getElementById('page_number_0').value = 1;          }          bwg_ajax('gal_front_form_0', '0', 'bwg_thumbnails_0', '0', '', 'gallery', 0, '', '', load_more, '', 1);        }                    jQuery('.first-page-0').on('click', function () {              spider_page_0(this, 1, -2, 'numeric');              return false;            });            jQuery('.prev-page-0').on('click', function () {              spider_page_0(this, 1, -1, 'numeric');              return false;            });            jQuery('.next-page-0').on('click', function () {              spider_page_0(this, 1, 1, 'numeric');              return false;            });            jQuery('.last-page-0').on('click', function () {              spider_page_0(this, 1, 2, 'numeric');              return false;            });        \t\t\t\t\/* Change page on input enter. *\/        function bwg_change_page_0( e, that ) {          if (  e.key == 'Enter' ) {            var to_page = parseInt(jQuery(that).val());            var pages_count = jQuery(that).parents(\".pagination-links\").data(\"pages-count\");            var current_url_param = jQuery(that).attr('data-url-info');            if (to_page > pages_count) {              to_page = 1;            }\t \t\t\t\t\t\t\t\t\t\t\t\tspider_page_0(this, to_page, 0, 'numeric');\t\t\t\t\t\t\treturn false;\t\t\t\t\t\t          }          return true;        }        jQuery('.bwg_load_btn_0').on('click', function () {            spider_page_0(this, 1, 1, true);            return false;        });      <\/script>      <\/span>                <\/div>        <\/form>        <style>          #bwg_container1_0 #bwg_container2_0 #spider_popup_overlay_0 {          background-color: #EEEEEE;          opacity: 0.60;          }          <\/style>        <div id=\"bwg_spider_popup_loading_0\" class=\"bwg_spider_popup_loading\"><\/div>        <div id=\"spider_popup_overlay_0\" class=\"spider_popup_overlay\" onclick=\"spider_destroypopup(1000)\"><\/div>        <input type=\"hidden\" id=\"bwg_random_seed_0\" value=\"1900809200\">                <\/div>    <\/div>    <script>      if (document.readyState === 'complete') {        if( typeof bwg_main_ready == 'function' ) {          if ( jQuery(\"#bwg_container1_0\").height() ) {            bwg_main_ready(jQuery(\"#bwg_container1_0\"));          }        }      } else {        document.addEventListener('DOMContentLoaded', function() {          if( typeof bwg_main_ready == 'function' ) {            if ( jQuery(\"#bwg_container1_0\").height() ) {             bwg_main_ready(jQuery(\"#bwg_container1_0\"));            }          }        });      }    <\/script>    \n\n\n\n<p>Meble Outlet Rawa Mazowiecka &#8211; Szukasz nowych mebli w atrakcyjnych cenach? Nasz outlet meblowy w Rawie Mazowieckiej to miejsce dla Ciebie! Oferujemy szeroki wyb\u00f3r mebli: od nowoczesnych <a href=\"https:\/\/outletmeblowyrawa.pl\/index.php\/garderoby-komody\/\">salonowych zestaw\u00f3w<\/a> po funkcjonalne <a href=\"https:\/\/outletmeblowyrawa.pl\/index.php\/szafy-regaly\/\">meble biurowe<\/a>. Znajdziesz u nas zar\u00f3wno nowe meble, jak i meble powystawowe w doskona\u0142ym stanie. Przyjd\u017a i przekonaj si\u0119, \u017ce urz\u0105dzanie domu mo\u017ce by\u0107 przyjemne i niedrogie!<br><br><strong>Co znajdziesz w naszym outlecie?<\/strong><\/p>\n\n\n\n<p><strong>Meble sypialniane:<\/strong> szafy, komody<\/p>\n\n\n\n<p><strong>Meble salonowe:<\/strong> stoliki, szafki rtv<\/p>\n\n\n\n<p><strong>Meble biurowe:<\/strong> biurka, fotele, rega\u0142y<\/p>\n\n\n\n<p><br>Asortyment na <a href=\"https:\/\/outletmeblowyrawa.olx.pl\/home\/\">OLX<\/a>.<\/p>\n\n\n<div class=\"wp-block-image is-style-default\">\n<figure class=\"aligncenter size-full\"><img loading=\"lazy\" decoding=\"async\" width=\"512\" height=\"512\" src=\"https:\/\/outletmeblowyrawa.pl\/wp-content\/uploads\/2025\/01\/cropped-1028548118_1_192x192_rev001.jpg\" alt=\"Meble Outlet Rawa Mazowiecka\" class=\"wp-image-56\" srcset=\"https:\/\/outletmeblowyrawa.pl\/wp-content\/uploads\/2025\/01\/cropped-1028548118_1_192x192_rev001.jpg 512w, https:\/\/outletmeblowyrawa.pl\/wp-content\/uploads\/2025\/01\/cropped-1028548118_1_192x192_rev001-300x300.jpg 300w, https:\/\/outletmeblowyrawa.pl\/wp-content\/uploads\/2025\/01\/cropped-1028548118_1_192x192_rev001-150x150.jpg 150w, https:\/\/outletmeblowyrawa.pl\/wp-content\/uploads\/2025\/01\/cropped-1028548118_1_192x192_rev001-270x270.jpg 270w, https:\/\/outletmeblowyrawa.pl\/wp-content\/uploads\/2025\/01\/cropped-1028548118_1_192x192_rev001-192x192.jpg 192w, https:\/\/outletmeblowyrawa.pl\/wp-content\/uploads\/2025\/01\/cropped-1028548118_1_192x192_rev001-180x180.jpg 180w, https:\/\/outletmeblowyrawa.pl\/wp-content\/uploads\/2025\/01\/cropped-1028548118_1_192x192_rev001-32x32.jpg 32w\" sizes=\"auto, (max-width: 512px) 100vw, 512px\" \/><\/figure>\n<\/div>\n\n\n<p><\/p>\n","protected":false},"excerpt":{"rendered":"<p>Meble Outlet Rawa Mazowiecka &#8211; Szukasz nowych mebli w atrakcyjnych cenach? Nasz outlet meblowy w Rawie Mazowieckiej to miejsce dla Ciebie! Oferujemy szeroki wyb\u00f3r mebli: od nowoczesnych salonowych zestaw\u00f3w po funkcjonalne meble biurowe. Znajdziesz u nas zar\u00f3wno nowe meble, jak i meble powystawowe w doskona\u0142ym stanie. Przyjd\u017a i przekonaj si\u0119, \u017ce urz\u0105dzanie domu mo\u017ce by\u0107 [&hellip;]<\/p>\n","protected":false},"author":2,"featured_media":0,"parent":0,"menu_order":0,"comment_status":"closed","ping_status":"closed","template":"","meta":{"footnotes":""},"class_list":["post-110","page","type-page","status-publish","hentry"],"yoast_head":"<!-- This site is optimized with the Yoast SEO plugin v27.4 - https:\/\/yoast.com\/product\/yoast-seo-wordpress\/ -->\n<title>Meble Outlet Rawa Mazowiecka - Ca\u0142y Asortyment<\/title>\n<meta name=\"description\" content=\"Meble Outlet Rawa Mazowiecka - Ca\u0142y asortyment mebli nowoczesnych. Znajd\u017a designerskie komody, sto\u0142y, rega\u0142y i wiele innych.\" \/>\n<meta name=\"robots\" content=\"index, follow, max-snippet:-1, max-image-preview:large, max-video-preview:-1\" \/>\n<link rel=\"canonical\" href=\"https:\/\/outletmeblowyrawa.pl\/index.php\/meble-outlet-rawa-mazowiecka\/\" \/>\n<meta property=\"og:locale\" content=\"en_US\" \/>\n<meta property=\"og:type\" content=\"article\" \/>\n<meta property=\"og:title\" content=\"Meble Outlet Rawa Mazowiecka - Ca\u0142y Asortyment\" \/>\n<meta property=\"og:description\" content=\"Meble Outlet Rawa Mazowiecka - Ca\u0142y asortyment mebli nowoczesnych. Znajd\u017a designerskie komody, sto\u0142y, rega\u0142y i wiele innych.\" \/>\n<meta property=\"og:url\" content=\"https:\/\/outletmeblowyrawa.pl\/index.php\/meble-outlet-rawa-mazowiecka\/\" \/>\n<meta property=\"og:site_name\" content=\"Outlet Meblowy Rawa\" \/>\n<meta property=\"article:publisher\" content=\"https:\/\/www.facebook.com\/groups\/outletmeblowyrawa\" \/>\n<meta property=\"article:modified_time\" content=\"2025-01-31T10:02:23+00:00\" \/>\n<meta property=\"og:image\" content=\"http:\/\/outletmeblowyrawa.pl\/wp-content\/uploads\/2025\/01\/cropped-1028548118_1_192x192_rev001.jpg\" \/>\n<meta name=\"twitter:card\" content=\"summary_large_image\" \/>\n<meta name=\"twitter:label1\" content=\"Est. reading time\" \/>\n\t<meta name=\"twitter:data1\" content=\"1 minute\" \/>\n<script type=\"application\/ld+json\" class=\"yoast-schema-graph\">{\"@context\":\"https:\\\/\\\/schema.org\",\"@graph\":[{\"@type\":[\"Article\",\"BlogPosting\"],\"@id\":\"https:\\\/\\\/outletmeblowyrawa.pl\\\/index.php\\\/meble-outlet-rawa-mazowiecka\\\/#article\",\"isPartOf\":{\"@id\":\"https:\\\/\\\/outletmeblowyrawa.pl\\\/index.php\\\/meble-outlet-rawa-mazowiecka\\\/\"},\"author\":{\"name\":\"Outlet\",\"@id\":\"https:\\\/\\\/outletmeblowyrawa.pl\\\/#\\\/schema\\\/person\\\/cbc720962c7f34ba5d2a9de7f36e5dea\"},\"headline\":\"Ca\u0142y Asortyment\",\"datePublished\":\"2025-01-28T14:25:19+00:00\",\"dateModified\":\"2025-01-31T10:02:23+00:00\",\"mainEntityOfPage\":{\"@id\":\"https:\\\/\\\/outletmeblowyrawa.pl\\\/index.php\\\/meble-outlet-rawa-mazowiecka\\\/\"},\"wordCount\":99,\"publisher\":{\"@id\":\"https:\\\/\\\/outletmeblowyrawa.pl\\\/#organization\"},\"image\":{\"@id\":\"https:\\\/\\\/outletmeblowyrawa.pl\\\/index.php\\\/meble-outlet-rawa-mazowiecka\\\/#primaryimage\"},\"thumbnailUrl\":\"http:\\\/\\\/outletmeblowyrawa.pl\\\/wp-content\\\/uploads\\\/2025\\\/01\\\/cropped-1028548118_1_192x192_rev001.jpg\",\"inLanguage\":\"en-US\"},{\"@type\":\"WebPage\",\"@id\":\"https:\\\/\\\/outletmeblowyrawa.pl\\\/index.php\\\/meble-outlet-rawa-mazowiecka\\\/\",\"url\":\"https:\\\/\\\/outletmeblowyrawa.pl\\\/index.php\\\/meble-outlet-rawa-mazowiecka\\\/\",\"name\":\"Meble Outlet Rawa Mazowiecka - Ca\u0142y Asortyment\",\"isPartOf\":{\"@id\":\"https:\\\/\\\/outletmeblowyrawa.pl\\\/#website\"},\"primaryImageOfPage\":{\"@id\":\"https:\\\/\\\/outletmeblowyrawa.pl\\\/index.php\\\/meble-outlet-rawa-mazowiecka\\\/#primaryimage\"},\"image\":{\"@id\":\"https:\\\/\\\/outletmeblowyrawa.pl\\\/index.php\\\/meble-outlet-rawa-mazowiecka\\\/#primaryimage\"},\"thumbnailUrl\":\"http:\\\/\\\/outletmeblowyrawa.pl\\\/wp-content\\\/uploads\\\/2025\\\/01\\\/cropped-1028548118_1_192x192_rev001.jpg\",\"datePublished\":\"2025-01-28T14:25:19+00:00\",\"dateModified\":\"2025-01-31T10:02:23+00:00\",\"description\":\"Meble Outlet Rawa Mazowiecka - Ca\u0142y asortyment mebli nowoczesnych. Znajd\u017a designerskie komody, sto\u0142y, rega\u0142y i wiele innych.\",\"breadcrumb\":{\"@id\":\"https:\\\/\\\/outletmeblowyrawa.pl\\\/index.php\\\/meble-outlet-rawa-mazowiecka\\\/#breadcrumb\"},\"inLanguage\":\"en-US\",\"potentialAction\":[{\"@type\":\"ReadAction\",\"target\":[\"https:\\\/\\\/outletmeblowyrawa.pl\\\/index.php\\\/meble-outlet-rawa-mazowiecka\\\/\"]}]},{\"@type\":\"ImageObject\",\"inLanguage\":\"en-US\",\"@id\":\"https:\\\/\\\/outletmeblowyrawa.pl\\\/index.php\\\/meble-outlet-rawa-mazowiecka\\\/#primaryimage\",\"url\":\"https:\\\/\\\/outletmeblowyrawa.pl\\\/wp-content\\\/uploads\\\/2025\\\/01\\\/cropped-1028548118_1_192x192_rev001.jpg\",\"contentUrl\":\"https:\\\/\\\/outletmeblowyrawa.pl\\\/wp-content\\\/uploads\\\/2025\\\/01\\\/cropped-1028548118_1_192x192_rev001.jpg\",\"width\":512,\"height\":512},{\"@type\":\"BreadcrumbList\",\"@id\":\"https:\\\/\\\/outletmeblowyrawa.pl\\\/index.php\\\/meble-outlet-rawa-mazowiecka\\\/#breadcrumb\",\"itemListElement\":[{\"@type\":\"ListItem\",\"position\":1,\"name\":\"Strona g\u0142\u00f3wna\",\"item\":\"https:\\\/\\\/outletmeblowyrawa.pl\\\/\"},{\"@type\":\"ListItem\",\"position\":2,\"name\":\"Ca\u0142y Asortyment\"}]},{\"@type\":\"WebSite\",\"@id\":\"https:\\\/\\\/outletmeblowyrawa.pl\\\/#website\",\"url\":\"https:\\\/\\\/outletmeblowyrawa.pl\\\/\",\"name\":\"Outlet Meblowy Rawa\",\"description\":\"Z\u0141O\u017bONE MEBLE W ATRAKCYJNYCH CENACH\",\"publisher\":{\"@id\":\"https:\\\/\\\/outletmeblowyrawa.pl\\\/#organization\"},\"alternateName\":\"Meble Rawa\",\"potentialAction\":[{\"@type\":\"SearchAction\",\"target\":{\"@type\":\"EntryPoint\",\"urlTemplate\":\"https:\\\/\\\/outletmeblowyrawa.pl\\\/?s={search_term_string}\"},\"query-input\":{\"@type\":\"PropertyValueSpecification\",\"valueRequired\":true,\"valueName\":\"search_term_string\"}}],\"inLanguage\":\"en-US\"},{\"@type\":\"Organization\",\"@id\":\"https:\\\/\\\/outletmeblowyrawa.pl\\\/#organization\",\"name\":\"Outlet Meblowy Rawa\",\"url\":\"https:\\\/\\\/outletmeblowyrawa.pl\\\/\",\"logo\":{\"@type\":\"ImageObject\",\"inLanguage\":\"en-US\",\"@id\":\"https:\\\/\\\/outletmeblowyrawa.pl\\\/#\\\/schema\\\/logo\\\/image\\\/\",\"url\":\"https:\\\/\\\/outletmeblowyrawa.pl\\\/wp-content\\\/uploads\\\/2025\\\/01\\\/cropped-1028548118_1_192x192_rev001.jpg\",\"contentUrl\":\"https:\\\/\\\/outletmeblowyrawa.pl\\\/wp-content\\\/uploads\\\/2025\\\/01\\\/cropped-1028548118_1_192x192_rev001.jpg\",\"width\":512,\"height\":512,\"caption\":\"Outlet Meblowy Rawa\"},\"image\":{\"@id\":\"https:\\\/\\\/outletmeblowyrawa.pl\\\/#\\\/schema\\\/logo\\\/image\\\/\"},\"sameAs\":[\"https:\\\/\\\/www.facebook.com\\\/groups\\\/outletmeblowyrawa\"]},{\"@type\":\"Person\",\"@id\":\"https:\\\/\\\/outletmeblowyrawa.pl\\\/#\\\/schema\\\/person\\\/cbc720962c7f34ba5d2a9de7f36e5dea\",\"name\":\"Outlet\",\"image\":{\"@type\":\"ImageObject\",\"inLanguage\":\"en-US\",\"@id\":\"https:\\\/\\\/secure.gravatar.com\\\/avatar\\\/1087607af3b2b008331718068e0a6025da23e8a3839fe9318aa996493961f6e9?s=96&d=mm&r=g\",\"url\":\"https:\\\/\\\/secure.gravatar.com\\\/avatar\\\/1087607af3b2b008331718068e0a6025da23e8a3839fe9318aa996493961f6e9?s=96&d=mm&r=g\",\"contentUrl\":\"https:\\\/\\\/secure.gravatar.com\\\/avatar\\\/1087607af3b2b008331718068e0a6025da23e8a3839fe9318aa996493961f6e9?s=96&d=mm&r=g\",\"caption\":\"Outlet\"},\"url\":\"https:\\\/\\\/outletmeblowyrawa.pl\\\/index.php\\\/author\\\/outlet\\\/\"}]}<\/script>\n<!-- \/ Yoast SEO plugin. -->","yoast_head_json":{"title":"Meble Outlet Rawa Mazowiecka - Ca\u0142y Asortyment","description":"Meble Outlet Rawa Mazowiecka - Ca\u0142y asortyment mebli nowoczesnych. Znajd\u017a designerskie komody, sto\u0142y, rega\u0142y i wiele innych.","robots":{"index":"index","follow":"follow","max-snippet":"max-snippet:-1","max-image-preview":"max-image-preview:large","max-video-preview":"max-video-preview:-1"},"canonical":"https:\/\/outletmeblowyrawa.pl\/index.php\/meble-outlet-rawa-mazowiecka\/","og_locale":"en_US","og_type":"article","og_title":"Meble Outlet Rawa Mazowiecka - Ca\u0142y Asortyment","og_description":"Meble Outlet Rawa Mazowiecka - Ca\u0142y asortyment mebli nowoczesnych. Znajd\u017a designerskie komody, sto\u0142y, rega\u0142y i wiele innych.","og_url":"https:\/\/outletmeblowyrawa.pl\/index.php\/meble-outlet-rawa-mazowiecka\/","og_site_name":"Outlet Meblowy Rawa","article_publisher":"https:\/\/www.facebook.com\/groups\/outletmeblowyrawa","article_modified_time":"2025-01-31T10:02:23+00:00","og_image":[{"url":"http:\/\/outletmeblowyrawa.pl\/wp-content\/uploads\/2025\/01\/cropped-1028548118_1_192x192_rev001.jpg","type":"","width":"","height":""}],"twitter_card":"summary_large_image","twitter_misc":{"Est. reading time":"1 minute"},"schema":{"@context":"https:\/\/schema.org","@graph":[{"@type":["Article","BlogPosting"],"@id":"https:\/\/outletmeblowyrawa.pl\/index.php\/meble-outlet-rawa-mazowiecka\/#article","isPartOf":{"@id":"https:\/\/outletmeblowyrawa.pl\/index.php\/meble-outlet-rawa-mazowiecka\/"},"author":{"name":"Outlet","@id":"https:\/\/outletmeblowyrawa.pl\/#\/schema\/person\/cbc720962c7f34ba5d2a9de7f36e5dea"},"headline":"Ca\u0142y Asortyment","datePublished":"2025-01-28T14:25:19+00:00","dateModified":"2025-01-31T10:02:23+00:00","mainEntityOfPage":{"@id":"https:\/\/outletmeblowyrawa.pl\/index.php\/meble-outlet-rawa-mazowiecka\/"},"wordCount":99,"publisher":{"@id":"https:\/\/outletmeblowyrawa.pl\/#organization"},"image":{"@id":"https:\/\/outletmeblowyrawa.pl\/index.php\/meble-outlet-rawa-mazowiecka\/#primaryimage"},"thumbnailUrl":"http:\/\/outletmeblowyrawa.pl\/wp-content\/uploads\/2025\/01\/cropped-1028548118_1_192x192_rev001.jpg","inLanguage":"en-US"},{"@type":"WebPage","@id":"https:\/\/outletmeblowyrawa.pl\/index.php\/meble-outlet-rawa-mazowiecka\/","url":"https:\/\/outletmeblowyrawa.pl\/index.php\/meble-outlet-rawa-mazowiecka\/","name":"Meble Outlet Rawa Mazowiecka - Ca\u0142y Asortyment","isPartOf":{"@id":"https:\/\/outletmeblowyrawa.pl\/#website"},"primaryImageOfPage":{"@id":"https:\/\/outletmeblowyrawa.pl\/index.php\/meble-outlet-rawa-mazowiecka\/#primaryimage"},"image":{"@id":"https:\/\/outletmeblowyrawa.pl\/index.php\/meble-outlet-rawa-mazowiecka\/#primaryimage"},"thumbnailUrl":"http:\/\/outletmeblowyrawa.pl\/wp-content\/uploads\/2025\/01\/cropped-1028548118_1_192x192_rev001.jpg","datePublished":"2025-01-28T14:25:19+00:00","dateModified":"2025-01-31T10:02:23+00:00","description":"Meble Outlet Rawa Mazowiecka - Ca\u0142y asortyment mebli nowoczesnych. Znajd\u017a designerskie komody, sto\u0142y, rega\u0142y i wiele innych.","breadcrumb":{"@id":"https:\/\/outletmeblowyrawa.pl\/index.php\/meble-outlet-rawa-mazowiecka\/#breadcrumb"},"inLanguage":"en-US","potentialAction":[{"@type":"ReadAction","target":["https:\/\/outletmeblowyrawa.pl\/index.php\/meble-outlet-rawa-mazowiecka\/"]}]},{"@type":"ImageObject","inLanguage":"en-US","@id":"https:\/\/outletmeblowyrawa.pl\/index.php\/meble-outlet-rawa-mazowiecka\/#primaryimage","url":"https:\/\/outletmeblowyrawa.pl\/wp-content\/uploads\/2025\/01\/cropped-1028548118_1_192x192_rev001.jpg","contentUrl":"https:\/\/outletmeblowyrawa.pl\/wp-content\/uploads\/2025\/01\/cropped-1028548118_1_192x192_rev001.jpg","width":512,"height":512},{"@type":"BreadcrumbList","@id":"https:\/\/outletmeblowyrawa.pl\/index.php\/meble-outlet-rawa-mazowiecka\/#breadcrumb","itemListElement":[{"@type":"ListItem","position":1,"name":"Strona g\u0142\u00f3wna","item":"https:\/\/outletmeblowyrawa.pl\/"},{"@type":"ListItem","position":2,"name":"Ca\u0142y Asortyment"}]},{"@type":"WebSite","@id":"https:\/\/outletmeblowyrawa.pl\/#website","url":"https:\/\/outletmeblowyrawa.pl\/","name":"Outlet Meblowy Rawa","description":"Z\u0141O\u017bONE MEBLE W ATRAKCYJNYCH CENACH","publisher":{"@id":"https:\/\/outletmeblowyrawa.pl\/#organization"},"alternateName":"Meble Rawa","potentialAction":[{"@type":"SearchAction","target":{"@type":"EntryPoint","urlTemplate":"https:\/\/outletmeblowyrawa.pl\/?s={search_term_string}"},"query-input":{"@type":"PropertyValueSpecification","valueRequired":true,"valueName":"search_term_string"}}],"inLanguage":"en-US"},{"@type":"Organization","@id":"https:\/\/outletmeblowyrawa.pl\/#organization","name":"Outlet Meblowy Rawa","url":"https:\/\/outletmeblowyrawa.pl\/","logo":{"@type":"ImageObject","inLanguage":"en-US","@id":"https:\/\/outletmeblowyrawa.pl\/#\/schema\/logo\/image\/","url":"https:\/\/outletmeblowyrawa.pl\/wp-content\/uploads\/2025\/01\/cropped-1028548118_1_192x192_rev001.jpg","contentUrl":"https:\/\/outletmeblowyrawa.pl\/wp-content\/uploads\/2025\/01\/cropped-1028548118_1_192x192_rev001.jpg","width":512,"height":512,"caption":"Outlet Meblowy Rawa"},"image":{"@id":"https:\/\/outletmeblowyrawa.pl\/#\/schema\/logo\/image\/"},"sameAs":["https:\/\/www.facebook.com\/groups\/outletmeblowyrawa"]},{"@type":"Person","@id":"https:\/\/outletmeblowyrawa.pl\/#\/schema\/person\/cbc720962c7f34ba5d2a9de7f36e5dea","name":"Outlet","image":{"@type":"ImageObject","inLanguage":"en-US","@id":"https:\/\/secure.gravatar.com\/avatar\/1087607af3b2b008331718068e0a6025da23e8a3839fe9318aa996493961f6e9?s=96&d=mm&r=g","url":"https:\/\/secure.gravatar.com\/avatar\/1087607af3b2b008331718068e0a6025da23e8a3839fe9318aa996493961f6e9?s=96&d=mm&r=g","contentUrl":"https:\/\/secure.gravatar.com\/avatar\/1087607af3b2b008331718068e0a6025da23e8a3839fe9318aa996493961f6e9?s=96&d=mm&r=g","caption":"Outlet"},"url":"https:\/\/outletmeblowyrawa.pl\/index.php\/author\/outlet\/"}]}},"_links":{"self":[{"href":"https:\/\/outletmeblowyrawa.pl\/index.php\/wp-json\/wp\/v2\/pages\/110","targetHints":{"allow":["GET"]}}],"collection":[{"href":"https:\/\/outletmeblowyrawa.pl\/index.php\/wp-json\/wp\/v2\/pages"}],"about":[{"href":"https:\/\/outletmeblowyrawa.pl\/index.php\/wp-json\/wp\/v2\/types\/page"}],"author":[{"embeddable":true,"href":"https:\/\/outletmeblowyrawa.pl\/index.php\/wp-json\/wp\/v2\/users\/2"}],"replies":[{"embeddable":true,"href":"https:\/\/outletmeblowyrawa.pl\/index.php\/wp-json\/wp\/v2\/comments?post=110"}],"version-history":[{"count":6,"href":"https:\/\/outletmeblowyrawa.pl\/index.php\/wp-json\/wp\/v2\/pages\/110\/revisions"}],"predecessor-version":[{"id":136,"href":"https:\/\/outletmeblowyrawa.pl\/index.php\/wp-json\/wp\/v2\/pages\/110\/revisions\/136"}],"wp:attachment":[{"href":"https:\/\/outletmeblowyrawa.pl\/index.php\/wp-json\/wp\/v2\/media?parent=110"}],"curies":[{"name":"wp","href":"https:\/\/api.w.org\/{rel}","templated":true}]}}