{"id":97,"date":"2025-01-27T15:36:41","date_gmt":"2025-01-27T15:36:41","guid":{"rendered":"https:\/\/outletmeblowyrawa.pl\/?page_id=97"},"modified":"2025-01-29T20:53:03","modified_gmt":"2025-01-29T20:53:03","slug":"szafy-regaly","status":"publish","type":"page","link":"https:\/\/outletmeblowyrawa.pl\/index.php\/szafy-regaly\/","title":{"rendered":"Szafy \/ Rega\u0142y"},"content":{"rendered":"\n<style id=\"bwg-style-0\">    #bwg_container1_0 #bwg_container2_0 .bwg-container-0.bwg-standard-thumbnails {      width: 3204px;              justify-content: center;        margin:0 auto !important;              background-color: rgba(255, 255, 255, 0.00);            padding-left: 4px;      padding-top: 4px;      max-width: 100%;            }        #bwg_container1_0 #bwg_container2_0 .bwg-container-0.bwg-standard-thumbnails .bwg-item {    justify-content: flex-start;      max-width: 640px;          }    #bwg_container1_0 #bwg_container2_0 .bwg-container-0.bwg-standard-thumbnails .bwg-item a {       margin-right: 4px;       margin-bottom: 4px;    }    #bwg_container1_0 #bwg_container2_0 .bwg-container-0.bwg-standard-thumbnails .bwg-item0 {      padding: 0px;            background-color:rgba(0,0,0, 0.30);      border: 0px none #CCCCCC;      opacity: 1.00;      border-radius: 0;      box-shadow: ;    }    #bwg_container1_0 #bwg_container2_0 .bwg-container-0.bwg-standard-thumbnails .bwg-item1 img {      max-height: none;      max-width: none;      padding: 0 !important;    }         @media only screen and (min-width: 480px) {\t\t#bwg_container1_0 #bwg_container2_0 .bwg-container-0.bwg-standard-thumbnails .bwg-item1 img {\t\t\t-webkit-transition: all .3s; transition: all .3s;\t\t}\t\t#bwg_container1_0 #bwg_container2_0 .bwg-container-0.bwg-standard-thumbnails .bwg-item1 img:hover {\t\t\t-ms-transform: scale(1.08);\t\t\t-webkit-transform: scale(1.08);\t\t\ttransform: scale(1.08);\t\t}\t\t      }\t    #bwg_container1_0 #bwg_container2_0 .bwg-container-0.bwg-standard-thumbnails .bwg-item1 {      padding-top: 100%;    }        #bwg_container1_0 #bwg_container2_0 .bwg-container-0.bwg-standard-thumbnails .bwg-title2,    #bwg_container1_0 #bwg_container2_0 .bwg-container-0.bwg-standard-thumbnails .bwg-ecommerce2 {      color: #323A45;      font-family: Ubuntu;      font-size: 16px;      font-weight: bold;      padding: 2px;      text-shadow: ;      max-height: 100%;    }    #bwg_container1_0 #bwg_container2_0 .bwg-container-0.bwg-standard-thumbnails .bwg-thumb-description span {    color: #323A45;    font-family: Ubuntu;    font-size: 12px;    max-height: 100%;    word-wrap: break-word;    }    #bwg_container1_0 #bwg_container2_0 .bwg-container-0.bwg-standard-thumbnails .bwg-play-icon2 {      font-size: 32px;    }    #bwg_container1_0 #bwg_container2_0 .bwg-container-0.bwg-standard-thumbnails .bwg-ecommerce2 {      font-size: 19.2px;      color: #323A45;    }    <\/style>    <div id=\"bwg_container1_0\"         class=\"bwg_container bwg_thumbnail bwg_thumbnails \"         data-right-click-protection=\"0\"         data-bwg=\"0\"         data-scroll=\"0\"         data-gallery-type=\"thumbnails\"         data-gallery-view-type=\"thumbnails\"         data-current-url=\"\/index.php\/wp-json\/wp\/v2\/pages\/97\"         data-lightbox-url=\"https:\/\/outletmeblowyrawa.pl\/wp-admin\/admin-ajax.php?action=GalleryBox&#038;current_view=0&#038;gallery_id=3&#038;tag=0&#038;theme_id=1&#038;shortcode_id=7&#038;sort_by=order&#038;order_by=asc&#038;current_url=%2Findex.php%2Fwp-json%2Fwp%2Fv2%2Fpages%2F97\"         data-gallery-id=\"3\"         data-popup-width=\"800\"         data-popup-height=\"500\"         data-is-album=\"gallery\"         data-buttons-position=\"bottom\">      <div id=\"bwg_container2_0\">             <div id=\"ajax_loading_0\" class=\"bwg_loading_div_1\">      <div class=\"bwg_loading_div_2\">        <div class=\"bwg_loading_div_3\">          <div id=\"loading_div_0\" class=\"bwg_spider_ajax_loading\">          <\/div>        <\/div>      <\/div>    <\/div>            <form id=\"gal_front_form_0\"              class=\"bwg-hidden\"              method=\"post\"              action=\"#\"              data-current=\"0\"              data-shortcode-id=\"7\"              data-gallery-type=\"thumbnails\"              data-gallery-id=\"3\"              data-tag=\"0\"              data-album-id=\"0\"              data-theme-id=\"1\"              data-ajax-url=\"https:\/\/outletmeblowyrawa.pl\/wp-admin\/admin-ajax.php?action=bwg_frontend_data\">          <div id=\"bwg_container3_0\" class=\"bwg-background bwg-background-0\">                <div data-max-count=\"5\"         data-thumbnail-width=\"640\"         data-bwg=\"0\"         data-gallery-id=\"3\"         data-lightbox-url=\"https:\/\/outletmeblowyrawa.pl\/wp-admin\/admin-ajax.php?action=GalleryBox&amp;current_view=0&amp;gallery_id=3&amp;tag=0&amp;theme_id=1&amp;shortcode_id=7&amp;sort_by=order&amp;order_by=asc&amp;current_url=%2Findex.php%2Fwp-json%2Fwp%2Fv2%2Fpages%2F97\"         id=\"bwg_thumbnails_0\"         class=\"bwg-container-0 bwg-thumbnails bwg-standard-thumbnails bwg-container bwg-border-box\">            <div class=\"bwg-item\">        <a class=\"bwg-a  bwg_lightbox\"  data-image-id=\"128\" href=\"https:\/\/outletmeblowyrawa.pl\/wp-content\/uploads\/photo-gallery\/277730f5-b2e9-4fae-ba1c-c114f8fe9095.jpg?bwg=1762597046\" data-elementor-open-lightbox=\"no\">                <div class=\"bwg-item0 \">          <div class=\"bwg-item1 \">            <div class=\"bwg-item2\">              <img decoding=\"async\" class=\"skip-lazy bwg_standart_thumb_img_0 \"                   data-id=\"128\"                   data-width=\"419.00\"                   data-height=\"800.00\"                   data-src=\"https:\/\/outletmeblowyrawa.pl\/wp-content\/uploads\/photo-gallery\/thumb\/277730f5-b2e9-4fae-ba1c-c114f8fe9095.jpg?bwg=1762597046\"                   src=\"https:\/\/outletmeblowyrawa.pl\/wp-content\/uploads\/photo-gallery\/thumb\/277730f5-b2e9-4fae-ba1c-c114f8fe9095.jpg?bwg=1762597046\"                   alt=\"\"                   title=\"\" \/>            <\/div>            <div class=\"\">                                                      <\/div>          <\/div>        <\/div>                        <\/a>        <div class=\"bwg-thumb-description bwg_thumb_description_0\"><span>CENA:600Z\u0141<br \/>WYMIARY:<br \/>G\u0142\u0119boko\u015b\u0107: 50 cm<br \/>Szeroko\u015b\u0107: 90 cm<br \/>Wysoko\u015b\u0107: 180 cm<br \/><\/span><\/div>      <\/div>            <div class=\"bwg-item\">        <a class=\"bwg-a  bwg_lightbox\"  data-image-id=\"129\" href=\"https:\/\/outletmeblowyrawa.pl\/wp-content\/uploads\/photo-gallery\/6453287a-7e50-4710-80f1-34418a598322.jpg?bwg=1762597046\" data-elementor-open-lightbox=\"no\">                <div class=\"bwg-item0 \">          <div class=\"bwg-item1 \">            <div class=\"bwg-item2\">              <img decoding=\"async\" class=\"skip-lazy bwg_standart_thumb_img_0 \"                   data-id=\"129\"                   data-width=\"351.00\"                   data-height=\"800.00\"                   data-src=\"https:\/\/outletmeblowyrawa.pl\/wp-content\/uploads\/photo-gallery\/thumb\/6453287a-7e50-4710-80f1-34418a598322.jpg?bwg=1762597046\"                   src=\"https:\/\/outletmeblowyrawa.pl\/wp-content\/uploads\/photo-gallery\/thumb\/6453287a-7e50-4710-80f1-34418a598322.jpg?bwg=1762597046\"                   alt=\"6453287a-7e50-4710-80f1-34418a598322\"                   title=\"6453287a-7e50-4710-80f1-34418a598322\" \/>            <\/div>            <div class=\"\">                                                      <\/div>          <\/div>        <\/div>                        <\/a>        <div class=\"bwg-thumb-description bwg_thumb_description_0\"><span>CENA:550Z\u0141<br \/>WYMIARY:<br \/>G\u0142\u0119boko\u015b\u0107: 50 cm<br \/>Szeroko\u015b\u0107: 90 cm<br \/>Wysoko\u015b\u0107: 180 cm<\/span><\/div>      <\/div>            <div class=\"bwg-item\">        <a class=\"bwg-a  bwg_lightbox\"  data-image-id=\"112\" href=\"https:\/\/outletmeblowyrawa.pl\/wp-content\/uploads\/photo-gallery\/ss90-dab-wotan.jpg?bwg=1750674548\" data-elementor-open-lightbox=\"no\">                <div class=\"bwg-item0 \">          <div class=\"bwg-item1 \">            <div class=\"bwg-item2\">              <img decoding=\"async\" class=\"skip-lazy bwg_standart_thumb_img_0 \"                   data-id=\"112\"                   data-width=\"600.00\"                   data-height=\"800.00\"                   data-src=\"https:\/\/outletmeblowyrawa.pl\/wp-content\/uploads\/photo-gallery\/thumb\/ss90-dab-wotan.jpg?bwg=1750674548\"                   src=\"https:\/\/outletmeblowyrawa.pl\/wp-content\/uploads\/photo-gallery\/thumb\/ss90-dab-wotan.jpg?bwg=1750674548\"                   alt=\"\"                   title=\"\" \/>            <\/div>            <div class=\"\">                                                      <\/div>          <\/div>        <\/div>                        <\/a>        <div class=\"bwg-thumb-description bwg_thumb_description_0\"><span>CENA: 550Z\u0141<br \/>WYMIARY:<br \/>G\u0142\u0119boko\u015b\u0107: 50 cm<br \/>Szeroko\u015b\u0107: 90 cm<br \/>Wysoko\u015b\u0107: 180 cm<\/span><\/div>      <\/div>            <div class=\"bwg-item\">        <a class=\"bwg-a  bwg_lightbox\"  data-image-id=\"109\" href=\"https:\/\/outletmeblowyrawa.pl\/wp-content\/uploads\/photo-gallery\/sd90-biel-1.jpg?bwg=1750674548\" data-elementor-open-lightbox=\"no\">                <div class=\"bwg-item0 \">          <div class=\"bwg-item1 \">            <div class=\"bwg-item2\">              <img decoding=\"async\" class=\"skip-lazy bwg_standart_thumb_img_0 \"                   data-id=\"109\"                   data-width=\"450.00\"                   data-height=\"800.00\"                   data-src=\"https:\/\/outletmeblowyrawa.pl\/wp-content\/uploads\/photo-gallery\/thumb\/sd90-biel-1.jpg?bwg=1750674548\"                   src=\"https:\/\/outletmeblowyrawa.pl\/wp-content\/uploads\/photo-gallery\/thumb\/sd90-biel-1.jpg?bwg=1750674548\"                   alt=\"\"                   title=\"\" \/>            <\/div>            <div class=\"\">                                                      <\/div>          <\/div>        <\/div>                        <\/a>        <div class=\"bwg-thumb-description bwg_thumb_description_0\"><span>CENA: 500Z\u0141<br \/>WYMIARY:<br \/>G\u0142\u0119boko\u015b\u0107: 50 cm<br \/>Szeroko\u015b\u0107: 90 cm<br \/>Wysoko\u015b\u0107: 180 cm<\/span><\/div>      <\/div>            <div class=\"bwg-item\">        <a class=\"bwg-a  bwg_lightbox\"  data-image-id=\"11\" href=\"https:\/\/outletmeblowyrawa.pl\/wp-content\/uploads\/photo-gallery\/ss-90-art-1.jpg?bwg=1737992561\" data-elementor-open-lightbox=\"no\">                <div class=\"bwg-item0 \">          <div class=\"bwg-item1 \">            <div class=\"bwg-item2\">              <img decoding=\"async\" class=\"skip-lazy bwg_standart_thumb_img_0 \"                   data-id=\"11\"                   data-width=\"600.00\"                   data-height=\"800.00\"                   data-src=\"https:\/\/outletmeblowyrawa.pl\/wp-content\/uploads\/photo-gallery\/thumb\/ss-90-art-1.jpg?bwg=1737992561\"                   src=\"https:\/\/outletmeblowyrawa.pl\/wp-content\/uploads\/photo-gallery\/thumb\/ss-90-art-1.jpg?bwg=1737992561\"                   alt=\"\"                   title=\"\" \/>            <\/div>            <div class=\"\">                                                      <\/div>          <\/div>        <\/div>                        <\/a>        <div class=\"bwg-thumb-description bwg_thumb_description_0\"><span>CENA: 550Z\u0141<br \/>WYMIARY:<br \/>G\u0142\u0119boko\u015b\u0107: 50 cm<br \/>Szeroko\u015b\u0107: 90 cm<br \/>Wysoko\u015b\u0107: 180 cm<\/span><\/div>      <\/div>            <div class=\"bwg-item\">        <a class=\"bwg-a  bwg_lightbox\"  data-image-id=\"130\" href=\"https:\/\/outletmeblowyrawa.pl\/wp-content\/uploads\/photo-gallery\/f8a0d48c-2413-43b9-b314-f1fca9d143b8.jpg?bwg=1762597046\" data-elementor-open-lightbox=\"no\">                <div class=\"bwg-item0 \">          <div class=\"bwg-item1 \">            <div class=\"bwg-item2\">              <img decoding=\"async\" class=\"skip-lazy bwg_standart_thumb_img_0 \"                   data-id=\"130\"                   data-width=\"451.00\"                   data-height=\"800.00\"                   data-src=\"https:\/\/outletmeblowyrawa.pl\/wp-content\/uploads\/photo-gallery\/thumb\/f8a0d48c-2413-43b9-b314-f1fca9d143b8.jpg?bwg=1762597046\"                   src=\"https:\/\/outletmeblowyrawa.pl\/wp-content\/uploads\/photo-gallery\/thumb\/f8a0d48c-2413-43b9-b314-f1fca9d143b8.jpg?bwg=1762597046\"                   alt=\"f8a0d48c-2413-43b9-b314-f1fca9d143b8\"                   title=\"f8a0d48c-2413-43b9-b314-f1fca9d143b8\" \/>            <\/div>            <div class=\"\">                                                      <\/div>          <\/div>        <\/div>                        <\/a>        <div class=\"bwg-thumb-description bwg_thumb_description_0\"><span>CENA:1350Z\u0141<br \/>WYMIARY:<br \/>G\u0142\u0119boko\u015b\u0107: 52 cm<br \/>Wysoko\u015b\u0107: 205 cm<br \/>Szeroko\u015b\u0107: 160 cm<br \/><\/span><\/div>      <\/div>            <div class=\"bwg-item\">        <a class=\"bwg-a  bwg_lightbox\"  data-image-id=\"110\" href=\"https:\/\/outletmeblowyrawa.pl\/wp-content\/uploads\/photo-gallery\/bilbao-4p.jpg?bwg=1750674548\" data-elementor-open-lightbox=\"no\">                <div class=\"bwg-item0 \">          <div class=\"bwg-item1 \">            <div class=\"bwg-item2\">              <img decoding=\"async\" class=\"skip-lazy bwg_standart_thumb_img_0 \"                   data-id=\"110\"                   data-width=\"800.00\"                   data-height=\"600.00\"                   data-src=\"https:\/\/outletmeblowyrawa.pl\/wp-content\/uploads\/photo-gallery\/thumb\/bilbao-4p.jpg?bwg=1750674548\"                   src=\"https:\/\/outletmeblowyrawa.pl\/wp-content\/uploads\/photo-gallery\/thumb\/bilbao-4p.jpg?bwg=1750674548\"                   alt=\"\"                   title=\"\" \/>            <\/div>            <div class=\"\">                                                      <\/div>          <\/div>        <\/div>                        <\/a>        <div class=\"bwg-thumb-description bwg_thumb_description_0\"><span>CENA:80Z\u0141<br \/>WYMIARY:<br \/>Szeroko\u015b\u0107: 100 cm<br \/>Wysoko\u015b\u0107: 60 cm<br \/>G\u0142\u0119boko\u015b\u0107: 16 cm<\/span><\/div>      <\/div>            <div class=\"bwg-item\">        <a class=\"bwg-a  bwg_lightbox\"  data-image-id=\"111\" href=\"https:\/\/outletmeblowyrawa.pl\/wp-content\/uploads\/photo-gallery\/malax-2x4.jpg?bwg=1750674548\" data-elementor-open-lightbox=\"no\">                <div class=\"bwg-item0 \">          <div class=\"bwg-item1 \">            <div class=\"bwg-item2\">              <img decoding=\"async\" class=\"skip-lazy bwg_standart_thumb_img_0 \"                   data-id=\"111\"                   data-width=\"600.00\"                   data-height=\"800.00\"                   data-src=\"https:\/\/outletmeblowyrawa.pl\/wp-content\/uploads\/photo-gallery\/thumb\/malax-2x4.jpg?bwg=1750674548\"                   src=\"https:\/\/outletmeblowyrawa.pl\/wp-content\/uploads\/photo-gallery\/thumb\/malax-2x4.jpg?bwg=1750674548\"                   alt=\"\"                   title=\"\" \/>            <\/div>            <div class=\"\">                                                      <\/div>          <\/div>        <\/div>                        <\/a>        <div class=\"bwg-thumb-description bwg_thumb_description_0\"><span>CENA:200Z\u0141<br \/>WYMIARY:<br \/>G\u0142\u0119boko\u015b\u0107: 30 cm<br \/>Szeroko\u015b\u0107: 147 cm<br \/>Wysoko\u015b\u0107: 75 cm<\/span><\/div>      <\/div>            <div class=\"bwg-item\">        <a class=\"bwg-a  bwg_lightbox\"  data-image-id=\"95\" href=\"https:\/\/outletmeblowyrawa.pl\/wp-content\/uploads\/photo-gallery\/4x4-art.jpg?bwg=1744969608\" data-elementor-open-lightbox=\"no\">                <div class=\"bwg-item0 \">          <div class=\"bwg-item1 \">            <div class=\"bwg-item2\">              <img decoding=\"async\" class=\"skip-lazy bwg_standart_thumb_img_0 \"                   data-id=\"95\"                   data-width=\"603.00\"                   data-height=\"800.00\"                   data-src=\"https:\/\/outletmeblowyrawa.pl\/wp-content\/uploads\/photo-gallery\/thumb\/4x4-art.jpg?bwg=1744969608\"                   src=\"https:\/\/outletmeblowyrawa.pl\/wp-content\/uploads\/photo-gallery\/thumb\/4x4-art.jpg?bwg=1744969608\"                   alt=\"\"                   title=\"\" \/>            <\/div>            <div class=\"\">                                                      <\/div>          <\/div>        <\/div>                        <\/a>        <div class=\"bwg-thumb-description bwg_thumb_description_0\"><span>CENA:300Z\u0141<br \/>WYMIARY:<br \/>Wysoko\u015b\u0107: 153 cm<br \/>Szeroko\u015b\u0107: 153 cm<br \/>G\u0142\u0119boko\u015b\u0107: 30 cm<br \/>OKIENKO: 36 cm x 36 cm<\/span><\/div>      <\/div>            <div class=\"bwg-item\">        <a class=\"bwg-a  bwg_lightbox\"  data-image-id=\"96\" href=\"https:\/\/outletmeblowyrawa.pl\/wp-content\/uploads\/photo-gallery\/2x2-son.jpg?bwg=1744969608\" data-elementor-open-lightbox=\"no\">                <div class=\"bwg-item0 \">          <div class=\"bwg-item1 \">            <div class=\"bwg-item2\">              <img decoding=\"async\" class=\"skip-lazy bwg_standart_thumb_img_0 \"                   data-id=\"96\"                   data-width=\"782.00\"                   data-height=\"800.00\"                   data-src=\"https:\/\/outletmeblowyrawa.pl\/wp-content\/uploads\/photo-gallery\/thumb\/2x2-son.jpg?bwg=1744969608\"                   src=\"https:\/\/outletmeblowyrawa.pl\/wp-content\/uploads\/photo-gallery\/thumb\/2x2-son.jpg?bwg=1744969608\"                   alt=\"\"                   title=\"\" \/>            <\/div>            <div class=\"\">                                                      <\/div>          <\/div>        <\/div>                        <\/a>        <div class=\"bwg-thumb-description bwg_thumb_description_0\"><span>CENA:100Z\u0141<br \/>WYMIARY:<br \/>G\u0142\u0119boko\u015b\u0107: 30 cm<br \/>Szeroko\u015b\u0107: 74 cm<br \/>Wysoko\u015b\u0107: 75 cm<br \/><\/span><\/div>      <\/div>            <div class=\"bwg-item\">        <a class=\"bwg-a  bwg_lightbox\"  data-image-id=\"97\" href=\"https:\/\/outletmeblowyrawa.pl\/wp-content\/uploads\/photo-gallery\/fiesta-4p-art.jpg?bwg=1744969608\" data-elementor-open-lightbox=\"no\">                <div class=\"bwg-item0 \">          <div class=\"bwg-item1 \">            <div class=\"bwg-item2\">              <img decoding=\"async\" class=\"skip-lazy bwg_standart_thumb_img_0 \"                   data-id=\"97\"                   data-width=\"555.00\"                   data-height=\"800.00\"                   data-src=\"https:\/\/outletmeblowyrawa.pl\/wp-content\/uploads\/photo-gallery\/thumb\/fiesta-4p-art.jpg?bwg=1744969608\"                   src=\"https:\/\/outletmeblowyrawa.pl\/wp-content\/uploads\/photo-gallery\/thumb\/fiesta-4p-art.jpg?bwg=1744969608\"                   alt=\"\"                   title=\"\" \/>            <\/div>            <div class=\"\">                                                      <\/div>          <\/div>        <\/div>                        <\/a>        <div class=\"bwg-thumb-description bwg_thumb_description_0\"><span>CENA:180<br \/>WYMIARY:<br \/>G\u0142\u0119boko\u015b\u0107: 30 cm<br \/>Szeroko\u015b\u0107: 59,5 cm<br \/>Wysoko\u015b\u0107: 140 cm<\/span><\/div>      <\/div>            <div class=\"bwg-item\">        <a class=\"bwg-a  bwg_lightbox\"  data-image-id=\"49\" href=\"https:\/\/outletmeblowyrawa.pl\/wp-content\/uploads\/photo-gallery\/d458f207-66ce-4000-be90-fe0befc8a2b5.jpg?bwg=1738155074\" data-elementor-open-lightbox=\"no\">                <div class=\"bwg-item0 \">          <div class=\"bwg-item1 \">            <div class=\"bwg-item2\">              <img decoding=\"async\" class=\"skip-lazy bwg_standart_thumb_img_0 \"                   data-id=\"49\"                   data-width=\"800.00\"                   data-height=\"703.00\"                   data-src=\"https:\/\/outletmeblowyrawa.pl\/wp-content\/uploads\/photo-gallery\/thumb\/d458f207-66ce-4000-be90-fe0befc8a2b5.jpg?bwg=1738155074\"                   src=\"https:\/\/outletmeblowyrawa.pl\/wp-content\/uploads\/photo-gallery\/thumb\/d458f207-66ce-4000-be90-fe0befc8a2b5.jpg?bwg=1738155074\"                   alt=\"\"                   title=\"\" \/>            <\/div>            <div class=\"\">                                                      <\/div>          <\/div>        <\/div>                        <\/a>        <div class=\"bwg-thumb-description bwg_thumb_description_0\"><span>CENA:200Z\u0141<br \/>WYMIARY:<br \/>Wysoko\u015b\u0107: 115 cm<br \/>Szeroko\u015b\u0107: 115 cm<br \/>G\u0142\u0119boko\u015b\u0107: 30 cm<br \/>OKIENKO: 36cm x 36cm<\/span><\/div>      <\/div>            <div class=\"bwg-item\">        <a class=\"bwg-a  bwg_lightbox\"  data-image-id=\"37\" href=\"https:\/\/outletmeblowyrawa.pl\/wp-content\/uploads\/photo-gallery\/regal-2x4-ant-art.jpg?bwg=1738152737\" data-elementor-open-lightbox=\"no\">                <div class=\"bwg-item0 \">          <div class=\"bwg-item1 \">            <div class=\"bwg-item2\">              <img decoding=\"async\" class=\"skip-lazy bwg_standart_thumb_img_0 \"                   data-id=\"37\"                   data-width=\"413.00\"                   data-height=\"800.00\"                   data-src=\"https:\/\/outletmeblowyrawa.pl\/wp-content\/uploads\/photo-gallery\/thumb\/regal-2x4-ant-art.jpg?bwg=1738152737\"                   src=\"https:\/\/outletmeblowyrawa.pl\/wp-content\/uploads\/photo-gallery\/thumb\/regal-2x4-ant-art.jpg?bwg=1738152737\"                   alt=\"\"                   title=\"\" \/>            <\/div>            <div class=\"\">                                                      <\/div>          <\/div>        <\/div>                        <\/a>        <div class=\"bwg-thumb-description bwg_thumb_description_0\"><span>CENA:200Z\u0141<br \/>WYMIARY:<br \/>G\u0142\u0119boko\u015b\u0107: 30 cm<br \/>Szeroko\u015b\u0107: 147 cm<br \/>Wysoko\u015b\u0107: 75 cm<\/span><\/div>      <\/div>            <div class=\"bwg-item\">        <a class=\"bwg-a  bwg_lightbox\"  data-image-id=\"13\" href=\"https:\/\/outletmeblowyrawa.pl\/wp-content\/uploads\/photo-gallery\/regal-2x4.jpg?bwg=1737992561\" data-elementor-open-lightbox=\"no\">                <div class=\"bwg-item0 \">          <div class=\"bwg-item1 \">            <div class=\"bwg-item2\">              <img decoding=\"async\" class=\"skip-lazy bwg_standart_thumb_img_0 \"                   data-id=\"13\"                   data-width=\"800.00\"                   data-height=\"600.00\"                   data-src=\"https:\/\/outletmeblowyrawa.pl\/wp-content\/uploads\/photo-gallery\/thumb\/regal-2x4.jpg?bwg=1737992561\"                   src=\"https:\/\/outletmeblowyrawa.pl\/wp-content\/uploads\/photo-gallery\/thumb\/regal-2x4.jpg?bwg=1737992561\"                   alt=\"\"                   title=\"\" \/>            <\/div>            <div class=\"\">                                                      <\/div>          <\/div>        <\/div>                        <\/a>        <div class=\"bwg-thumb-description bwg_thumb_description_0\"><span>CENA: 200Z\u0141<br \/>WYMIARY:<br \/>G\u0142\u0119boko\u015b\u0107: 30 cm<br \/>Szeroko\u015b\u0107: 147 cm<br \/>Wysoko\u015b\u0107: 75 cm<\/span><\/div>      <\/div>            <div class=\"bwg-item\">        <a class=\"bwg-a  bwg_lightbox\"  data-image-id=\"47\" href=\"https:\/\/outletmeblowyrawa.pl\/wp-content\/uploads\/photo-gallery\/rd80-ant-art.jpg?bwg=1738154142\" data-elementor-open-lightbox=\"no\">                <div class=\"bwg-item0 \">          <div class=\"bwg-item1 \">            <div class=\"bwg-item2\">              <img decoding=\"async\" class=\"skip-lazy bwg_standart_thumb_img_0 \"                   data-id=\"47\"                   data-width=\"413.00\"                   data-height=\"800.00\"                   data-src=\"https:\/\/outletmeblowyrawa.pl\/wp-content\/uploads\/photo-gallery\/thumb\/rd80-ant-art.jpg?bwg=1738154142\"                   src=\"https:\/\/outletmeblowyrawa.pl\/wp-content\/uploads\/photo-gallery\/thumb\/rd80-ant-art.jpg?bwg=1738154142\"                   alt=\"\"                   title=\"\" \/>            <\/div>            <div class=\"\">                                                      <\/div>          <\/div>        <\/div>                        <\/a>        <div class=\"bwg-thumb-description bwg_thumb_description_0\"><span>CENA:350Z\u0141<br \/>WYMIARY:<br \/>G\u0142\u0119boko\u015b\u0107: 30 cm<br \/>Szeroko\u015b\u0107: 80 cm<br \/>Wysoko\u015b\u0107: 182 cm<\/span><\/div>      <\/div>            <div class=\"bwg-item\">        <a class=\"bwg-a  bwg_lightbox\"  data-image-id=\"134\" href=\"https:\/\/outletmeblowyrawa.pl\/wp-content\/uploads\/photo-gallery\/82d76aab-2b7c-47b1-abf5-97aee7167c2e.jpg?bwg=1768491617\" data-elementor-open-lightbox=\"no\">                <div class=\"bwg-item0 \">          <div class=\"bwg-item1 \">            <div class=\"bwg-item2\">              <img decoding=\"async\" class=\"skip-lazy bwg_standart_thumb_img_0 \"                   data-id=\"134\"                   data-width=\"915.00\"                   data-height=\"1200.00\"                   data-src=\"https:\/\/outletmeblowyrawa.pl\/wp-content\/uploads\/photo-gallery\/thumb\/82d76aab-2b7c-47b1-abf5-97aee7167c2e.jpg?bwg=1768491617\"                   src=\"https:\/\/outletmeblowyrawa.pl\/wp-content\/uploads\/photo-gallery\/thumb\/82d76aab-2b7c-47b1-abf5-97aee7167c2e.jpg?bwg=1768491617\"                   alt=\"\"                   title=\"\" \/>            <\/div>            <div class=\"\">                                                      <\/div>          <\/div>        <\/div>                        <\/a>        <div class=\"bwg-thumb-description bwg_thumb_description_0\"><span>CENA:300Z\u0141<br \/>WYMIARY:<br \/>G\u0142\u0119boko\u015b\u0107: 35 cm<br \/>Wysoko\u015b\u0107: 180 cm<br \/>Szeroko\u015b\u0107 60 cm<br \/><\/span><\/div>      <\/div>            <div class=\"bwg-item\">        <a class=\"bwg-a  bwg_lightbox\"  data-image-id=\"48\" href=\"https:\/\/outletmeblowyrawa.pl\/wp-content\/uploads\/photo-gallery\/duo-son.jpg?bwg=1738154142\" data-elementor-open-lightbox=\"no\">                <div class=\"bwg-item0 \">          <div class=\"bwg-item1 \">            <div class=\"bwg-item2\">              <img decoding=\"async\" class=\"skip-lazy bwg_standart_thumb_img_0 \"                   data-id=\"48\"                   data-width=\"313.00\"                   data-height=\"800.00\"                   data-src=\"https:\/\/outletmeblowyrawa.pl\/wp-content\/uploads\/photo-gallery\/thumb\/duo-son.jpg?bwg=1738154142\"                   src=\"https:\/\/outletmeblowyrawa.pl\/wp-content\/uploads\/photo-gallery\/thumb\/duo-son.jpg?bwg=1738154142\"                   alt=\"\"                   title=\"\" \/>            <\/div>            <div class=\"\">                                                      <\/div>          <\/div>        <\/div>                        <\/a>        <div class=\"bwg-thumb-description bwg_thumb_description_0\"><span>CENA:280Z\u0141<br \/>WYMIARY:<br \/>G\u0142\u0119boko\u015b\u0107: 35 cm<br \/>Szeroko\u015b\u0107: 50 cm<br \/>Wysoko\u015b\u0107: 180 cm<\/span><\/div>      <\/div>            <div class=\"bwg-item\">        <a class=\"bwg-a  bwg_lightbox\"  data-image-id=\"127\" href=\"https:\/\/outletmeblowyrawa.pl\/wp-content\/uploads\/photo-gallery\/2d0cb4dc-e0d7-45f5-af31-f2986727bc63.jpg?bwg=1762596053\" data-elementor-open-lightbox=\"no\">                <div class=\"bwg-item0 \">          <div class=\"bwg-item1 \">            <div class=\"bwg-item2\">              <img decoding=\"async\" class=\"skip-lazy bwg_standart_thumb_img_0 \"                   data-id=\"127\"                   data-width=\"800.00\"                   data-height=\"559.00\"                   data-src=\"https:\/\/outletmeblowyrawa.pl\/wp-content\/uploads\/photo-gallery\/thumb\/2d0cb4dc-e0d7-45f5-af31-f2986727bc63.jpg?bwg=1762596053\"                   src=\"https:\/\/outletmeblowyrawa.pl\/wp-content\/uploads\/photo-gallery\/thumb\/2d0cb4dc-e0d7-45f5-af31-f2986727bc63.jpg?bwg=1762596053\"                   alt=\"\"                   title=\"\" \/>            <\/div>            <div class=\"\">                                                      <\/div>          <\/div>        <\/div>                        <\/a>        <div class=\"bwg-thumb-description bwg_thumb_description_0\"><span>CENA:120-200Z\u0141<br \/>WYMIARY:<br \/>G\u0142\u0119boko\u015b\u0107: 30 cm<br \/>Szeroko\u015b\u0107: 25, 40, 50, 60 oraz 80cm<br \/>Wysoko\u015b\u0107: 182 cm<br \/>Odleg\u0142o\u015b\u0107 mi\u0119dzy p\u00f3\u0142kami: 33 cm<br \/>D\u0105b sonoma, d\u0105b artisan, biel, czer\u0144<\/span><\/div>      <\/div>            <div class=\"bwg-item\">        <a class=\"bwg-a  bwg_lightbox\"  data-image-id=\"12\" href=\"https:\/\/outletmeblowyrawa.pl\/wp-content\/uploads\/photo-gallery\/r80-biel.jpg?bwg=1737992561\" data-elementor-open-lightbox=\"no\">                <div class=\"bwg-item0 \">          <div class=\"bwg-item1 \">            <div class=\"bwg-item2\">              <img decoding=\"async\" class=\"skip-lazy bwg_standart_thumb_img_0 \"                   data-id=\"12\"                   data-width=\"600.00\"                   data-height=\"800.00\"                   data-src=\"https:\/\/outletmeblowyrawa.pl\/wp-content\/uploads\/photo-gallery\/thumb\/r80-biel.jpg?bwg=1737992561\"                   src=\"https:\/\/outletmeblowyrawa.pl\/wp-content\/uploads\/photo-gallery\/thumb\/r80-biel.jpg?bwg=1737992561\"                   alt=\"\"                   title=\"\" \/>            <\/div>            <div class=\"\">                                                      <\/div>          <\/div>        <\/div>                        <\/a>        <div class=\"bwg-thumb-description bwg_thumb_description_0\"><span>CENA: 200Z\u0141<br \/>WYMIARY:<br \/>G\u0142\u0119boko\u015b\u0107: 30 cm<br \/>Szeroko\u015b\u0107: 80 cm<br \/>Wysoko\u015b\u0107: 182 cm<br \/>Odleg\u0142o\u015b\u0107 mi\u0119dzy p\u00f3\u0142kami: 33 cm<\/span><\/div>      <\/div>            <div class=\"bwg-item\">        <a class=\"bwg-a  bwg_lightbox\"  data-image-id=\"46\" href=\"https:\/\/outletmeblowyrawa.pl\/wp-content\/uploads\/photo-gallery\/r40-biel.jpg?bwg=1738153879\" data-elementor-open-lightbox=\"no\">                <div class=\"bwg-item0 \">          <div class=\"bwg-item1 \">            <div class=\"bwg-item2\">              <img decoding=\"async\" class=\"skip-lazy bwg_standart_thumb_img_0 \"                   data-id=\"46\"                   data-width=\"450.00\"                   data-height=\"800.00\"                   data-src=\"https:\/\/outletmeblowyrawa.pl\/wp-content\/uploads\/photo-gallery\/thumb\/r40-biel.jpg?bwg=1738153879\"                   src=\"https:\/\/outletmeblowyrawa.pl\/wp-content\/uploads\/photo-gallery\/thumb\/r40-biel.jpg?bwg=1738153879\"                   alt=\"\"                   title=\"\" \/>            <\/div>            <div class=\"\">                                                      <\/div>          <\/div>        <\/div>                        <\/a>        <div class=\"bwg-thumb-description bwg_thumb_description_0\"><span>CENA:140Z\u0141<br \/>WYMIARY:<br \/>G\u0142\u0119boko\u015b\u0107: 30 cm<br \/>Szeroko\u015b\u0107: 40 cm<br \/>Wysoko\u015b\u0107: 182 cm<br \/>Odleg\u0142o\u015b\u0107 mi\u0119dzy p\u00f3\u0142kami: 33 cm<\/span><\/div>      <\/div>            <div class=\"bwg-item\">        <a class=\"bwg-a  bwg_lightbox\"  data-image-id=\"15\" href=\"https:\/\/outletmeblowyrawa.pl\/wp-content\/uploads\/photo-gallery\/regal-czern.jpg?bwg=1737992561\" data-elementor-open-lightbox=\"no\">                <div class=\"bwg-item0 \">          <div class=\"bwg-item1 \">            <div class=\"bwg-item2\">              <img decoding=\"async\" class=\"skip-lazy bwg_standart_thumb_img_0 \"                   data-id=\"15\"                   data-width=\"600.00\"                   data-height=\"800.00\"                   data-src=\"https:\/\/outletmeblowyrawa.pl\/wp-content\/uploads\/photo-gallery\/thumb\/regal-czern.jpg?bwg=1737992561\"                   src=\"https:\/\/outletmeblowyrawa.pl\/wp-content\/uploads\/photo-gallery\/thumb\/regal-czern.jpg?bwg=1737992561\"                   alt=\"\"                   title=\"\" \/>            <\/div>            <div class=\"\">                                                      <\/div>          <\/div>        <\/div>                        <\/a>        <div class=\"bwg-thumb-description bwg_thumb_description_0\"><span>CENA: 160Z\u0141<br \/>WYMIARY:<br \/>G\u0142\u0119boko\u015b\u0107: 30 cm<br \/>Szeroko\u015b\u0107: 60 cm<br \/>Wysoko\u015b\u0107: 182 cm<br \/>Odleg\u0142o\u015b\u0107 mi\u0119dzy p\u00f3\u0142kami: 33 cm<\/span><\/div>      <\/div>            <div class=\"bwg-item\">        <a class=\"bwg-a  bwg_lightbox\"  data-image-id=\"14\" href=\"https:\/\/outletmeblowyrawa.pl\/wp-content\/uploads\/photo-gallery\/r50-art.jpg?bwg=1737992561\" data-elementor-open-lightbox=\"no\">                <div class=\"bwg-item0 \">          <div class=\"bwg-item1 \">            <div class=\"bwg-item2\">              <img decoding=\"async\" class=\"skip-lazy bwg_standart_thumb_img_0 \"                   data-id=\"14\"                   data-width=\"600.00\"                   data-height=\"800.00\"                   data-src=\"https:\/\/outletmeblowyrawa.pl\/wp-content\/uploads\/photo-gallery\/thumb\/r50-art.jpg?bwg=1737992561\"                   src=\"https:\/\/outletmeblowyrawa.pl\/wp-content\/uploads\/photo-gallery\/thumb\/r50-art.jpg?bwg=1737992561\"                   alt=\"\"                   title=\"\" \/>            <\/div>            <div class=\"\">                                                      <\/div>          <\/div>        <\/div>                        <\/a>        <div class=\"bwg-thumb-description bwg_thumb_description_0\"><span>CENA: 150Z\u0141<br \/>WYMIARY:<br \/>G\u0142\u0119boko\u015b\u0107: 30 cm<br \/>Szeroko\u015b\u0107: 50 cm<br \/>Wysoko\u015b\u0107: 182 cm<\/span><\/div>      <\/div>          <\/div>    <style>      \/*pagination styles*\/      #bwg_container1_0 #bwg_container2_0 .tablenav-pages_0 {\t\t\t\ttext-align: center;\t\t\t\tfont-size: 12px;\t\t\t\tfont-family: Ubuntu;\t\t\t\tfont-weight: bold;\t\t\t\tcolor: #666666;\t\t\t\tmargin: 6px 0 4px;\t\t\t\tdisplay: block;      }      @media only screen and (max-width : 320px) {      #bwg_container1_0 #bwg_container2_0 .displaying-num_0 {     \t display: none;      }      }      #bwg_container1_0 #bwg_container2_0 .displaying-num_0 {\t\t\t\tfont-size: 12px;\t\t\t\tfont-family: Ubuntu;\t\t\t\tfont-weight: bold;\t\t\t\tcolor: #666666;\t\t\t\tmargin-right: 10px;\t\t\t\tvertical-align: middle;      }      #bwg_container1_0 #bwg_container2_0 .paging-input_0 {\t\t\t\tfont-size: 12px;\t\t\t\tfont-family: Ubuntu;\t\t\t\tfont-weight: bold;\t\t\t\tcolor: #666666;\t\t\t\tvertical-align: middle;      }      #bwg_container1_0 #bwg_container2_0 .tablenav-pages_0 a.disabled,      #bwg_container1_0 #bwg_container2_0 .tablenav-pages_0 a.disabled:hover,      #bwg_container1_0 #bwg_container2_0 .tablenav-pages_0 a.disabled:focus,\t\t\t#bwg_container1_0 #bwg_container2_0 .tablenav-pages_0 input.bwg_current_page {\t\t\t\tcursor: default;\t\t\t\tcolor: rgba(102, 102, 102, 0.5);      }      #bwg_container1_0 #bwg_container2_0 .tablenav-pages_0 a,      #bwg_container1_0 #bwg_container2_0 .tablenav-pages_0 input.bwg_current_page {\t\t\t\tcursor: pointer;\t\t\t\ttext-align: center;\t\t\t\tfont-size: 12px;\t\t\t\tfont-family: Ubuntu;\t\t\t\tfont-weight: bold;\t\t\t\tcolor: #666666;\t\t\t\ttext-decoration: none;\t\t\t\tpadding: 3px 6px;\t\t\t\tmargin: 0;\t\t\t\tborder-radius: 0;\t\t\t\tborder-style: solid;\t\t\t\tborder-width: 1px;\t\t\t\tborder-color: #E3E3E3;\t\t\t\t\t\t\t\tbackground-color: rgba(255, 255, 255, 1.00);\t\t\t\tbox-shadow: 0;\t\t\t\ttransition: all 0.3s ease 0s;-webkit-transition: all 0.3s ease 0s;      }      <\/style>      <span class=\"bwg_nav_cont_0\">              <div class=\"tablenav-pages_0\">                  <\/div>                <input type=\"hidden\" id=\"page_number_0\" name=\"page_number_0\" value=\"1\" \/>      <script type=\"text\/javascript\">        if( jQuery('.bwg_nav_cont_0').length > 1 ) {          jQuery('.bwg_nav_cont_0').first().remove()        }        function spider_page_0(cur, x, y, load_more) {          if (typeof load_more == \"undefined\") {            var load_more = false;          }          if (jQuery(cur).hasClass('disabled')) {            return false;          }          var items_county_0 = 1;          switch (y) {            case 1:              if (x >= items_county_0) {                document.getElementById('page_number_0').value = items_county_0;              }              else {                document.getElementById('page_number_0').value = x + 1;              }              break;            case 2:              document.getElementById('page_number_0').value = items_county_0;              break;            case -1:              if (x == 1) {                document.getElementById('page_number_0').value = 1;              }              else {                document.getElementById('page_number_0').value = x - 1;              }              break;            case -2:              document.getElementById('page_number_0').value = 1;              break;\t\t\t\t\t\tcase 0:              document.getElementById('page_number_0').value = x;              break;            default:              document.getElementById('page_number_0').value = 1;          }          bwg_ajax('gal_front_form_0', '0', 'bwg_thumbnails_0', '0', '', 'gallery', 0, '', '', load_more, '', 1);        }                    jQuery('.first-page-0').on('click', function () {              spider_page_0(this, 1, -2, 'numeric');              return false;            });            jQuery('.prev-page-0').on('click', function () {              spider_page_0(this, 1, -1, 'numeric');              return false;            });            jQuery('.next-page-0').on('click', function () {              spider_page_0(this, 1, 1, 'numeric');              return false;            });            jQuery('.last-page-0').on('click', function () {              spider_page_0(this, 1, 2, 'numeric');              return false;            });        \t\t\t\t\/* Change page on input enter. *\/        function bwg_change_page_0( e, that ) {          if (  e.key == 'Enter' ) {            var to_page = parseInt(jQuery(that).val());            var pages_count = jQuery(that).parents(\".pagination-links\").data(\"pages-count\");            var current_url_param = jQuery(that).attr('data-url-info');            if (to_page > pages_count) {              to_page = 1;            }\t \t\t\t\t\t\t\t\t\t\t\t\tspider_page_0(this, to_page, 0, 'numeric');\t\t\t\t\t\t\treturn false;\t\t\t\t\t\t          }          return true;        }        jQuery('.bwg_load_btn_0').on('click', function () {            spider_page_0(this, 1, 1, true);            return false;        });      <\/script>      <\/span>                <\/div>        <\/form>        <style>          #bwg_container1_0 #bwg_container2_0 #spider_popup_overlay_0 {          background-color: #EEEEEE;          opacity: 0.60;          }          <\/style>        <div id=\"bwg_spider_popup_loading_0\" class=\"bwg_spider_popup_loading\"><\/div>        <div id=\"spider_popup_overlay_0\" class=\"spider_popup_overlay\" onclick=\"spider_destroypopup(1000)\"><\/div>        <input type=\"hidden\" id=\"bwg_random_seed_0\" value=\"1016435056\">                <\/div>    <\/div>    <script>      if (document.readyState === 'complete') {        if( typeof bwg_main_ready == 'function' ) {          if ( jQuery(\"#bwg_container1_0\").height() ) {            bwg_main_ready(jQuery(\"#bwg_container1_0\"));          }        }      } else {        document.addEventListener('DOMContentLoaded', function() {          if( typeof bwg_main_ready == 'function' ) {            if ( jQuery(\"#bwg_container1_0\").height() ) {             bwg_main_ready(jQuery(\"#bwg_container1_0\"));            }          }        });      }    <\/script>    \n","protected":false},"excerpt":{"rendered":"","protected":false},"author":2,"featured_media":0,"parent":0,"menu_order":0,"comment_status":"closed","ping_status":"closed","template":"","meta":{"footnotes":""},"class_list":["post-97","page","type-page","status-publish","hentry"],"yoast_head":"<!-- This site is optimized with the Yoast SEO plugin v27.4 - https:\/\/yoast.com\/product\/yoast-seo-wordpress\/ -->\n<title>Outlet Meblowy Rawa - Rega\u0142y, szafy, meble do przechowywania - Rawa Mazowiecka<\/title>\n<meta name=\"description\" content=\"Szukasz mebli idealnie dopasowanych do Twojego wn\u0119trza? Zaprojektujemy i wykonamy szafy, rega\u0142y i systemy przechowywania na wymiar. Szeroki wyb\u00f3r materia\u0142\u00f3w i kolor\u00f3w\" \/>\n<meta name=\"robots\" content=\"index, follow, max-snippet:-1, max-image-preview:large, max-video-preview:-1\" \/>\n<link rel=\"canonical\" href=\"https:\/\/outletmeblowyrawa.pl\/index.php\/szafy-regaly\/\" \/>\n<meta property=\"og:locale\" content=\"en_US\" \/>\n<meta property=\"og:type\" content=\"article\" \/>\n<meta property=\"og:title\" content=\"Outlet Meblowy Rawa - Rega\u0142y, szafy, meble do przechowywania - Rawa Mazowiecka\" \/>\n<meta property=\"og:description\" content=\"Szukasz mebli idealnie dopasowanych do Twojego wn\u0119trza? Zaprojektujemy i wykonamy szafy, rega\u0142y i systemy przechowywania na wymiar. Szeroki wyb\u00f3r materia\u0142\u00f3w i kolor\u00f3w\" \/>\n<meta property=\"og:url\" content=\"https:\/\/outletmeblowyrawa.pl\/index.php\/szafy-regaly\/\" \/>\n<meta property=\"og:site_name\" content=\"Outlet Meblowy Rawa\" \/>\n<meta property=\"article:publisher\" content=\"https:\/\/www.facebook.com\/groups\/outletmeblowyrawa\" \/>\n<meta property=\"article:modified_time\" content=\"2025-01-29T20:53:03+00:00\" \/>\n<meta property=\"og:image\" content=\"https:\/\/outletmeblowyrawa.pl\/wp-content\/uploads\/2025\/01\/347242761_973373987132544_1325373616471731021_n.png\" \/>\n\t<meta property=\"og:image:width\" content=\"1640\" \/>\n\t<meta property=\"og:image:height\" content=\"924\" \/>\n\t<meta property=\"og:image:type\" content=\"image\/png\" \/>\n<meta name=\"twitter:card\" content=\"summary_large_image\" \/>\n<meta name=\"twitter:label1\" content=\"Est. reading time\" \/>\n\t<meta name=\"twitter:data1\" content=\"1 minute\" \/>\n<script type=\"application\/ld+json\" class=\"yoast-schema-graph\">{\"@context\":\"https:\\\/\\\/schema.org\",\"@graph\":[{\"@type\":[\"Article\",\"BlogPosting\"],\"@id\":\"https:\\\/\\\/outletmeblowyrawa.pl\\\/index.php\\\/szafy-regaly\\\/#article\",\"isPartOf\":{\"@id\":\"https:\\\/\\\/outletmeblowyrawa.pl\\\/index.php\\\/szafy-regaly\\\/\"},\"author\":{\"name\":\"Outlet\",\"@id\":\"https:\\\/\\\/outletmeblowyrawa.pl\\\/#\\\/schema\\\/person\\\/cbc720962c7f34ba5d2a9de7f36e5dea\"},\"headline\":\"Szafy \\\/ Rega\u0142y\",\"datePublished\":\"2025-01-27T15:36:41+00:00\",\"dateModified\":\"2025-01-29T20:53:03+00:00\",\"mainEntityOfPage\":{\"@id\":\"https:\\\/\\\/outletmeblowyrawa.pl\\\/index.php\\\/szafy-regaly\\\/\"},\"wordCount\":12,\"publisher\":{\"@id\":\"https:\\\/\\\/outletmeblowyrawa.pl\\\/#organization\"},\"inLanguage\":\"en-US\"},{\"@type\":\"WebPage\",\"@id\":\"https:\\\/\\\/outletmeblowyrawa.pl\\\/index.php\\\/szafy-regaly\\\/\",\"url\":\"https:\\\/\\\/outletmeblowyrawa.pl\\\/index.php\\\/szafy-regaly\\\/\",\"name\":\"Outlet Meblowy Rawa - Rega\u0142y, szafy, meble do przechowywania - Rawa Mazowiecka\",\"isPartOf\":{\"@id\":\"https:\\\/\\\/outletmeblowyrawa.pl\\\/#website\"},\"datePublished\":\"2025-01-27T15:36:41+00:00\",\"dateModified\":\"2025-01-29T20:53:03+00:00\",\"description\":\"Szukasz mebli idealnie dopasowanych do Twojego wn\u0119trza? Zaprojektujemy i wykonamy szafy, rega\u0142y i systemy przechowywania na wymiar. Szeroki wyb\u00f3r materia\u0142\u00f3w i kolor\u00f3w\",\"breadcrumb\":{\"@id\":\"https:\\\/\\\/outletmeblowyrawa.pl\\\/index.php\\\/szafy-regaly\\\/#breadcrumb\"},\"inLanguage\":\"en-US\",\"potentialAction\":[{\"@type\":\"ReadAction\",\"target\":[\"https:\\\/\\\/outletmeblowyrawa.pl\\\/index.php\\\/szafy-regaly\\\/\"]}]},{\"@type\":\"BreadcrumbList\",\"@id\":\"https:\\\/\\\/outletmeblowyrawa.pl\\\/index.php\\\/szafy-regaly\\\/#breadcrumb\",\"itemListElement\":[{\"@type\":\"ListItem\",\"position\":1,\"name\":\"Strona g\u0142\u00f3wna\",\"item\":\"https:\\\/\\\/outletmeblowyrawa.pl\\\/\"},{\"@type\":\"ListItem\",\"position\":2,\"name\":\"Szafy \\\/ Rega\u0142y\"}]},{\"@type\":\"WebSite\",\"@id\":\"https:\\\/\\\/outletmeblowyrawa.pl\\\/#website\",\"url\":\"https:\\\/\\\/outletmeblowyrawa.pl\\\/\",\"name\":\"Outlet Meblowy Rawa\",\"description\":\"Z\u0141O\u017bONE MEBLE W ATRAKCYJNYCH CENACH\",\"publisher\":{\"@id\":\"https:\\\/\\\/outletmeblowyrawa.pl\\\/#organization\"},\"alternateName\":\"Meble Rawa\",\"potentialAction\":[{\"@type\":\"SearchAction\",\"target\":{\"@type\":\"EntryPoint\",\"urlTemplate\":\"https:\\\/\\\/outletmeblowyrawa.pl\\\/?s={search_term_string}\"},\"query-input\":{\"@type\":\"PropertyValueSpecification\",\"valueRequired\":true,\"valueName\":\"search_term_string\"}}],\"inLanguage\":\"en-US\"},{\"@type\":\"Organization\",\"@id\":\"https:\\\/\\\/outletmeblowyrawa.pl\\\/#organization\",\"name\":\"Outlet Meblowy Rawa\",\"url\":\"https:\\\/\\\/outletmeblowyrawa.pl\\\/\",\"logo\":{\"@type\":\"ImageObject\",\"inLanguage\":\"en-US\",\"@id\":\"https:\\\/\\\/outletmeblowyrawa.pl\\\/#\\\/schema\\\/logo\\\/image\\\/\",\"url\":\"https:\\\/\\\/outletmeblowyrawa.pl\\\/wp-content\\\/uploads\\\/2025\\\/01\\\/cropped-1028548118_1_192x192_rev001.jpg\",\"contentUrl\":\"https:\\\/\\\/outletmeblowyrawa.pl\\\/wp-content\\\/uploads\\\/2025\\\/01\\\/cropped-1028548118_1_192x192_rev001.jpg\",\"width\":512,\"height\":512,\"caption\":\"Outlet Meblowy Rawa\"},\"image\":{\"@id\":\"https:\\\/\\\/outletmeblowyrawa.pl\\\/#\\\/schema\\\/logo\\\/image\\\/\"},\"sameAs\":[\"https:\\\/\\\/www.facebook.com\\\/groups\\\/outletmeblowyrawa\"]},{\"@type\":\"Person\",\"@id\":\"https:\\\/\\\/outletmeblowyrawa.pl\\\/#\\\/schema\\\/person\\\/cbc720962c7f34ba5d2a9de7f36e5dea\",\"name\":\"Outlet\",\"image\":{\"@type\":\"ImageObject\",\"inLanguage\":\"en-US\",\"@id\":\"https:\\\/\\\/secure.gravatar.com\\\/avatar\\\/1087607af3b2b008331718068e0a6025da23e8a3839fe9318aa996493961f6e9?s=96&d=mm&r=g\",\"url\":\"https:\\\/\\\/secure.gravatar.com\\\/avatar\\\/1087607af3b2b008331718068e0a6025da23e8a3839fe9318aa996493961f6e9?s=96&d=mm&r=g\",\"contentUrl\":\"https:\\\/\\\/secure.gravatar.com\\\/avatar\\\/1087607af3b2b008331718068e0a6025da23e8a3839fe9318aa996493961f6e9?s=96&d=mm&r=g\",\"caption\":\"Outlet\"},\"url\":\"https:\\\/\\\/outletmeblowyrawa.pl\\\/index.php\\\/author\\\/outlet\\\/\"}]}<\/script>\n<!-- \/ Yoast SEO plugin. -->","yoast_head_json":{"title":"Outlet Meblowy Rawa - Rega\u0142y, szafy, meble do przechowywania - Rawa Mazowiecka","description":"Szukasz mebli idealnie dopasowanych do Twojego wn\u0119trza? Zaprojektujemy i wykonamy szafy, rega\u0142y i systemy przechowywania na wymiar. Szeroki wyb\u00f3r materia\u0142\u00f3w i kolor\u00f3w","robots":{"index":"index","follow":"follow","max-snippet":"max-snippet:-1","max-image-preview":"max-image-preview:large","max-video-preview":"max-video-preview:-1"},"canonical":"https:\/\/outletmeblowyrawa.pl\/index.php\/szafy-regaly\/","og_locale":"en_US","og_type":"article","og_title":"Outlet Meblowy Rawa - Rega\u0142y, szafy, meble do przechowywania - Rawa Mazowiecka","og_description":"Szukasz mebli idealnie dopasowanych do Twojego wn\u0119trza? Zaprojektujemy i wykonamy szafy, rega\u0142y i systemy przechowywania na wymiar. Szeroki wyb\u00f3r materia\u0142\u00f3w i kolor\u00f3w","og_url":"https:\/\/outletmeblowyrawa.pl\/index.php\/szafy-regaly\/","og_site_name":"Outlet Meblowy Rawa","article_publisher":"https:\/\/www.facebook.com\/groups\/outletmeblowyrawa","article_modified_time":"2025-01-29T20:53:03+00:00","og_image":[{"width":1640,"height":924,"url":"https:\/\/outletmeblowyrawa.pl\/wp-content\/uploads\/2025\/01\/347242761_973373987132544_1325373616471731021_n.png","type":"image\/png"}],"twitter_card":"summary_large_image","twitter_misc":{"Est. reading time":"1 minute"},"schema":{"@context":"https:\/\/schema.org","@graph":[{"@type":["Article","BlogPosting"],"@id":"https:\/\/outletmeblowyrawa.pl\/index.php\/szafy-regaly\/#article","isPartOf":{"@id":"https:\/\/outletmeblowyrawa.pl\/index.php\/szafy-regaly\/"},"author":{"name":"Outlet","@id":"https:\/\/outletmeblowyrawa.pl\/#\/schema\/person\/cbc720962c7f34ba5d2a9de7f36e5dea"},"headline":"Szafy \/ Rega\u0142y","datePublished":"2025-01-27T15:36:41+00:00","dateModified":"2025-01-29T20:53:03+00:00","mainEntityOfPage":{"@id":"https:\/\/outletmeblowyrawa.pl\/index.php\/szafy-regaly\/"},"wordCount":12,"publisher":{"@id":"https:\/\/outletmeblowyrawa.pl\/#organization"},"inLanguage":"en-US"},{"@type":"WebPage","@id":"https:\/\/outletmeblowyrawa.pl\/index.php\/szafy-regaly\/","url":"https:\/\/outletmeblowyrawa.pl\/index.php\/szafy-regaly\/","name":"Outlet Meblowy Rawa - Rega\u0142y, szafy, meble do przechowywania - Rawa Mazowiecka","isPartOf":{"@id":"https:\/\/outletmeblowyrawa.pl\/#website"},"datePublished":"2025-01-27T15:36:41+00:00","dateModified":"2025-01-29T20:53:03+00:00","description":"Szukasz mebli idealnie dopasowanych do Twojego wn\u0119trza? Zaprojektujemy i wykonamy szafy, rega\u0142y i systemy przechowywania na wymiar. Szeroki wyb\u00f3r materia\u0142\u00f3w i kolor\u00f3w","breadcrumb":{"@id":"https:\/\/outletmeblowyrawa.pl\/index.php\/szafy-regaly\/#breadcrumb"},"inLanguage":"en-US","potentialAction":[{"@type":"ReadAction","target":["https:\/\/outletmeblowyrawa.pl\/index.php\/szafy-regaly\/"]}]},{"@type":"BreadcrumbList","@id":"https:\/\/outletmeblowyrawa.pl\/index.php\/szafy-regaly\/#breadcrumb","itemListElement":[{"@type":"ListItem","position":1,"name":"Strona g\u0142\u00f3wna","item":"https:\/\/outletmeblowyrawa.pl\/"},{"@type":"ListItem","position":2,"name":"Szafy \/ Rega\u0142y"}]},{"@type":"WebSite","@id":"https:\/\/outletmeblowyrawa.pl\/#website","url":"https:\/\/outletmeblowyrawa.pl\/","name":"Outlet Meblowy Rawa","description":"Z\u0141O\u017bONE MEBLE W ATRAKCYJNYCH CENACH","publisher":{"@id":"https:\/\/outletmeblowyrawa.pl\/#organization"},"alternateName":"Meble Rawa","potentialAction":[{"@type":"SearchAction","target":{"@type":"EntryPoint","urlTemplate":"https:\/\/outletmeblowyrawa.pl\/?s={search_term_string}"},"query-input":{"@type":"PropertyValueSpecification","valueRequired":true,"valueName":"search_term_string"}}],"inLanguage":"en-US"},{"@type":"Organization","@id":"https:\/\/outletmeblowyrawa.pl\/#organization","name":"Outlet Meblowy Rawa","url":"https:\/\/outletmeblowyrawa.pl\/","logo":{"@type":"ImageObject","inLanguage":"en-US","@id":"https:\/\/outletmeblowyrawa.pl\/#\/schema\/logo\/image\/","url":"https:\/\/outletmeblowyrawa.pl\/wp-content\/uploads\/2025\/01\/cropped-1028548118_1_192x192_rev001.jpg","contentUrl":"https:\/\/outletmeblowyrawa.pl\/wp-content\/uploads\/2025\/01\/cropped-1028548118_1_192x192_rev001.jpg","width":512,"height":512,"caption":"Outlet Meblowy Rawa"},"image":{"@id":"https:\/\/outletmeblowyrawa.pl\/#\/schema\/logo\/image\/"},"sameAs":["https:\/\/www.facebook.com\/groups\/outletmeblowyrawa"]},{"@type":"Person","@id":"https:\/\/outletmeblowyrawa.pl\/#\/schema\/person\/cbc720962c7f34ba5d2a9de7f36e5dea","name":"Outlet","image":{"@type":"ImageObject","inLanguage":"en-US","@id":"https:\/\/secure.gravatar.com\/avatar\/1087607af3b2b008331718068e0a6025da23e8a3839fe9318aa996493961f6e9?s=96&d=mm&r=g","url":"https:\/\/secure.gravatar.com\/avatar\/1087607af3b2b008331718068e0a6025da23e8a3839fe9318aa996493961f6e9?s=96&d=mm&r=g","contentUrl":"https:\/\/secure.gravatar.com\/avatar\/1087607af3b2b008331718068e0a6025da23e8a3839fe9318aa996493961f6e9?s=96&d=mm&r=g","caption":"Outlet"},"url":"https:\/\/outletmeblowyrawa.pl\/index.php\/author\/outlet\/"}]}},"_links":{"self":[{"href":"https:\/\/outletmeblowyrawa.pl\/index.php\/wp-json\/wp\/v2\/pages\/97","targetHints":{"allow":["GET"]}}],"collection":[{"href":"https:\/\/outletmeblowyrawa.pl\/index.php\/wp-json\/wp\/v2\/pages"}],"about":[{"href":"https:\/\/outletmeblowyrawa.pl\/index.php\/wp-json\/wp\/v2\/types\/page"}],"author":[{"embeddable":true,"href":"https:\/\/outletmeblowyrawa.pl\/index.php\/wp-json\/wp\/v2\/users\/2"}],"replies":[{"embeddable":true,"href":"https:\/\/outletmeblowyrawa.pl\/index.php\/wp-json\/wp\/v2\/comments?post=97"}],"version-history":[{"count":2,"href":"https:\/\/outletmeblowyrawa.pl\/index.php\/wp-json\/wp\/v2\/pages\/97\/revisions"}],"predecessor-version":[{"id":103,"href":"https:\/\/outletmeblowyrawa.pl\/index.php\/wp-json\/wp\/v2\/pages\/97\/revisions\/103"}],"wp:attachment":[{"href":"https:\/\/outletmeblowyrawa.pl\/index.php\/wp-json\/wp\/v2\/media?parent=97"}],"curies":[{"name":"wp","href":"https:\/\/api.w.org\/{rel}","templated":true}]}}